{"id":773,"date":"2019-10-14T14:04:37","date_gmt":"2019-10-14T14:04:37","guid":{"rendered":"https:\/\/www.moblesgallent.com\/?page_id=773"},"modified":"2020-06-22T13:41:19","modified_gmt":"2020-06-22T13:41:19","slug":"qui-som","status":"publish","type":"page","link":"https:\/\/www.moblesgallent.com\/ca\/qui-som\/","title":{"rendered":"Qui som"},"content":{"rendered":"<p>[et_pb_section fb_built=\u00bb1&#8243; specialty=\u00bbon\u00bb admin_label=\u00bbSecci\u00f3n\u00bb _builder_version=\u00bb3.22&#8243;][et_pb_column type=\u00bb1_2&#8243; _builder_version=\u00bb3.25&#8243; custom_padding=\u00bb|||\u00bb parallax__hover=\u00bboff\u00bb parallax_method__hover=\u00bbon\u00bb custom_padding__hover=\u00bb|||\u00bb][et_pb_text admin_label=\u00bbTexto\u00bb _builder_version=\u00bb3.29.3&#8243; background_size=\u00bbinitial\u00bb background_position=\u00bbtop_left\u00bb background_repeat=\u00bbrepeat\u00bb use_border_color=\u00bboff\u00bb border_color=\u00bb#ffffff\u00bb border_style=\u00bbsolid\u00bb]<\/p>\n<h2 style=\"text-align: center;\">Mobles Gallent a Tarragona<\/h2>\n<h3 style=\"text-align: center; font-size: 20px;\">Cuines &#8211; Banys &#8211; Salons &#8211; Armaris<\/h3>\n<h2 style=\"text-align: center;\"><\/h2>\n<p>[\/et_pb_text][et_pb_text admin_label=\u00bbTexto\u00bb _builder_version=\u00bb3.29.3&#8243; text_font_size=\u00bb16px\u00bb background_size=\u00bbinitial\u00bb background_position=\u00bbtop_left\u00bb background_repeat=\u00bbrepeat\u00bb use_border_color=\u00bboff\u00bb border_color=\u00bb#ffffff\u00bb border_style=\u00bbsolid\u00bb]<\/p>\n<p style=\"text-align: justify;\"><strong>Mobles Gallent<\/strong> neix amb el prop\u00f2sit de donar a con\u00e8ixer un m\u00f3n de cuines, banys, salons, menjadors i armaris diferents. <strong>Som especialistes en tot tipus de reformes i disseny d&#8217;interiors.<\/strong> Podem oferir el millor preu i treballem amb els millors professionals, aconseguint aix\u00ed un producte de la m\u00e0xima qualitat. Aix\u00ed d&#8217;aquesta manera <strong>tenim un control directe sobre els nostres centres de producci\u00f3, el que ens permet garantir terminis, lliuraments i qualitats.<\/strong><\/p>\n<p style=\"text-align: justify;\"><strong>Mesurem, projectem i pressupostem la teva cuina i bany totalment gratis perqu\u00e8 ens preocupem pel servei cap als nostres clients.<\/strong> Ens desplacem al seu domicili, a fi de realitzar el mesurament i el projecte,<strong> sense comprom\u00eds ni cap cost<\/strong> i garantim un <strong>tracte directe<\/strong> amb els nostres clients.<\/p>\n<p style=\"text-align: justify;\"><strong>Els nostres productes<\/strong> estan fabricats seguint els m\u00e9s estrictes par\u00e0metres de qualitat. Nom\u00e9s utilitzem <strong>els millors materials i mecanismes<\/strong> en les nostres produccions. Qualitat i Disseny a <strong>preus assequibles<\/strong>, aquest \u00e9s el nostre objectiu.<\/p>\n<p style=\"text-align: justify;\">Des del seu naixement, Mobles Gallent, ha anat desenvolupant-se de manera ininterrompuda. Especialitzant-se en la <strong>venda i instal\u00b7laci\u00f3 de cuines i banys de disseny de primeres marques.<\/strong> Aportant a m\u00e9s un servei integral en la gamma d&#8217;electrodom\u00e8stics, aix\u00ed com en tot tipus d&#8217;accessoris i complements per a la seva cuina en el qual s&#8217;inclou la seva posada en marxa.<\/p>\n<p style=\"text-align: justify;\"><strong>S&#8217;ofereixen dissenys personalitzats i adaptats a cada espai,<\/strong> supervisant totes les fases del projecte de la seva cuina i bany. <strong>Mobles Gallent es distingeix per oferir productes de qualitat<\/strong> als seus clients, atenent no nom\u00e9s al <strong>disseny<\/strong>, sin\u00f3 a la <strong>funcionalitat<\/strong> que necessita perqu\u00e8 pugui gaudir del seu equipament cada dia.<\/p>\n<p style=\"text-align: justify;\">Centrats en satisfer les necessitats de cada client, aportem sempre<strong> solucions a mida i personalitzades.<\/strong><\/p>\n<p>[\/et_pb_text][et_pb_image src=\u00bbhttps:\/\/www.moblesgallent.com\/wp-content\/uploads\/2016\/02\/divertiendose1.png\u00bb alt=\u00bbMobles Gallent\u00bb title_text=\u00bbMobles Gallent\u00bb align_tablet=\u00bbcenter\u00bb align_phone=\u00bb\u00bb align_last_edited=\u00bbon|desktop\u00bb admin_label=\u00bbImagen\u00bb _builder_version=\u00bb3.23&#8243; animation_style=\u00bbslide\u00bb animation_direction=\u00bbleft\u00bb animation_duration=\u00bb500ms\u00bb animation_intensity_slide=\u00bb10%\u00bb use_border_color=\u00bboff\u00bb border_color=\u00bb#ffffff\u00bb border_style=\u00bbsolid\u00bb animation=\u00bbleft\u00bb sticky=\u00bboff\u00bb] [\/et_pb_image][\/et_pb_column][et_pb_column type=\u00bb1_2&#8243; specialty_columns=\u00bb2&#8243; _builder_version=\u00bb3.25&#8243; custom_padding=\u00bb|||\u00bb parallax__hover=\u00bboff\u00bb parallax_method__hover=\u00bbon\u00bb custom_padding__hover=\u00bb|||\u00bb][et_pb_row_inner admin_label=\u00bbFila\u00bb _builder_version=\u00bb3.25&#8243;][et_pb_column_inner saved_specialty_column_type=\u00bb1_2&#8243; _builder_version=\u00bb3.25&#8243; custom_padding=\u00bb|||\u00bb parallax__hover=\u00bboff\u00bb parallax_method__hover=\u00bbon\u00bb custom_padding__hover=\u00bb|||\u00bb][et_pb_image src=\u00bbhttps:\/\/www.moblesgallent.com\/wp-content\/uploads\/2016\/02\/collage.png\u00bb alt=\u00bbMobles Gallent | Cocinas | Ba\u00f1os | Armarios | salones en Tarragona\u00bb title_text=\u00bbCocinas, Ba\u00f1os, Salones en Mobles Gallent Tarragona\u00bb align_tablet=\u00bbcenter\u00bb align_phone=\u00bb\u00bb align_last_edited=\u00bbon|desktop\u00bb admin_label=\u00bbImagen\u00bb _builder_version=\u00bb3.23&#8243; animation_style=\u00bbslide\u00bb animation_direction=\u00bbleft\u00bb animation_duration=\u00bb500ms\u00bb animation_intensity_slide=\u00bb10%\u00bb use_border_color=\u00bboff\u00bb border_color=\u00bb#ffffff\u00bb border_style=\u00bbsolid\u00bb animation=\u00bbleft\u00bb sticky=\u00bboff\u00bb]&nbsp;<br \/>\n[\/et_pb_image][et_pb_divider show_divider=\u00bboff\u00bb disabled_on=\u00bbon|on|off\u00bb admin_label=\u00bbSeparador\u00bb _builder_version=\u00bb3.23.4&#8243; height=\u00bb10px\u00bb hide_on_mobile=\u00bbon\u00bb] [\/et_pb_divider][et_pb_text admin_label=\u00bbTexto\u00bb _builder_version=\u00bb3.29.3&#8243; background_size=\u00bbinitial\u00bb background_position=\u00bbtop_left\u00bb background_repeat=\u00bbrepeat\u00bb use_border_color=\u00bboff\u00bb border_color=\u00bb#ffffff\u00bb border_style=\u00bbsolid\u00bb]<\/p>\n<blockquote>\n<p><strong>A Mobles Gallent<\/strong> tractem de mantenir un <strong>contacte hum\u00e0 i professional amb el client<\/strong>, la qual cosa ens permet diferenciar-nos clarament pel nostre servei i el bon fer.<\/p>\n<\/blockquote>\n<p>[\/et_pb_text][et_pb_text admin_label=\u00bbTexto\u00bb _builder_version=\u00bb3.29.3&#8243; background_size=\u00bbinitial\u00bb background_position=\u00bbtop_left\u00bb background_repeat=\u00bbrepeat\u00bb use_border_color=\u00bboff\u00bb border_color=\u00bb#ffffff\u00bb border_style=\u00bbsolid\u00bb]<\/p>\n<blockquote>\n<p><strong>Adaptem nuetras cuines, banys, armaris i salons als nous temps<\/strong>, innovant amb dissenys d&#8217;actualitat i la m\u00e9s \u00e0mplia gamma de solucions adaptades a cada estil de vida.<\/p>\n<\/blockquote>\n<p>[\/et_pb_text][et_pb_text admin_label=\u00bbTexto\u00bb _builder_version=\u00bb3.29.3&#8243; background_size=\u00bbinitial\u00bb background_position=\u00bbtop_left\u00bb background_repeat=\u00bbrepeat\u00bb use_border_color=\u00bboff\u00bb border_color=\u00bb#ffffff\u00bb border_style=\u00bbsolid\u00bb]<\/p>\n<blockquote>\n<p><em>Oferir el millor producte \u00e9s el nostre principal objectiu i despr\u00e9s d&#8217;<strong>anys d&#8217;experi\u00e8ncia en el sector<\/strong> dels mobles de cuina, banys, salons i armaris seguim apostant pels <strong>dissenys innovadors, suggerents i atrevits, adaptant les noves tend\u00e8ncies del mercat.<\/strong><br \/> <\/em><\/p>\n<\/blockquote>\n<p>[\/et_pb_text][\/et_pb_column_inner][\/et_pb_row_inner][\/et_pb_column][\/et_pb_section][et_pb_section fb_built=\u00bb1&#8243; custom_padding_last_edited=\u00bbon|desktop\u00bb admin_label=\u00bbsection\u00bb _builder_version=\u00bb3.22.3&#8243; background_color=\u00bb#dddddd\u00bb custom_padding=\u00bb17px|0px|0|0px|false|false\u00bb custom_padding_tablet=\u00bb50px|0|50px|0&#8243; custom_padding_phone=\u00bb\u00bb transparent_background=\u00bboff\u00bb global_module=\u00bb828&#8243;][et_pb_row column_structure=\u00bb1_3,1_3,1_3&#8243; admin_label=\u00bbrow\u00bb _builder_version=\u00bb4.0.1&#8243; background_size=\u00bbinitial\u00bb background_position=\u00bbtop_left\u00bb background_repeat=\u00bbrepeat\u00bb][et_pb_column type=\u00bb1_3&#8243; _builder_version=\u00bb4.0.1&#8243; custom_padding=\u00bb|||\u00bb custom_padding__hover=\u00bb|||\u00bb][et_pb_blurb use_icon=\u00bbon\u00bb font_icon=\u00bb%%123%%\u00bb icon_color=\u00bb#0f3d70&#8243; icon_placement=\u00bbleft\u00bb admin_label=\u00bbAnuncio\u00bb _builder_version=\u00bb4.0.1&#8243; background_size=\u00bbinitial\u00bb background_position=\u00bbtop_left\u00bb background_repeat=\u00bbrepeat\u00bb use_border_color=\u00bboff\u00bb border_color=\u00bb#ffffff\u00bb border_style=\u00bbsolid\u00bb]<\/p>\n<h4 style=\"text-align: justify;\"><strong>Mobles Gallent Tarragona<\/strong><\/h4>\n<p>&nbsp;<\/p>\n<p>Ctra Santes Creus km 1 nave L-C4<br \/> 43764\u00a0 &#8211; Tarragona<br \/> Tel. <span style=\"color: #000000;\"><strong><a style=\"color: #000000;\" href=\"https:\/\/www.moblesgallent.com\/977%20524%20343\"><span id=\"et-info-phone\">653 476 038<\/span><\/a><\/strong><\/span><\/p>\n<p>[\/et_pb_blurb][\/et_pb_column][et_pb_column type=\u00bb1_3&#8243; _builder_version=\u00bb3.25&#8243; custom_padding=\u00bb|||\u00bb custom_padding__hover=\u00bb|||\u00bb][et_pb_blurb use_icon=\u00bbon\u00bb font_icon=\u00bb%%123%%\u00bb icon_color=\u00bb#0f3d70&#8243; icon_placement=\u00bbleft\u00bb admin_label=\u00bbAnuncio\u00bb _builder_version=\u00bb4.0.1&#8243; background_size=\u00bbinitial\u00bb background_position=\u00bbtop_left\u00bb background_repeat=\u00bbrepeat\u00bb use_border_color=\u00bboff\u00bb border_color=\u00bb#ffffff\u00bb border_style=\u00bbsolid\u00bb]<\/p>\n<h4><strong>Horari<\/strong><\/h4>\n<p>&nbsp;<\/p>\n<p><strong>Dilluns a divendres:<\/strong> de 9 a 13 h &#8211; 16 a 19 h<br \/> <strong>Disabte:<\/strong> nom\u00e9s amb cita pr\u00e8via<\/p>\n<p>&nbsp;<\/p>\n<p>[\/et_pb_blurb][\/et_pb_column][et_pb_column type=\u00bb1_3&#8243; _builder_version=\u00bb3.25&#8243; custom_padding=\u00bb|||\u00bb custom_padding__hover=\u00bb|||\u00bb][et_pb_blurb use_icon=\u00bbon\u00bb font_icon=\u00bb%%123%%\u00bb icon_color=\u00bb#0f3d70&#8243; icon_placement=\u00bbleft\u00bb admin_label=\u00bbAnuncio\u00bb _builder_version=\u00bb4.0.1&#8243; background_size=\u00bbinitial\u00bb background_position=\u00bbtop_left\u00bb background_repeat=\u00bbrepeat\u00bb use_border_color=\u00bboff\u00bb border_color=\u00bb#ffffff\u00bb border_style=\u00bbsolid\u00bb]<\/p>\n<h4 style=\"text-align: justify;\"><strong>Contacte<\/strong><\/h4>\n<p>[\/et_pb_blurb][et_pb_social_media_follow url_new_window=\u00bboff\u00bb follow_button=\u00bbon\u00bb admin_label=\u00bbSeguir en medios sociales\u00bb _builder_version=\u00bb3.17.6&#8243; link_shape=\u00bbrounded_rectangle\u00bb][et_pb_social_media_follow_network social_network=\u00bbfacebook\u00bb url=\u00bbhttps:\/\/www.facebook.com\/Mobles-Gallent-316146838468985&#8243; _builder_version=\u00bb3.0.74&#8243; background_color=\u00bb#3b5998&#8243; bg_color=\u00bb#3b5998&#8243; link_shape=\u00bbrounded_rectangle\u00bb follow_button=\u00bbon\u00bb url_new_window=\u00bboff\u00bb] Facebook [\/et_pb_social_media_follow_network][et_pb_social_media_follow_network social_network=\u00bbgoogle-plus\u00bb url=\u00bbhttps:\/\/goo.gl\/maps\/poV2WxdUh8o\u00bb _builder_version=\u00bb3.12.2&#8243; background_color=\u00bb#dd4b39&#8243; bg_color=\u00bb#dd4b39&#8243; link_shape=\u00bbrounded_rectangle\u00bb follow_button=\u00bbon\u00bb url_new_window=\u00bboff\u00bb] Google+ [\/et_pb_social_media_follow_network][et_pb_social_media_follow_network social_network=\u00bbinstagram\u00bb url=\u00bbhttps:\/\/www.instagram.com\/moblesgallent\/\u00bb _builder_version=\u00bb3.17.6&#8243; background_color=\u00bb#ea2c59&#8243; link_shape=\u00bbrounded_rectangle\u00bb follow_button=\u00bbon\u00bb url_new_window=\u00bboff\u00bb]instagram[\/et_pb_social_media_follow_network][\/et_pb_social_media_follow][\/et_pb_column][\/et_pb_row][\/et_pb_section]<\/p>","protected":false},"excerpt":{"rendered":"<p>Mobles Gallent a Tarragona Cuines &#8211; Banys &#8211; Salons &#8211; Armaris Mobles Gallent neix amb el prop\u00f2sit de donar a con\u00e8ixer un m\u00f3n de cuines, banys, salons, menjadors i armaris diferents. Som especialistes en tot tipus de reformes i disseny d&#8217;interiors. Podem oferir el millor preu i treballem amb els millors professionals, aconseguint aix\u00ed un [&hellip;]<\/p>","protected":false},"author":1,"featured_media":0,"parent":0,"menu_order":0,"comment_status":"closed","ping_status":"closed","template":"","meta":{"_et_pb_use_builder":"on","_et_pb_old_content":"","_et_gb_content_width":"","footnotes":""},"class_list":["post-773","page","type-page","status-publish","hentry"],"yoast_head":"<!-- This site is optimized with the Yoast SEO plugin v27.1.1 - https:\/\/yoast.com\/product\/yoast-seo-wordpress\/ -->\n<title>Qui som - Mobles Gallent, mobles per a cuina i bany<\/title>\n<meta name=\"description\" content=\"Mobles Gallent a Tarragona. Oferim mobiliari de cuina i bany de m\u00e0xima qualitat, instal\u00b7lem parquet al terra dels pisos i fem reformes.\" \/>\n<meta name=\"robots\" content=\"index, follow, max-snippet:-1, max-image-preview:large, max-video-preview:-1\" \/>\n<link rel=\"canonical\" href=\"https:\/\/www.moblesgallent.com\/ca\/qui-som\/\" \/>\n<meta property=\"og:locale\" content=\"ca_ES\" \/>\n<meta property=\"og:type\" content=\"article\" \/>\n<meta property=\"og:title\" content=\"Qui som - Mobles Gallent, mobles per a cuina i bany\" \/>\n<meta property=\"og:description\" content=\"Mobles Gallent a Tarragona. Oferim mobiliari de cuina i bany de m\u00e0xima qualitat, instal\u00b7lem parquet al terra dels pisos i fem reformes.\" \/>\n<meta property=\"og:url\" content=\"https:\/\/www.moblesgallent.com\/ca\/qui-som\/\" \/>\n<meta property=\"og:site_name\" content=\"Mobles Gallent | mobiliario de cocina | mobiliario de ba\u00f1o | mobiliario de sal\u00f3n | armarios | Reformas y dise\u00f1os de interiores en Tarragona\" \/>\n<meta property=\"article:modified_time\" content=\"2020-06-22T13:41:19+00:00\" \/>\n<meta name=\"twitter:card\" content=\"summary_large_image\" \/>\n<meta name=\"twitter:label1\" content=\"Temps estimat de lectura\" \/>\n\t<meta name=\"twitter:data1\" content=\"6 minuts\" \/>\n<script type=\"application\/ld+json\" class=\"yoast-schema-graph\">{\"@context\":\"https:\/\/schema.org\",\"@graph\":[{\"@type\":\"WebPage\",\"@id\":\"https:\/\/www.moblesgallent.com\/qui-som\/\",\"url\":\"https:\/\/www.moblesgallent.com\/qui-som\/\",\"name\":\"Qui som - Mobles Gallent, mobles per a cuina i bany\",\"isPartOf\":{\"@id\":\"https:\/\/www.moblesgallent.com\/#website\"},\"datePublished\":\"2019-10-14T14:04:37+00:00\",\"dateModified\":\"2020-06-22T13:41:19+00:00\",\"description\":\"Mobles Gallent a Tarragona. Oferim mobiliari de cuina i bany de m\u00e0xima qualitat, instal\u00b7lem parquet al terra dels pisos i fem reformes.\",\"breadcrumb\":{\"@id\":\"https:\/\/www.moblesgallent.com\/qui-som\/#breadcrumb\"},\"inLanguage\":\"ca\",\"potentialAction\":[{\"@type\":\"ReadAction\",\"target\":[\"https:\/\/www.moblesgallent.com\/qui-som\/\"]}]},{\"@type\":\"BreadcrumbList\",\"@id\":\"https:\/\/www.moblesgallent.com\/qui-som\/#breadcrumb\",\"itemListElement\":[{\"@type\":\"ListItem\",\"position\":1,\"name\":\"Portada\",\"item\":\"https:\/\/www.moblesgallent.com\/\"},{\"@type\":\"ListItem\",\"position\":2,\"name\":\"Qui som\"}]},{\"@type\":\"WebSite\",\"@id\":\"https:\/\/www.moblesgallent.com\/#website\",\"url\":\"https:\/\/www.moblesgallent.com\/\",\"name\":\"Mobles Gallent | mobiliario de cocina | mobiliario de ba\u00f1o | mobiliario de sal\u00f3n | armarios | Reformas y dise\u00f1os de interiores en Tarragona\",\"description\":\"Otro sitio realizado con Soft Optimiza Digital Media Empresas\",\"potentialAction\":[{\"@type\":\"SearchAction\",\"target\":{\"@type\":\"EntryPoint\",\"urlTemplate\":\"https:\/\/www.moblesgallent.com\/?s={search_term_string}\"},\"query-input\":{\"@type\":\"PropertyValueSpecification\",\"valueRequired\":true,\"valueName\":\"search_term_string\"}}],\"inLanguage\":\"ca\"}]}<\/script>\n<!-- \/ Yoast SEO plugin. -->","yoast_head_json":{"title":"Qui som - Mobles Gallent, mobles per a cuina i bany","description":"Mobles Gallent a Tarragona. Oferim mobiliari de cuina i bany de m\u00e0xima qualitat, instal\u00b7lem parquet al terra dels pisos i fem reformes.","robots":{"index":"index","follow":"follow","max-snippet":"max-snippet:-1","max-image-preview":"max-image-preview:large","max-video-preview":"max-video-preview:-1"},"canonical":"https:\/\/www.moblesgallent.com\/ca\/qui-som\/","og_locale":"ca_ES","og_type":"article","og_title":"Qui som - Mobles Gallent, mobles per a cuina i bany","og_description":"Mobles Gallent a Tarragona. Oferim mobiliari de cuina i bany de m\u00e0xima qualitat, instal\u00b7lem parquet al terra dels pisos i fem reformes.","og_url":"https:\/\/www.moblesgallent.com\/ca\/qui-som\/","og_site_name":"Mobles Gallent | mobiliario de cocina | mobiliario de ba\u00f1o | mobiliario de sal\u00f3n | armarios | Reformas y dise\u00f1os de interiores en Tarragona","article_modified_time":"2020-06-22T13:41:19+00:00","twitter_card":"summary_large_image","twitter_misc":{"Temps estimat de lectura":"6 minuts"},"schema":{"@context":"https:\/\/schema.org","@graph":[{"@type":"WebPage","@id":"https:\/\/www.moblesgallent.com\/qui-som\/","url":"https:\/\/www.moblesgallent.com\/qui-som\/","name":"Qui som - Mobles Gallent, mobles per a cuina i bany","isPartOf":{"@id":"https:\/\/www.moblesgallent.com\/#website"},"datePublished":"2019-10-14T14:04:37+00:00","dateModified":"2020-06-22T13:41:19+00:00","description":"Mobles Gallent a Tarragona. Oferim mobiliari de cuina i bany de m\u00e0xima qualitat, instal\u00b7lem parquet al terra dels pisos i fem reformes.","breadcrumb":{"@id":"https:\/\/www.moblesgallent.com\/qui-som\/#breadcrumb"},"inLanguage":"ca","potentialAction":[{"@type":"ReadAction","target":["https:\/\/www.moblesgallent.com\/qui-som\/"]}]},{"@type":"BreadcrumbList","@id":"https:\/\/www.moblesgallent.com\/qui-som\/#breadcrumb","itemListElement":[{"@type":"ListItem","position":1,"name":"Portada","item":"https:\/\/www.moblesgallent.com\/"},{"@type":"ListItem","position":2,"name":"Qui som"}]},{"@type":"WebSite","@id":"https:\/\/www.moblesgallent.com\/#website","url":"https:\/\/www.moblesgallent.com\/","name":"Mobles Gallent | mobiliario de cocina | mobiliario de ba\u00f1o | mobiliario de sal\u00f3n | armarios | Reformas y dise\u00f1os de interiores en Tarragona","description":"Otro sitio realizado con Soft Optimiza Digital Media Empresas","potentialAction":[{"@type":"SearchAction","target":{"@type":"EntryPoint","urlTemplate":"https:\/\/www.moblesgallent.com\/?s={search_term_string}"},"query-input":{"@type":"PropertyValueSpecification","valueRequired":true,"valueName":"search_term_string"}}],"inLanguage":"ca"}]}},"_links":{"self":[{"href":"https:\/\/www.moblesgallent.com\/ca\/wp-json\/wp\/v2\/pages\/773","targetHints":{"allow":["GET"]}}],"collection":[{"href":"https:\/\/www.moblesgallent.com\/ca\/wp-json\/wp\/v2\/pages"}],"about":[{"href":"https:\/\/www.moblesgallent.com\/ca\/wp-json\/wp\/v2\/types\/page"}],"author":[{"embeddable":true,"href":"https:\/\/www.moblesgallent.com\/ca\/wp-json\/wp\/v2\/users\/1"}],"replies":[{"embeddable":true,"href":"https:\/\/www.moblesgallent.com\/ca\/wp-json\/wp\/v2\/comments?post=773"}],"version-history":[{"count":6,"href":"https:\/\/www.moblesgallent.com\/ca\/wp-json\/wp\/v2\/pages\/773\/revisions"}],"predecessor-version":[{"id":832,"href":"https:\/\/www.moblesgallent.com\/ca\/wp-json\/wp\/v2\/pages\/773\/revisions\/832"}],"wp:attachment":[{"href":"https:\/\/www.moblesgallent.com\/ca\/wp-json\/wp\/v2\/media?parent=773"}],"curies":[{"name":"wp","href":"https:\/\/api.w.org\/{rel}","templated":true}]}}