{"id":706,"date":"2019-07-16T09:14:44","date_gmt":"2019-07-16T09:14:44","guid":{"rendered":"https:\/\/www.moblesgallent.com\/?page_id=706"},"modified":"2022-02-15T19:30:19","modified_gmt":"2022-02-15T19:30:19","slug":"inici","status":"publish","type":"page","link":"https:\/\/www.moblesgallent.com\/ca\/inici\/","title":{"rendered":"Inici"},"content":{"rendered":"<p>[et_pb_section fb_built=\u00bb1&#8243; fullwidth=\u00bbon\u00bb admin_label=\u00bbsection\u00bb _builder_version=\u00bb3.22.3&#8243;][et_pb_fullwidth_slider admin_label=\u00bbFullwidth Slider\u00bb _builder_version=\u00bb3.16&#8243; custom_padding=\u00bb|||\u00bb custom_padding_tablet=\u00bb|||\u00bb custom_padding_phone=\u00bb|||\u00bb auto=\u00bbon\u00bb auto_ignore_hover=\u00bbon\u00bb box_shadow_style=\u00bbpreset6&#8243; box_shadow_blur=\u00bb10px\u00bb box_shadow_color=\u00bbrgba(0,0,0,0.1)\u00bb remove_inner_shadow=\u00bboff\u00bb hide_content_on_mobile=\u00bboff\u00bb hide_cta_on_mobile=\u00bboff\u00bb show_inner_shadow=\u00bbon\u00bb button_text_size__hover_enabled=\u00bboff\u00bb button_one_text_size__hover_enabled=\u00bboff\u00bb button_two_text_size__hover_enabled=\u00bboff\u00bb button_text_color__hover_enabled=\u00bboff\u00bb button_one_text_color__hover_enabled=\u00bboff\u00bb button_two_text_color__hover_enabled=\u00bboff\u00bb button_border_width__hover_enabled=\u00bboff\u00bb button_one_border_width__hover_enabled=\u00bboff\u00bb button_two_border_width__hover_enabled=\u00bboff\u00bb button_border_color__hover_enabled=\u00bboff\u00bb button_one_border_color__hover_enabled=\u00bboff\u00bb button_two_border_color__hover_enabled=\u00bboff\u00bb button_border_radius__hover_enabled=\u00bboff\u00bb button_one_border_radius__hover_enabled=\u00bboff\u00bb button_two_border_radius__hover_enabled=\u00bboff\u00bb button_letter_spacing__hover_enabled=\u00bboff\u00bb button_one_letter_spacing__hover_enabled=\u00bboff\u00bb button_two_letter_spacing__hover_enabled=\u00bboff\u00bb button_bg_color__hover_enabled=\u00bboff\u00bb button_one_bg_color__hover_enabled=\u00bboff\u00bb button_two_bg_color__hover_enabled=\u00bboff\u00bb][et_pb_slide image=\u00bbhttps:\/\/www.moblesgallent.com\/wp-content\/uploads\/2016\/02\/gartna21.png\u00bb use_bg_overlay=\u00bboff\u00bb use_text_overlay=\u00bboff\u00bb _builder_version=\u00bb3.16&#8243; header_font=\u00bb||||\u00bb body_font=\u00bb||||\u00bb background_color=\u00bb#f7f7f7&#8243; background_image=\u00bbhttps:\/\/www.moblesgallent.com\/wp-content\/uploads\/2016\/02\/Cocina-en-exposicion-Delta-cocinas-3.jpg\u00bb button_icon_placement=\u00bbright\u00bb button_on_hover=\u00bbon\u00bb background_layout=\u00bblight\u00bb button_text_size__hover_enabled=\u00bboff\u00bb button_one_text_size__hover_enabled=\u00bboff\u00bb button_two_text_size__hover_enabled=\u00bboff\u00bb button_text_color__hover_enabled=\u00bboff\u00bb button_one_text_color__hover_enabled=\u00bboff\u00bb button_two_text_color__hover_enabled=\u00bboff\u00bb button_border_width__hover_enabled=\u00bboff\u00bb button_one_border_width__hover_enabled=\u00bboff\u00bb button_two_border_width__hover_enabled=\u00bboff\u00bb button_border_color__hover_enabled=\u00bboff\u00bb button_one_border_color__hover_enabled=\u00bboff\u00bb button_two_border_color__hover_enabled=\u00bboff\u00bb button_border_radius__hover_enabled=\u00bboff\u00bb button_one_border_radius__hover_enabled=\u00bboff\u00bb button_two_border_radius__hover_enabled=\u00bboff\u00bb button_letter_spacing__hover_enabled=\u00bboff\u00bb button_one_letter_spacing__hover_enabled=\u00bboff\u00bb button_two_letter_spacing__hover_enabled=\u00bboff\u00bb button_bg_color__hover_enabled=\u00bboff\u00bb button_one_bg_color__hover_enabled=\u00bboff\u00bb button_two_bg_color__hover_enabled=\u00bboff\u00bb sticky_transition=\u00bbon\u00bb]<\/p>\n<section id=\"banner\">\n<header>\n<h1 style=\"text-align: center;\"><img decoding=\"async\" class=\"alignnone size-medium wp-image-249 lazyload\" data-src=\"https:\/\/www.moblesgallent.com\/wp-content\/uploads\/2016\/02\/titulo-gallent231-300x57.png\" alt=\"titulo-gallent231\" width=\"300\" height=\"57\" data-srcset=\"https:\/\/www.moblesgallent.com\/wp-content\/uploads\/2016\/02\/titulo-gallent231-300x57.png 300w,  https:\/\/www.moblesgallent.com\/wp-content\/uploads\/2016\/02\/titulo-gallent231-768x146.png 768w,  https:\/\/www.moblesgallent.com\/wp-content\/uploads\/2016\/02\/titulo-gallent231.png 934w\" data-sizes=\"(max-width: 300px) 100vw, 300px\" src=\"data:image\/svg+xml;base64,PHN2ZyB3aWR0aD0iMSIgaGVpZ2h0PSIxIiB4bWxucz0iaHR0cDovL3d3dy53My5vcmcvMjAwMC9zdmciPjwvc3ZnPg==\" style=\"--smush-placeholder-width: 300px; --smush-placeholder-aspect-ratio: 300\/57;\" \/><\/h1>\n<h1 style=\"text-align: center;\">Dissenyem i Projectem la seva cuina a Tarragona<\/h1>\n<h2 style=\"text-align: center;\"><strong>Estil modern, minimalista, cl\u00e0ssic, r\u00fastic &#8230;<\/strong><\/h2>\n<\/header>\n<\/section>\n<p>[\/et_pb_slide][\/et_pb_fullwidth_slider][\/et_pb_section][et_pb_section fb_built=\u00bb1&#8243; custom_padding_last_edited=\u00bbon|desktop\u00bb admin_label=\u00bbsection\u00bb _builder_version=\u00bb3.22.3&#8243; background_color=\u00bb#ffffff\u00bb custom_padding_tablet=\u00bb50px|0|50px|0&#8243; custom_padding_phone=\u00bb\u00bb transparent_background=\u00bboff\u00bb padding_mobile=\u00bboff\u00bb][et_pb_row column_structure=\u00bb1_2,1_2&#8243; padding_mobile=\u00bboff\u00bb make_equal=\u00bbon\u00bb column_padding_mobile=\u00bbon\u00bb admin_label=\u00bbFila\u00bb _builder_version=\u00bb3.25&#8243; background_size=\u00bbinitial\u00bb background_position=\u00bbtop_left\u00bb background_repeat=\u00bbrepeat\u00bb][et_pb_column type=\u00bb1_2&#8243; _builder_version=\u00bb3.25&#8243; custom_padding=\u00bb|||\u00bb custom_padding__hover=\u00bb|||\u00bb][et_pb_text admin_label=\u00bbTexto\u00bb _builder_version=\u00bb3.27.4&#8243; background_size=\u00bbinitial\u00bb background_position=\u00bbtop_left\u00bb background_repeat=\u00bbrepeat\u00bb use_border_color=\u00bboff\u00bb border_color=\u00bb#ffffff\u00bb border_style=\u00bbsolid\u00bb]<\/p>\n<h3 style=\"text-align: center;\"><strong>Mobiliari de cuina a Tarragona<\/strong><\/h3>\n<p style=\"text-align: justify;\">La cuina \u00e9s un dels espais m\u00e9s importants de la llar, el centre d&#8217;operacions a la vida familiar. Gallent \u00e9s especialista en el disseny i muntatge de tot tipus de cuines (modernes, minimalistes, cl\u00e0ssiques i r\u00fastiques), oferint productes de primera qualitat.<\/p>\n<p>[\/et_pb_text][et_pb_blurb url=\u00bbhttps:\/\/www.moblesgallent.com\/muebles-de-cocina-tarragona\/\u00bb image=\u00bbhttps:\/\/www.moblesgallent.com\/wp-content\/uploads\/2016\/02\/cocina2.png\u00bb alt=\u00bbMobiliario de Cocina en Tarragona\u00bb admin_label=\u00bbAnuncio\u00bb _builder_version=\u00bb3.0.87&#8243; background_size=\u00bbinitial\u00bb background_position=\u00bbtop_left\u00bb background_repeat=\u00bbrepeat\u00bb use_border_color=\u00bboff\u00bb border_color=\u00bb#ffffff\u00bb border_style=\u00bbsolid\u00bb] [\/et_pb_blurb][et_pb_text admin_label=\u00bbTexto\u00bb _builder_version=\u00bb3.27.4&#8243; background_size=\u00bbinitial\u00bb background_position=\u00bbtop_left\u00bb background_repeat=\u00bbrepeat\u00bb use_border_color=\u00bboff\u00bb border_color=\u00bb#ffffff\u00bb border_style=\u00bbsolid\u00bb]<\/p>\n<h3 style=\"text-align: center;\"><strong>Mobiliari de sal\u00f3<\/strong><\/h3>\n<p style=\"text-align: justify;\">Personalitzem el teu sal\u00f3 i ens adaptem a qualsevol mesura, el nostre objectiu \u00e9s la comoditat i satisfacci\u00f3 del nostre client buscant un equilibri perfecte entre disseny tecnologia avan\u00e7ada i versatilitat.<\/p>\n<p>[\/et_pb_text][et_pb_blurb url=\u00bbhttps:\/\/www.moblesgallent.com\/mobilario-de-salon-y-armarios-mobles-gallent-de-tarragona\/\u00bb image=\u00bbhttps:\/\/www.moblesgallent.com\/wp-content\/uploads\/2016\/02\/salon.png\u00bb alt=\u00bbArmarios y Salones Molbes Gallent\u00bb admin_label=\u00bbAnuncio\u00bb _builder_version=\u00bb3.0.87&#8243; background_size=\u00bbinitial\u00bb background_position=\u00bbtop_left\u00bb background_repeat=\u00bbrepeat\u00bb use_border_color=\u00bboff\u00bb border_color=\u00bb#ffffff\u00bb border_style=\u00bbsolid\u00bb] [\/et_pb_blurb][et_pb_text admin_label=\u00bbTexto\u00bb _builder_version=\u00bb3.27.4&#8243; background_size=\u00bbinitial\u00bb background_position=\u00bbtop_left\u00bb background_repeat=\u00bbrepeat\u00bb use_border_color=\u00bboff\u00bb border_color=\u00bb#ffffff\u00bb border_style=\u00bbsolid\u00bb]<\/p>\n<h3 style=\"text-align: center;\"><strong>Armaris i vestidors<\/strong><\/h3>\n<p>Necessites disposar del teu espai per organitzar les teves coses. Personalitzem les teves armaris i vestidors i ens adaptem a qualsevol mida. En ser un producte a mida, et permetr\u00e0 distribuir i aprofitar els seus grans avantatges.<\/p>\n<p>[\/et_pb_text][et_pb_blurb url=\u00bbhttps:\/\/www.moblesgallent.com\/armarios-y-vestidores-mobles-gallent\/\u00bb image=\u00bbhttps:\/\/www.moblesgallent.com\/wp-content\/uploads\/2016\/02\/armarios.jpg\u00bb alt=\u00bbArmarios y Salones Molbes Gallent\u00bb admin_label=\u00bbAnuncio\u00bb _builder_version=\u00bb3.0.87&#8243; background_size=\u00bbinitial\u00bb background_position=\u00bbtop_left\u00bb background_repeat=\u00bbrepeat\u00bb use_border_color=\u00bboff\u00bb border_color=\u00bb#ffffff\u00bb border_style=\u00bbsolid\u00bb] [\/et_pb_blurb][\/et_pb_column][et_pb_column type=\u00bb1_2&#8243; _builder_version=\u00bb3.25&#8243; custom_padding=\u00bb|||\u00bb custom_padding__hover=\u00bb|||\u00bb][et_pb_text admin_label=\u00bbTexto\u00bb _builder_version=\u00bb3.27.4&#8243; background_size=\u00bbinitial\u00bb background_position=\u00bbtop_left\u00bb background_repeat=\u00bbrepeat\u00bb use_border_color=\u00bboff\u00bb border_color=\u00bb#ffffff\u00bb border_style=\u00bbsolid\u00bb]<\/p>\n<h3 style=\"text-align: center;\"><strong>Mobiliari de Banys<\/strong><\/h3>\n<p style=\"text-align: justify;\">A Mobles Gallent treballem amb els millors fabricants de mobiliari de bany que inclouen versions estandarditzades o la fabricaci\u00f3 a mida. Disposem de mobles de bany modern, dissenys innovadors amb un aire avantguardista que donar\u00e0 al teu bany un estil \u00fanic.<\/p>\n<p>[\/et_pb_text][et_pb_blurb url=\u00bbhttps:\/\/www.moblesgallent.com\/banos-mobles-gallent-tarragona\/\u00bb image=\u00bbhttps:\/\/www.moblesgallent.com\/wp-content\/uploads\/2016\/02\/banys.png\u00bb alt=\u00bbMuebles de ba\u00f1o en Tarragona, Mobles Gallent\u00bb admin_label=\u00bbAnuncio\u00bb _builder_version=\u00bb3.0.87&#8243; background_size=\u00bbinitial\u00bb background_position=\u00bbtop_left\u00bb background_repeat=\u00bbrepeat\u00bb use_border_color=\u00bboff\u00bb border_color=\u00bb#ffffff\u00bb border_style=\u00bbsolid\u00bb] [\/et_pb_blurb][et_pb_text admin_label=\u00bbTexto\u00bb _builder_version=\u00bb3.27.4&#8243; background_size=\u00bbinitial\u00bb background_position=\u00bbtop_left\u00bb background_repeat=\u00bbrepeat\u00bb use_border_color=\u00bboff\u00bb border_color=\u00bb#ffffff\u00bb border_style=\u00bbsolid\u00bb]<\/p>\n<h3 style=\"text-align: center;\"><span class=\"mobile-undersized-upper\"><strong>Reformes- Dissenys d&#8217;Interiors<\/strong><br \/> <\/span><\/h3>\n<div class=\"row\">\n<div class=\"col\">\n<div class=\"component\">\n<div class=\"self mobile-leaf text textnormal mobile-undersized-upper\">\n<div>\n<p>Projectes i obres de reforma total o parcial d&#8217;habitatges, amb implicaci\u00f3 en el desenvolupament de solucions personalitzades, l&#8217;assessorament t\u00e8cnic, supervisi\u00f3 de les obres atenent a la correcta execuci\u00f3 i la seguretat.<\/p>\n<\/div>\n<\/div>\n<\/div>\n<\/div>\n<\/div>\n<p>[\/et_pb_text][et_pb_blurb url=\u00bbhttps:\/\/www.moblesgallent.com\/reformas-disenos-de-interiores-moblesgallent-tarragona\/\u00bb image=\u00bbhttps:\/\/www.moblesgallent.com\/wp-content\/uploads\/2016\/02\/REFORMAS.png\u00bb alt=\u00bbRefomas y dise\u00f1o de interiores Mobles Gallent\u00bb admin_label=\u00bbAnuncio\u00bb _builder_version=\u00bb3.0.87&#8243; background_size=\u00bbinitial\u00bb background_position=\u00bbtop_left\u00bb background_repeat=\u00bbrepeat\u00bb use_border_color=\u00bboff\u00bb border_color=\u00bb#ffffff\u00bb border_style=\u00bbsolid\u00bb] [\/et_pb_blurb][et_pb_divider color=\u00bb#ffffff\u00bb disabled_on=\u00bbon|on|off\u00bb admin_label=\u00bbSeparador\u00bb _builder_version=\u00bb3.23.4&#8243; height=\u00bb130px\u00bb hide_on_mobile=\u00bbon\u00bb] [\/et_pb_divider][et_pb_number_counter title=\u00bbAnys de Garantia CUINES DELTA\u00bb number=\u00bb15&#8243; percent_sign=\u00bboff\u00bb counter_color=\u00bb#a30b01&#8243; admin_label=\u00bbContador de n\u00famero\u00bb _builder_version=\u00bb3.22.7&#8243; background_size=\u00bbinitial\u00bb background_position=\u00bbtop_left\u00bb background_repeat=\u00bbrepeat\u00bb use_border_color=\u00bboff\u00bb border_color=\u00bb#ffffff\u00bb border_style=\u00bbsolid\u00bb] [\/et_pb_number_counter][et_pb_divider color=\u00bb#ffffff\u00bb disabled_on=\u00bbon|on|off\u00bb admin_label=\u00bbSeparador\u00bb _builder_version=\u00bb3.23.4&#8243; height=\u00bb25px\u00bb hide_on_mobile=\u00bbon\u00bb] [\/et_pb_divider][et_pb_number_counter title=\u00bbAnys de Garantia ENCIMERES SILESTONE\u00bb number=\u00bb10&#8243; percent_sign=\u00bboff\u00bb counter_color=\u00bb#a30b01&#8243; admin_label=\u00bbContador de n\u00famero\u00bb _builder_version=\u00bb3.0.87&#8243; background_size=\u00bbinitial\u00bb background_position=\u00bbtop_left\u00bb background_repeat=\u00bbrepeat\u00bb use_border_color=\u00bboff\u00bb border_color=\u00bb#ffffff\u00bb border_style=\u00bbsolid\u00bb] [\/et_pb_number_counter][\/et_pb_column][\/et_pb_row][et_pb_row admin_label=\u00bbFila\u00bb _builder_version=\u00bb3.25&#8243; background_size=\u00bbinitial\u00bb background_position=\u00bbtop_left\u00bb background_repeat=\u00bbrepeat\u00bb][et_pb_column type=\u00bb4_4&#8243; _builder_version=\u00bb3.25&#8243; custom_padding=\u00bb|||\u00bb custom_padding__hover=\u00bb|||\u00bb][et_pb_text admin_label=\u00bbText\u00bb _builder_version=\u00bb3.27.4&#8243; background_size=\u00bbinitial\u00bb background_position=\u00bbtop_left\u00bb background_repeat=\u00bbrepeat\u00bb use_border_color=\u00bboff\u00bb border_color=\u00bb#ffffff\u00bb border_style=\u00bbsolid\u00bb]<\/p>\n<h3 style=\"text-align: center;\"><strong>Delta cuines<\/strong><\/h3>\n<p>Oferim 15 anys de garantia amb el fabricant Delta Cuines, per traslladar m\u00e0xima confian\u00e7a als nostres clients. Com a primera novetat, ens presenta una ampliaci\u00f3 de la garantia a 15 anys en tots els seus models fruit de la seva cont\u00ednua aposta per la qualitat, la creativitat i sostenibilitat de tots els seus productes.<\/p>\n<p>La garantia de 15 anys ve avalada per una adaptaci\u00f3 cont\u00ednua a les noves tecnologies, al m\u00e9s estricte control de qualitat i la incorporaci\u00f3 del adhesivat mitjan\u00e7ant cola PUR, el que incrementa exponencialment la resist\u00e8ncia del moble a la humitat i la calor.<\/p>\n<p>El 2011 va presentar CODEL, 1 poryecto de nanotecnologia aplicat al tractament superficial del moble, que incrementa la seva resist\u00e8ncia al vapor i les altes temperatures. Delta cuines compta amb els certificats de qualitat ISO 9001 i de gesti\u00f3 mediambiental ISO 140001.<\/p>\n<p>[\/et_pb_text][et_pb_text admin_label=\u00bbText\u00bb _builder_version=\u00bb3.27.4&#8243; background_size=\u00bbinitial\u00bb background_position=\u00bbtop_left\u00bb background_repeat=\u00bbrepeat\u00bb use_border_color=\u00bboff\u00bb border_color=\u00bb#ffffff\u00bb border_style=\u00bbsolid\u00bb]<\/p>\n<div class=\"l-box pure-u-1 pure-u-md-1-2 pure-u-lg-2-3\">\n<h3 style=\"text-align: center;\"><strong>Taulells Silestone<\/strong><\/h3>\n<p>Silestone presenta la seva nova garantia de 10 anys. Una garantia per donar m\u00e9s confian\u00e7a al consumidor. Un cop m\u00e9s silestone torna a innovar. La garantia del L\u00edder.<\/p>\n<\/div>\n<p>[\/et_pb_text][\/et_pb_column][\/et_pb_row][\/et_pb_section][et_pb_section fb_built=\u00bb1&#8243; custom_padding_last_edited=\u00bbon|desktop\u00bb admin_label=\u00bbsection\u00bb _builder_version=\u00bb3.22.3&#8243; background_color=\u00bb#dddddd\u00bb custom_padding=\u00bb17px|0px|0|0px|false|false\u00bb custom_padding_tablet=\u00bb50px|0|50px|0&#8243; custom_padding_phone=\u00bb\u00bb transparent_background=\u00bboff\u00bb global_module=\u00bb828&#8243; saved_tabs=\u00bball\u00bb][et_pb_row column_structure=\u00bb1_3,1_3,1_3&#8243; admin_label=\u00bbrow\u00bb _builder_version=\u00bb4.0.1&#8243; background_size=\u00bbinitial\u00bb background_position=\u00bbtop_left\u00bb background_repeat=\u00bbrepeat\u00bb][et_pb_column type=\u00bb1_3&#8243; _builder_version=\u00bb4.0.1&#8243; custom_padding=\u00bb|||\u00bb custom_padding__hover=\u00bb|||\u00bb][et_pb_blurb use_icon=\u00bbon\u00bb font_icon=\u00bb%%123%%\u00bb icon_color=\u00bb#0f3d70&#8243; icon_placement=\u00bbleft\u00bb admin_label=\u00bbAnuncio\u00bb _builder_version=\u00bb4.0.1&#8243; background_size=\u00bbinitial\u00bb background_position=\u00bbtop_left\u00bb background_repeat=\u00bbrepeat\u00bb use_border_color=\u00bboff\u00bb border_color=\u00bb#ffffff\u00bb border_style=\u00bbsolid\u00bb]<\/p>\n<h4 style=\"text-align: justify;\"><strong>Mobles Gallent Tarragona<\/strong><\/h4>\n<p>&nbsp;<\/p>\n<p>Ctra Santes Creus km 1 nave L-C4<br \/> 43764\u00a0 &#8211; Tarragona<br \/> Tel. <span style=\"color: #000000;\"><strong><a style=\"color: #000000;\" href=\"https:\/\/www.moblesgallent.com\/977%20524%20343\"><span id=\"et-info-phone\">653 476 038<\/span><\/a><\/strong><\/span><\/p>\n<p>[\/et_pb_blurb][\/et_pb_column][et_pb_column type=\u00bb1_3&#8243; _builder_version=\u00bb3.25&#8243; custom_padding=\u00bb|||\u00bb custom_padding__hover=\u00bb|||\u00bb][et_pb_blurb use_icon=\u00bbon\u00bb font_icon=\u00bb%%123%%\u00bb icon_color=\u00bb#0f3d70&#8243; icon_placement=\u00bbleft\u00bb admin_label=\u00bbAnuncio\u00bb _builder_version=\u00bb4.0.1&#8243; background_size=\u00bbinitial\u00bb background_position=\u00bbtop_left\u00bb background_repeat=\u00bbrepeat\u00bb use_border_color=\u00bboff\u00bb border_color=\u00bb#ffffff\u00bb border_style=\u00bbsolid\u00bb]<\/p>\n<h4><strong>Horari<\/strong><\/h4>\n<p>&nbsp;<\/p>\n<p><strong>Dilluns a divendres:<\/strong> de 9 a 13 h &#8211; 16 a 19 h<br \/> <strong>Disabte:<\/strong> nom\u00e9s amb cita pr\u00e8via<\/p>\n<p>&nbsp;<\/p>\n<p>[\/et_pb_blurb][\/et_pb_column][et_pb_column type=\u00bb1_3&#8243; _builder_version=\u00bb3.25&#8243; custom_padding=\u00bb|||\u00bb custom_padding__hover=\u00bb|||\u00bb][et_pb_blurb use_icon=\u00bbon\u00bb font_icon=\u00bb%%123%%\u00bb icon_color=\u00bb#0f3d70&#8243; icon_placement=\u00bbleft\u00bb admin_label=\u00bbAnuncio\u00bb _builder_version=\u00bb4.0.1&#8243; background_size=\u00bbinitial\u00bb background_position=\u00bbtop_left\u00bb background_repeat=\u00bbrepeat\u00bb use_border_color=\u00bboff\u00bb border_color=\u00bb#ffffff\u00bb border_style=\u00bbsolid\u00bb]<\/p>\n<h4 style=\"text-align: justify;\"><strong>Contacte<\/strong><\/h4>\n<p>[\/et_pb_blurb][et_pb_social_media_follow url_new_window=\u00bboff\u00bb follow_button=\u00bbon\u00bb admin_label=\u00bbSeguir en medios sociales\u00bb _builder_version=\u00bb3.17.6&#8243; link_shape=\u00bbrounded_rectangle\u00bb][et_pb_social_media_follow_network social_network=\u00bbfacebook\u00bb url=\u00bbhttps:\/\/www.facebook.com\/Mobles-Gallent-316146838468985&#8243; _builder_version=\u00bb3.0.74&#8243; background_color=\u00bb#3b5998&#8243; bg_color=\u00bb#3b5998&#8243; link_shape=\u00bbrounded_rectangle\u00bb follow_button=\u00bbon\u00bb url_new_window=\u00bboff\u00bb] Facebook [\/et_pb_social_media_follow_network][et_pb_social_media_follow_network social_network=\u00bbgoogle-plus\u00bb url=\u00bbhttps:\/\/goo.gl\/maps\/poV2WxdUh8o\u00bb _builder_version=\u00bb3.12.2&#8243; background_color=\u00bb#dd4b39&#8243; bg_color=\u00bb#dd4b39&#8243; link_shape=\u00bbrounded_rectangle\u00bb follow_button=\u00bbon\u00bb url_new_window=\u00bboff\u00bb] Google+ [\/et_pb_social_media_follow_network][et_pb_social_media_follow_network social_network=\u00bbinstagram\u00bb url=\u00bbhttps:\/\/www.instagram.com\/moblesgallent\/\u00bb _builder_version=\u00bb3.17.6&#8243; background_color=\u00bb#ea2c59&#8243; link_shape=\u00bbrounded_rectangle\u00bb follow_button=\u00bbon\u00bb url_new_window=\u00bboff\u00bb]instagram[\/et_pb_social_media_follow_network][\/et_pb_social_media_follow][\/et_pb_column][\/et_pb_row][\/et_pb_section][et_pb_section fb_built=\u00bb1&#8243; admin_label=\u00bbSecci\u00f3n\u00bb _builder_version=\u00bb3.22.3&#8243;][et_pb_row padding_mobile=\u00bboff\u00bb column_padding_mobile=\u00bbon\u00bb admin_label=\u00bbFila\u00bb _builder_version=\u00bb3.25&#8243; background_size=\u00bbinitial\u00bb background_position=\u00bbtop_left\u00bb background_repeat=\u00bbrepeat\u00bb custom_margin=\u00bb-35px||-20px|\u00bb][et_pb_column type=\u00bb4_4&#8243; _builder_version=\u00bb3.25&#8243; custom_padding=\u00bb|||\u00bb custom_padding__hover=\u00bb|||\u00bb][et_pb_text admin_label=\u00bbTexto\u00bb _builder_version=\u00bb3.27.4&#8243; background_size=\u00bbinitial\u00bb background_position=\u00bbtop_left\u00bb background_repeat=\u00bbrepeat\u00bb use_border_color=\u00bboff\u00bb border_color=\u00bb#ffffff\u00bb border_style=\u00bbsolid\u00bb]<\/p>\n<p style=\"text-align: center;\"><span style=\"color: #000000;\"><strong><a class=\"footer3\" style=\"color: #000000;\" href=\"http:\/\/www.deltacocinas.com\">Deltacocinas\u00a0\u00a0 &#8211; \u00a0<\/a> <a class=\"footer3\" style=\"color: #000000;\" href=\"http:\/\/www.neff.es\/\">Siemens<\/a><a class=\"footer3\" style=\"color: #000000;\" href=\"http:\/\/www.neff.es\/\">Neff\u00a0 &#8211;<\/a>\u00a0 <a class=\"footer3\" style=\"color: #000000;\" href=\"http:\/\/www.bosch-home.es\/\">Bosch<\/a>\u00a0 &#8211;\u00a0 <a class=\"footer3\" style=\"color: #000000;\" href=\"http:\/\/www.balay.es\/\">Balay\u00a0<\/a> &#8211; <a class=\"footer3\" style=\"color: #000000;\" href=\"http:\/\/www.smeg.es\/\">Smeg\u00a0<\/a> &#8211; <a class=\"footer3\" style=\"color: #000000;\" href=\"http:\/\/www.franke.com\/kitchensystems\/es\/es\/home.html\">Franke\u00a0<\/a> &#8211;\u00a0 <a class=\"footer3\" style=\"color: #000000;\" href=\"http:\/\/www.blanco-germany.com\/es\/es\/home.html\">Blanco<\/a> &#8211; <a class=\"footer3\" style=\"color: #000000;\" href=\"https:\/\/www.gutmann-exklusiv.de\/es\/\">Gutmann<\/a> &#8211; <a class=\"footer3\" style=\"color: #000000;\" href=\"http:\/\/elica.com\/ES-es\">Elica <\/a>&#8211; <a class=\"footer3\" style=\"color: #000000;\" href=\"http:\/\/www.ondarreta.com\/\">Ondarreta<\/a> &#8211; <a class=\"footer3\" style=\"color: #000000;\" href=\"http:\/\/www.silestone.es\">Silestone<\/a> &#8211; <a class=\"footer3\" style=\"color: #000000;\" href=\"http:\/\/www.thesize.es\/\">Neolith<\/a> &#8211; Peque\u00f1os electrodom\u00e9sticos de dise\u00f1o Bugatti<\/strong><\/span><\/p>\n<p>[\/et_pb_text][\/et_pb_column][\/et_pb_row][\/et_pb_section]<\/p>","protected":false},"excerpt":{"rendered":"<p>Dissenyem i Projectem la seva cuina a Tarragona Estil modern, minimalista, cl\u00e0ssic, r\u00fastic &#8230; Mobiliari de cuina a Tarragona La cuina \u00e9s un dels espais m\u00e9s importants de la llar, el centre d&#8217;operacions a la vida familiar. Gallent \u00e9s especialista en el disseny i muntatge de tot tipus de cuines (modernes, minimalistes, cl\u00e0ssiques i r\u00fastiques), [&hellip;]<\/p>","protected":false},"author":1,"featured_media":0,"parent":0,"menu_order":0,"comment_status":"open","ping_status":"closed","template":"","meta":{"_et_pb_use_builder":"on","_et_pb_old_content":"","_et_gb_content_width":"","footnotes":""},"class_list":["post-706","page","type-page","status-publish","hentry"],"yoast_head":"<!-- This site is optimized with the Yoast SEO plugin v27.1.1 - https:\/\/yoast.com\/product\/yoast-seo-wordpress\/ -->\n<title>Mobiliario de cocina en Tarragona - Mobles Gallent<\/title>\n<meta name=\"description\" content=\"Mobiliario de Cocina en Tarragona - Mobles Gallent. Tenemos todo tipo de mobiliario para cocina, ba\u00f1o, instalaci\u00f3n de parquet y reformas. Visitanos ya!\" \/>\n<meta name=\"robots\" content=\"index, follow, max-snippet:-1, max-image-preview:large, max-video-preview:-1\" \/>\n<link rel=\"canonical\" href=\"https:\/\/www.moblesgallent.com\/ca\/inici\/\" \/>\n<meta property=\"og:locale\" content=\"ca_ES\" \/>\n<meta property=\"og:type\" content=\"article\" \/>\n<meta property=\"og:title\" content=\"Mobiliario de cocina en Tarragona - Mobles Gallent\" \/>\n<meta property=\"og:description\" content=\"Mobiliario de Cocina en Tarragona - Mobles Gallent. Tenemos todo tipo de mobiliario para cocina, ba\u00f1o, instalaci\u00f3n de parquet y reformas. Visitanos ya!\" \/>\n<meta property=\"og:url\" content=\"https:\/\/www.moblesgallent.com\/ca\/inici\/\" \/>\n<meta property=\"og:site_name\" content=\"Mobles Gallent | mobiliario de cocina | mobiliario de ba\u00f1o | mobiliario de sal\u00f3n | armarios | Reformas y dise\u00f1os de interiores en Tarragona\" \/>\n<meta property=\"article:modified_time\" content=\"2022-02-15T19:30:19+00:00\" \/>\n<meta property=\"og:image\" content=\"https:\/\/www.moblesgallent.com\/wp-content\/uploads\/2016\/02\/titulo-gallent231-300x57.png\" \/>\n<meta name=\"twitter:card\" content=\"summary_large_image\" \/>\n<meta name=\"twitter:label1\" content=\"Temps estimat de lectura\" \/>\n\t<meta name=\"twitter:data1\" content=\"11 minuts\" \/>\n<script type=\"application\/ld+json\" class=\"yoast-schema-graph\">{\"@context\":\"https:\/\/schema.org\",\"@graph\":[{\"@type\":\"WebPage\",\"@id\":\"https:\/\/www.moblesgallent.com\/inici\/\",\"url\":\"https:\/\/www.moblesgallent.com\/inici\/\",\"name\":\"Mobiliario de cocina en Tarragona - Mobles Gallent\",\"isPartOf\":{\"@id\":\"https:\/\/www.moblesgallent.com\/#website\"},\"primaryImageOfPage\":{\"@id\":\"https:\/\/www.moblesgallent.com\/inici\/#primaryimage\"},\"image\":{\"@id\":\"https:\/\/www.moblesgallent.com\/inici\/#primaryimage\"},\"thumbnailUrl\":\"https:\/\/www.moblesgallent.com\/wp-content\/uploads\/2016\/02\/titulo-gallent231-300x57.png\",\"datePublished\":\"2019-07-16T09:14:44+00:00\",\"dateModified\":\"2022-02-15T19:30:19+00:00\",\"description\":\"Mobiliario de Cocina en Tarragona - Mobles Gallent. Tenemos todo tipo de mobiliario para cocina, ba\u00f1o, instalaci\u00f3n de parquet y reformas. Visitanos ya!\",\"breadcrumb\":{\"@id\":\"https:\/\/www.moblesgallent.com\/inici\/#breadcrumb\"},\"inLanguage\":\"ca\",\"potentialAction\":[{\"@type\":\"ReadAction\",\"target\":[\"https:\/\/www.moblesgallent.com\/inici\/\"]}]},{\"@type\":\"ImageObject\",\"inLanguage\":\"ca\",\"@id\":\"https:\/\/www.moblesgallent.com\/inici\/#primaryimage\",\"url\":\"https:\/\/www.moblesgallent.com\/wp-content\/uploads\/2016\/02\/titulo-gallent231-300x57.png\",\"contentUrl\":\"https:\/\/www.moblesgallent.com\/wp-content\/uploads\/2016\/02\/titulo-gallent231-300x57.png\"},{\"@type\":\"BreadcrumbList\",\"@id\":\"https:\/\/www.moblesgallent.com\/inici\/#breadcrumb\",\"itemListElement\":[{\"@type\":\"ListItem\",\"position\":1,\"name\":\"Portada\",\"item\":\"https:\/\/www.moblesgallent.com\/\"},{\"@type\":\"ListItem\",\"position\":2,\"name\":\"Inici\"}]},{\"@type\":\"WebSite\",\"@id\":\"https:\/\/www.moblesgallent.com\/#website\",\"url\":\"https:\/\/www.moblesgallent.com\/\",\"name\":\"Mobles Gallent | mobiliario de cocina | mobiliario de ba\u00f1o | mobiliario de sal\u00f3n | armarios | Reformas y dise\u00f1os de interiores en Tarragona\",\"description\":\"Otro sitio realizado con Soft Optimiza Digital Media Empresas\",\"potentialAction\":[{\"@type\":\"SearchAction\",\"target\":{\"@type\":\"EntryPoint\",\"urlTemplate\":\"https:\/\/www.moblesgallent.com\/?s={search_term_string}\"},\"query-input\":{\"@type\":\"PropertyValueSpecification\",\"valueRequired\":true,\"valueName\":\"search_term_string\"}}],\"inLanguage\":\"ca\"}]}<\/script>\n<!-- \/ Yoast SEO plugin. -->","yoast_head_json":{"title":"Mobiliario de cocina en Tarragona - Mobles Gallent","description":"Mobiliario de Cocina en Tarragona - Mobles Gallent. Tenemos todo tipo de mobiliario para cocina, ba\u00f1o, instalaci\u00f3n de parquet y reformas. Visitanos ya!","robots":{"index":"index","follow":"follow","max-snippet":"max-snippet:-1","max-image-preview":"max-image-preview:large","max-video-preview":"max-video-preview:-1"},"canonical":"https:\/\/www.moblesgallent.com\/ca\/inici\/","og_locale":"ca_ES","og_type":"article","og_title":"Mobiliario de cocina en Tarragona - Mobles Gallent","og_description":"Mobiliario de Cocina en Tarragona - Mobles Gallent. Tenemos todo tipo de mobiliario para cocina, ba\u00f1o, instalaci\u00f3n de parquet y reformas. Visitanos ya!","og_url":"https:\/\/www.moblesgallent.com\/ca\/inici\/","og_site_name":"Mobles Gallent | mobiliario de cocina | mobiliario de ba\u00f1o | mobiliario de sal\u00f3n | armarios | Reformas y dise\u00f1os de interiores en Tarragona","article_modified_time":"2022-02-15T19:30:19+00:00","og_image":[{"url":"https:\/\/www.moblesgallent.com\/wp-content\/uploads\/2016\/02\/titulo-gallent231-300x57.png","type":"","width":"","height":""}],"twitter_card":"summary_large_image","twitter_misc":{"Temps estimat de lectura":"11 minuts"},"schema":{"@context":"https:\/\/schema.org","@graph":[{"@type":"WebPage","@id":"https:\/\/www.moblesgallent.com\/inici\/","url":"https:\/\/www.moblesgallent.com\/inici\/","name":"Mobiliario de cocina en Tarragona - Mobles Gallent","isPartOf":{"@id":"https:\/\/www.moblesgallent.com\/#website"},"primaryImageOfPage":{"@id":"https:\/\/www.moblesgallent.com\/inici\/#primaryimage"},"image":{"@id":"https:\/\/www.moblesgallent.com\/inici\/#primaryimage"},"thumbnailUrl":"https:\/\/www.moblesgallent.com\/wp-content\/uploads\/2016\/02\/titulo-gallent231-300x57.png","datePublished":"2019-07-16T09:14:44+00:00","dateModified":"2022-02-15T19:30:19+00:00","description":"Mobiliario de Cocina en Tarragona - Mobles Gallent. Tenemos todo tipo de mobiliario para cocina, ba\u00f1o, instalaci\u00f3n de parquet y reformas. Visitanos ya!","breadcrumb":{"@id":"https:\/\/www.moblesgallent.com\/inici\/#breadcrumb"},"inLanguage":"ca","potentialAction":[{"@type":"ReadAction","target":["https:\/\/www.moblesgallent.com\/inici\/"]}]},{"@type":"ImageObject","inLanguage":"ca","@id":"https:\/\/www.moblesgallent.com\/inici\/#primaryimage","url":"https:\/\/www.moblesgallent.com\/wp-content\/uploads\/2016\/02\/titulo-gallent231-300x57.png","contentUrl":"https:\/\/www.moblesgallent.com\/wp-content\/uploads\/2016\/02\/titulo-gallent231-300x57.png"},{"@type":"BreadcrumbList","@id":"https:\/\/www.moblesgallent.com\/inici\/#breadcrumb","itemListElement":[{"@type":"ListItem","position":1,"name":"Portada","item":"https:\/\/www.moblesgallent.com\/"},{"@type":"ListItem","position":2,"name":"Inici"}]},{"@type":"WebSite","@id":"https:\/\/www.moblesgallent.com\/#website","url":"https:\/\/www.moblesgallent.com\/","name":"Mobles Gallent | mobiliario de cocina | mobiliario de ba\u00f1o | mobiliario de sal\u00f3n | armarios | Reformas y dise\u00f1os de interiores en Tarragona","description":"Otro sitio realizado con Soft Optimiza Digital Media Empresas","potentialAction":[{"@type":"SearchAction","target":{"@type":"EntryPoint","urlTemplate":"https:\/\/www.moblesgallent.com\/?s={search_term_string}"},"query-input":{"@type":"PropertyValueSpecification","valueRequired":true,"valueName":"search_term_string"}}],"inLanguage":"ca"}]}},"_links":{"self":[{"href":"https:\/\/www.moblesgallent.com\/ca\/wp-json\/wp\/v2\/pages\/706","targetHints":{"allow":["GET"]}}],"collection":[{"href":"https:\/\/www.moblesgallent.com\/ca\/wp-json\/wp\/v2\/pages"}],"about":[{"href":"https:\/\/www.moblesgallent.com\/ca\/wp-json\/wp\/v2\/types\/page"}],"author":[{"embeddable":true,"href":"https:\/\/www.moblesgallent.com\/ca\/wp-json\/wp\/v2\/users\/1"}],"replies":[{"embeddable":true,"href":"https:\/\/www.moblesgallent.com\/ca\/wp-json\/wp\/v2\/comments?post=706"}],"version-history":[{"count":5,"href":"https:\/\/www.moblesgallent.com\/ca\/wp-json\/wp\/v2\/pages\/706\/revisions"}],"predecessor-version":[{"id":935,"href":"https:\/\/www.moblesgallent.com\/ca\/wp-json\/wp\/v2\/pages\/706\/revisions\/935"}],"wp:attachment":[{"href":"https:\/\/www.moblesgallent.com\/ca\/wp-json\/wp\/v2\/media?parent=706"}],"curies":[{"name":"wp","href":"https:\/\/api.w.org\/{rel}","templated":true}]}}