{"id":681,"date":"2019-03-18T10:09:23","date_gmt":"2019-03-18T10:09:23","guid":{"rendered":"https:\/\/www.moblesgallent.com\/?page_id=681"},"modified":"2023-08-31T15:44:10","modified_gmt":"2023-08-31T15:44:10","slug":"armarios-y-muebles-a-medida-en-tarragona","status":"publish","type":"page","link":"https:\/\/www.moblesgallent.com\/ca\/armarios-y-muebles-a-medida-en-tarragona\/","title":{"rendered":"Armaris i mobles a mida a Tarragona"},"content":{"rendered":"<p>[et_pb_section fb_built=\u00bb1&#8243; _builder_version=\u00bb4.7.7&#8243; _module_preset=\u00bbdefault\u00bb background_image=\u00bbhttps:\/\/www.moblesgallent.com\/wp-content\/uploads\/2021\/04\/Sin-titulo-1.jpg\u00bb custom_padding=\u00bb130px||127px|||\u00bb][et_pb_row _builder_version=\u00bb4.7.7&#8243; _module_preset=\u00bbdefault\u00bb background_color=\u00bbrgba(255,255,255,0.78)\u00bb custom_padding=\u00bb|1em||1em|false|true\u00bb][et_pb_column type=\u00bb4_4&#8243; _builder_version=\u00bb4.7.7&#8243; _module_preset=\u00bbdefault\u00bb][et_pb_text _builder_version=\u00bb4.7.7&#8243; text_font=\u00bb|||||on|||\u00bb text_font_size=\u00bb20px\u00bb header_font=\u00bb|300||on|||||\u00bb text_orientation=\u00bbcenter\u00bb]<\/p>\n<h1 style=\"text-align: center;\"><strong>Armarios y muebles a medida en Tarragona<\/strong><\/h1>\n<p>Te ofrecemos los mejores armarios y muebles a medida en Tarragona. Fabricaci\u00f3n propia de alta calidad. Armarios adaptados a tus necesidades y espacio.<\/p>\n<p>[\/et_pb_text][et_pb_button button_url=\u00bb@ET-DC@eyJkeW5hbWljIjp0cnVlLCJjb250ZW50IjoicG9zdF9saW5rX3VybF9wYWdlIiwic2V0dGluZ3MiOnsicG9zdF9pZCI6IjIxNiJ9fQ==@\u00bb button_text=\u00bbSolicita m\u00e1s informaci\u00f3n\u00bb button_alignment=\u00bbcenter\u00bb _builder_version=\u00bb4.7.7&#8243; _dynamic_attributes=\u00bbbutton_url\u00bb _module_preset=\u00bbdefault\u00bb custom_button=\u00bbon\u00bb button_use_icon=\u00bboff\u00bb][\/et_pb_button][\/et_pb_column][\/et_pb_row][\/et_pb_section][et_pb_section fb_built=\u00bb1&#8243; _builder_version=\u00bb3.22&#8243;][et_pb_row column_structure=\u00bb1_2,1_2&#8243; _builder_version=\u00bb4.7.7&#8243;][et_pb_column type=\u00bb1_2&#8243; _builder_version=\u00bb3.25&#8243; custom_padding=\u00bb|||\u00bb custom_padding__hover=\u00bb|||\u00bb][et_pb_text _builder_version=\u00bb4.7.7&#8243; text_font_size=\u00bb16px\u00bb]<\/p>\n<div style=\"text-align: justify;\">\n<h2><strong>Los mejores muebles y armarios a medida en Tarragona<\/strong><\/h2>\n<p>Adaptamos nuestros armarios a medida a cualquier espacio. \u00a1Si tiene problemas porque tiene alg\u00fan pilar, el techo abuhardillado, la zona de la ventana en una posici\u00f3n molesta, no se preocupe! Adaptamos armarios a medida para cualquier lugar con acabados impecables.<\/p>\n<p>Tenemos amplia experiencia en fabricaci\u00f3n e instalaci\u00f3n de armarios a medida en Tarragona. Por ello ya nos hemos encontrado con un gran n\u00famero de escenarios que se pueden presentar y que pueden requerir armarios o muebles a medida. Nuestros instaladores de muebles est\u00e1n acostumbrados a ofrecer soluciones para todo tipo de retos que su vivienda puede presentar.<\/p>\n<p>Personalizamos tus armarios y <strong>muebles<\/strong> nos adaptamos a cualquier medida. Al ser un producto a tu medida, te va a permitir distribuir y aprovechar al m\u00e1ximo los espacios de tu vivienda.<\/p>\n<\/div>\n<p>[\/et_pb_text][\/et_pb_column][et_pb_column type=\u00bb1_2&#8243; _builder_version=\u00bb3.25&#8243; custom_padding=\u00bb|||\u00bb custom_padding__hover=\u00bb|||\u00bb][et_pb_image src=\u00bbhttps:\/\/www.moblesgallent.com\/wp-content\/uploads\/2023\/04\/rectas_inspiracion2.jpg\u00bb show_in_lightbox=\u00bbon\u00bb align=\u00bbcenter\u00bb align_tablet=\u00bbcenter\u00bb align_phone=\u00bb\u00bb align_last_edited=\u00bbon|desktop\u00bb _builder_version=\u00bb4.7.7&#8243;][\/et_pb_image][\/et_pb_column][\/et_pb_row][et_pb_row column_structure=\u00bb2_5,3_5&#8243; _builder_version=\u00bb4.7.7&#8243; _module_preset=\u00bbdefault\u00bb][et_pb_column type=\u00bb2_5&#8243; _builder_version=\u00bb4.7.7&#8243; _module_preset=\u00bbdefault\u00bb][et_pb_image src=\u00bbhttps:\/\/www.moblesgallent.com\/wp-content\/uploads\/2021\/04\/armarios-a-medida.jpg\u00bb alt=\u00bbArmarios y muebles a medida en Tarragona\u00bb title_text=\u00bbArmarios y muebles a medida en Tarragona\u00bb _builder_version=\u00bb4.7.7&#8243; _module_preset=\u00bbdefault\u00bb][\/et_pb_image][\/et_pb_column][et_pb_column type=\u00bb3_5&#8243; _builder_version=\u00bb4.7.7&#8243; _module_preset=\u00bbdefault\u00bb][et_pb_text _builder_version=\u00bb4.7.7&#8243; _module_preset=\u00bbdefault\u00bb text_font_size=\u00bb16px\u00bb]<\/p>\n<div class=\"wpb_text_column wpb_content_element wpb_animate_when_almost_visible wpb_appear appear wpb_start_animation animated\">\n<div class=\"wpb_wrapper\">\n<h2 style=\"text-align: center;\">ARMARIO DE PUERTAS BATIENTES<\/h2>\n<\/div>\n<\/div>\n<div class=\"wpb_text_column wpb_content_element wpb_animate_when_almost_visible wpb_appear appear wpb_start_animation animated\">\n<div class=\"wpb_wrapper\">\n<p>Los armarios a medida de puertas batientes es uno de los m\u00e1s comunes. Es tan utilizado por su flexibilidad y adaptabilidad a las formas de la vivienda. Es ideal para sitios donde no hay suficiente anchura para instalar otros tipos de puerta o la l\u00ednea del techo no es paralela al suelo.<\/p>\n<p>Este tipo de armario puede tener todo tipo de profundidades, pero si se quieren utilizar perchas es recomendable que el armario tenga 60 cm o m\u00e1s de profundidad.<\/p>\n<p>Elige la distribuci\u00f3n interior que necesitas para tu armario con todos los accesorios y separaciones que deseas para tener toda tu ropa bien organizada y listo para pon\u00e9rtela.<\/p>\n<\/div>\n<\/div>\n<p>[\/et_pb_text][\/et_pb_column][\/et_pb_row][et_pb_row column_structure=\u00bb3_5,2_5&#8243; _builder_version=\u00bb4.7.7&#8243; _module_preset=\u00bbdefault\u00bb][et_pb_column type=\u00bb3_5&#8243; _builder_version=\u00bb4.7.7&#8243; _module_preset=\u00bbdefault\u00bb][et_pb_text _builder_version=\u00bb4.7.7&#8243; _module_preset=\u00bbdefault\u00bb text_font_size=\u00bb16px\u00bb]<\/p>\n<div class=\"wpb_text_column wpb_content_element wpb_animate_when_almost_visible wpb_appear appear wpb_start_animation animated\">\n<div class=\"wpb_wrapper\">\n<h2 style=\"text-align: center;\">ARMARIO DE PUERTAS CORREDERAS<\/h2>\n<\/div>\n<\/div>\n<div class=\"wpb_text_column wpb_content_element wpb_animate_when_almost_visible wpb_appear appear wpb_start_animation animated\">\n<div class=\"wpb_wrapper\">\n<p>Los armarios de puertas correderas tienen la ventaja de que al deslizarse unas sobre otras, no ocupan espacio en profundidad cuando abren. Por ello, los armarios de puertas correderas son ideales para zonas estrechas.<\/p>\n<p>Los sistemas de puertas correderas de nuestros armarios son de alta calidad, silenciosos y de f\u00e1cil uso.<\/p>\n<p>Igual que con los armarios a medida de puertas batiente, puedes elegir y personalizar el interior del armario a tu gusto y seg\u00fan tus necesidades de organizaci\u00f3n.<\/p>\n<\/div>\n<p>&nbsp;<\/p>\n<\/div>\n<p>[\/et_pb_text][\/et_pb_column][et_pb_column type=\u00bb2_5&#8243; _builder_version=\u00bb4.7.7&#8243; _module_preset=\u00bbdefault\u00bb][et_pb_image src=\u00bbhttps:\/\/www.moblesgallent.com\/wp-content\/uploads\/2021\/04\/armario-a-medida-puertas-deslizantes.jpg\u00bb alt=\u00bbArmarios y muebles a medida en Tarragona\u00bb title_text=\u00bbArmarios y muebles a medida en Tarragona\u00bb _builder_version=\u00bb4.7.7&#8243; _module_preset=\u00bbdefault\u00bb][\/et_pb_image][\/et_pb_column][\/et_pb_row][et_pb_row _builder_version=\u00bb4.7.7&#8243; _module_preset=\u00bbdefault\u00bb][et_pb_column type=\u00bb4_4&#8243; _builder_version=\u00bb4.7.7&#8243; _module_preset=\u00bbdefault\u00bb][et_pb_text _builder_version=\u00bb4.7.7&#8243; text_font_size=\u00bb16px\u00bb hover_enabled=\u00bb0&#8243; sticky_enabled=\u00bb0&#8243;]<\/p>\n<div style=\"text-align: justify;\">\n<h3>M\u00faltiples opciones para escoger<\/h3>\n<p><strong>Mobles Gallent<\/strong> cuenta con una dilatada experiencia en el dise\u00f1o, fabricaci\u00f3n e instalaci\u00f3n de armarios y muebles. Nos vamos adaptando a las tendencias del mercado y le asesoramos sobre la mejor soluci\u00f3n,\u00a0<strong>teniendo en cuenta el espacio disponible<\/strong> y eligiendo el mejor tipo de producto atendiendo al estilo que usted haya elegido para su hogar.<\/p>\n<p>&nbsp;<\/p>\n<h3>Solicita m\u00e1s informaci\u00f3n<\/h3>\n<div class=\"group w-full text-token-text-primary border-b border-black\/10 dark:border-gray-900\/50 bg-gray-50 dark:bg-[#444654]\" data-testid=\"conversation-turn-11\">\n<div class=\"p-4 justify-center text-base md:gap-6 md:py-6 lg:px-0 m-auto\">\n<div class=\"flex flex-1 gap-4 text-base mx-auto md:gap-6 md:max-w-2xl lg:max-w-[38rem] xl:max-w-3xl }\">\n<div class=\"relative flex w-[calc(100%-50px)] flex-col gap-1 md:gap-3 lg:w-[calc(100%-115px)]\">\n<div class=\"flex flex-grow flex-col gap-3 max-w-full\">\n<div class=\"min-h-[20px] flex flex-col items-start gap-3 overflow-x-auto whitespace-pre-wrap break-words\">\n<div class=\"markdown prose w-full break-words dark:prose-invert dark\">\n<p>Si est\u00e1s buscando dar vida a espacios de manera \u00fanica y eficiente, nuestros servicios de armarios y muebles a medida en Tarragona son la soluci\u00f3n que necesitas. Nos especializamos en crear soluciones de almacenamiento y mobiliario personalizadas que se adapten perfectamente a tus necesidades y estilo. Ya sea que desees optimizar el espacio de tu hogar u oficina con armarios dise\u00f1ados a medida o agregar un toque de funcionalidad y belleza con muebles exclusivos, estamos aqu\u00ed para convertir tus ideas en realidad. Si deseas obtener m\u00e1s informaci\u00f3n sobre c\u00f3mo nuestros expertos pueden transformar tus espacios con nuestros servicios de armarios y muebles a medida, no dudes en contactarnos.\u00a0<\/p>\n<\/div>\n<\/div>\n<\/div>\n<\/div>\n<\/div>\n<\/div>\n<\/div>\n<\/div>\n<p>[\/et_pb_text][et_pb_cta title=\u00bb\u00bfBuscas armarios a medida de alta calidad?\u00bb button_url=\u00bbhttps:\/\/www.moblesgallent.com\/contacto-con-mobles-gallent\/\u00bb button_text=\u00bbContacta con nosotros\u00bb _builder_version=\u00bb4.7.7&#8243; header_font=\u00bbVerdana||||||||\u00bb header_font_size=\u00bb18px\u00bb header_letter_spacing=\u00bb2px\u00bb header_line_height=\u00bb1.4em\u00bb body_font_size=\u00bb20px\u00bb background_color=\u00bb#8e8e8e\u00bb custom_button=\u00bbon\u00bb button_text_color=\u00bb#ffffff\u00bb button_bg_color=\u00bb#e02b20&#8243; button_border_width=\u00bb0px\u00bb button_use_icon=\u00bboff\u00bb header_font_size_tablet=\u00bb\u00bb header_font_size_phone=\u00bb15px\u00bb header_font_size_last_edited=\u00bbon|phone\u00bb locked=\u00bboff\u00bb button_bg_color__hover_enabled=\u00bbon|hover\u00bb button_bg_color__hover=\u00bb#230000&#8243; button_bg_enable_color__hover=\u00bbon\u00bb]<\/p>\n<p>Contacta con nosotros y te asesoramos para encontrar el mejor armario a medida.<\/p>\n<p>[\/et_pb_cta][\/et_pb_column][\/et_pb_row][et_pb_row _builder_version=\u00bb4.7.7&#8243; _module_preset=\u00bbdefault\u00bb][et_pb_column type=\u00bb4_4&#8243; _builder_version=\u00bb4.7.7&#8243; _module_preset=\u00bbdefault\u00bb][et_pb_blog fullwidth=\u00bboff\u00bb posts_number=\u00bb3&#8243; show_more=\u00bbon\u00bb show_author=\u00bboff\u00bb show_date=\u00bboff\u00bb show_categories=\u00bboff\u00bb show_pagination=\u00bboff\u00bb _builder_version=\u00bb4.7.7&#8243;][\/et_pb_blog][\/et_pb_column][\/et_pb_row][et_pb_row column_structure=\u00bb1_2,1_2&#8243; _builder_version=\u00bb4.7.7&#8243; _module_preset=\u00bbdefault\u00bb][et_pb_column type=\u00bb1_2&#8243; _builder_version=\u00bb4.7.7&#8243; _module_preset=\u00bbdefault\u00bb][et_pb_image src=\u00bbhttps:\/\/www.moblesgallent.com\/wp-content\/uploads\/2016\/02\/armarios.jpg\u00bb alt=\u00bbArmarios y muebles a medida en Tarragona\u00bb title_text=\u00bbArmarios y muebles a medida en Tarragona\u00bb _builder_version=\u00bb4.7.7&#8243; _module_preset=\u00bbdefault\u00bb][\/et_pb_image][\/et_pb_column][et_pb_column type=\u00bb1_2&#8243; _builder_version=\u00bb4.7.7&#8243; _module_preset=\u00bbdefault\u00bb][et_pb_image src=\u00bbhttps:\/\/www.moblesgallent.com\/wp-content\/uploads\/2016\/02\/cocina2.png\u00bb alt=\u00bbArmarios y muebles a medida en Tarragona\u00bb title_text=\u00bbArmarios y muebles a medida en Tarragona\u00bb _builder_version=\u00bb4.7.7&#8243; _module_preset=\u00bbdefault\u00bb][\/et_pb_image][\/et_pb_column][\/et_pb_row][\/et_pb_section]<\/p>","protected":false},"excerpt":{"rendered":"<p>Armarios y muebles a medida en Tarragona Te ofrecemos los mejores armarios y muebles a medida en Tarragona. Fabricaci\u00f3n propia de alta calidad. Armarios adaptados a tus necesidades y espacio. Los mejores muebles y armarios a medida en Tarragona Adaptamos nuestros armarios a medida a cualquier espacio. \u00a1Si tiene problemas porque tiene alg\u00fan pilar, el [&hellip;]<\/p>","protected":false},"author":1,"featured_media":0,"parent":0,"menu_order":0,"comment_status":"closed","ping_status":"closed","template":"","meta":{"_et_pb_use_builder":"on","_et_pb_old_content":"","_et_gb_content_width":"","footnotes":""},"class_list":["post-681","page","type-page","status-publish","hentry"],"yoast_head":"<!-- This site is optimized with the Yoast SEO plugin v27.1.1 - https:\/\/yoast.com\/product\/yoast-seo-wordpress\/ -->\n<title>Armarios y muebles a medida en Tarragona | Mobles Gallent<\/title>\n<meta name=\"description\" content=\"Muebles y Armarios a medida en Tarragona con la mejor relaci\u00f3n calidad - precio. Contacta con nosotros o vis\u00edtanos en Tarragona.\" \/>\n<meta name=\"robots\" content=\"index, follow, max-snippet:-1, max-image-preview:large, max-video-preview:-1\" \/>\n<link rel=\"canonical\" href=\"https:\/\/www.moblesgallent.com\/ca\/armarios-y-muebles-a-medida-en-tarragona\/\" \/>\n<meta property=\"og:locale\" content=\"ca_ES\" \/>\n<meta property=\"og:type\" content=\"article\" \/>\n<meta property=\"og:title\" content=\"Armarios y muebles a medida en Tarragona | Mobles Gallent\" \/>\n<meta property=\"og:description\" content=\"Muebles y Armarios a medida en Tarragona con la mejor relaci\u00f3n calidad - precio. Contacta con nosotros o vis\u00edtanos en Tarragona.\" \/>\n<meta property=\"og:url\" content=\"https:\/\/www.moblesgallent.com\/ca\/armarios-y-muebles-a-medida-en-tarragona\/\" \/>\n<meta property=\"og:site_name\" content=\"Mobles Gallent | mobiliario de cocina | mobiliario de ba\u00f1o | mobiliario de sal\u00f3n | armarios | Reformas y dise\u00f1os de interiores en Tarragona\" \/>\n<meta property=\"article:modified_time\" content=\"2023-08-31T15:44:10+00:00\" \/>\n<meta name=\"twitter:card\" content=\"summary_large_image\" \/>\n<meta name=\"twitter:label1\" content=\"Temps estimat de lectura\" \/>\n\t<meta name=\"twitter:data1\" content=\"3 minuts\" \/>\n<script type=\"application\/ld+json\" class=\"yoast-schema-graph\">{\"@context\":\"https:\/\/schema.org\",\"@graph\":[{\"@type\":\"WebPage\",\"@id\":\"https:\/\/www.moblesgallent.com\/armarios-y-muebles-a-medida-en-tarragona\/\",\"url\":\"https:\/\/www.moblesgallent.com\/armarios-y-muebles-a-medida-en-tarragona\/\",\"name\":\"Armarios y muebles a medida en Tarragona | Mobles Gallent\",\"isPartOf\":{\"@id\":\"https:\/\/www.moblesgallent.com\/#website\"},\"datePublished\":\"2019-03-18T10:09:23+00:00\",\"dateModified\":\"2023-08-31T15:44:10+00:00\",\"description\":\"Muebles y Armarios a medida en Tarragona con la mejor relaci\u00f3n calidad - precio. Contacta con nosotros o vis\u00edtanos en Tarragona.\",\"breadcrumb\":{\"@id\":\"https:\/\/www.moblesgallent.com\/armarios-y-muebles-a-medida-en-tarragona\/#breadcrumb\"},\"inLanguage\":\"ca\",\"potentialAction\":[{\"@type\":\"ReadAction\",\"target\":[\"https:\/\/www.moblesgallent.com\/armarios-y-muebles-a-medida-en-tarragona\/\"]}]},{\"@type\":\"BreadcrumbList\",\"@id\":\"https:\/\/www.moblesgallent.com\/armarios-y-muebles-a-medida-en-tarragona\/#breadcrumb\",\"itemListElement\":[{\"@type\":\"ListItem\",\"position\":1,\"name\":\"Portada\",\"item\":\"https:\/\/www.moblesgallent.com\/\"},{\"@type\":\"ListItem\",\"position\":2,\"name\":\"Armarios y muebles a medida en Tarragona\"}]},{\"@type\":\"WebSite\",\"@id\":\"https:\/\/www.moblesgallent.com\/#website\",\"url\":\"https:\/\/www.moblesgallent.com\/\",\"name\":\"Mobles Gallent | mobiliario de cocina | mobiliario de ba\u00f1o | mobiliario de sal\u00f3n | armarios | Reformas y dise\u00f1os de interiores en Tarragona\",\"description\":\"Otro sitio realizado con Soft Optimiza Digital Media Empresas\",\"potentialAction\":[{\"@type\":\"SearchAction\",\"target\":{\"@type\":\"EntryPoint\",\"urlTemplate\":\"https:\/\/www.moblesgallent.com\/?s={search_term_string}\"},\"query-input\":{\"@type\":\"PropertyValueSpecification\",\"valueRequired\":true,\"valueName\":\"search_term_string\"}}],\"inLanguage\":\"ca\"}]}<\/script>\n<!-- \/ Yoast SEO plugin. -->","yoast_head_json":{"title":"Armarios y muebles a medida en Tarragona | Mobles Gallent","description":"Muebles y Armarios a medida en Tarragona con la mejor relaci\u00f3n calidad - precio. Contacta con nosotros o vis\u00edtanos en Tarragona.","robots":{"index":"index","follow":"follow","max-snippet":"max-snippet:-1","max-image-preview":"max-image-preview:large","max-video-preview":"max-video-preview:-1"},"canonical":"https:\/\/www.moblesgallent.com\/ca\/armarios-y-muebles-a-medida-en-tarragona\/","og_locale":"ca_ES","og_type":"article","og_title":"Armarios y muebles a medida en Tarragona | Mobles Gallent","og_description":"Muebles y Armarios a medida en Tarragona con la mejor relaci\u00f3n calidad - precio. Contacta con nosotros o vis\u00edtanos en Tarragona.","og_url":"https:\/\/www.moblesgallent.com\/ca\/armarios-y-muebles-a-medida-en-tarragona\/","og_site_name":"Mobles Gallent | mobiliario de cocina | mobiliario de ba\u00f1o | mobiliario de sal\u00f3n | armarios | Reformas y dise\u00f1os de interiores en Tarragona","article_modified_time":"2023-08-31T15:44:10+00:00","twitter_card":"summary_large_image","twitter_misc":{"Temps estimat de lectura":"3 minuts"},"schema":{"@context":"https:\/\/schema.org","@graph":[{"@type":"WebPage","@id":"https:\/\/www.moblesgallent.com\/armarios-y-muebles-a-medida-en-tarragona\/","url":"https:\/\/www.moblesgallent.com\/armarios-y-muebles-a-medida-en-tarragona\/","name":"Armarios y muebles a medida en Tarragona | Mobles Gallent","isPartOf":{"@id":"https:\/\/www.moblesgallent.com\/#website"},"datePublished":"2019-03-18T10:09:23+00:00","dateModified":"2023-08-31T15:44:10+00:00","description":"Muebles y Armarios a medida en Tarragona con la mejor relaci\u00f3n calidad - precio. Contacta con nosotros o vis\u00edtanos en Tarragona.","breadcrumb":{"@id":"https:\/\/www.moblesgallent.com\/armarios-y-muebles-a-medida-en-tarragona\/#breadcrumb"},"inLanguage":"ca","potentialAction":[{"@type":"ReadAction","target":["https:\/\/www.moblesgallent.com\/armarios-y-muebles-a-medida-en-tarragona\/"]}]},{"@type":"BreadcrumbList","@id":"https:\/\/www.moblesgallent.com\/armarios-y-muebles-a-medida-en-tarragona\/#breadcrumb","itemListElement":[{"@type":"ListItem","position":1,"name":"Portada","item":"https:\/\/www.moblesgallent.com\/"},{"@type":"ListItem","position":2,"name":"Armarios y muebles a medida en Tarragona"}]},{"@type":"WebSite","@id":"https:\/\/www.moblesgallent.com\/#website","url":"https:\/\/www.moblesgallent.com\/","name":"Mobles Gallent | mobiliario de cocina | mobiliario de ba\u00f1o | mobiliario de sal\u00f3n | armarios | Reformas y dise\u00f1os de interiores en Tarragona","description":"Otro sitio realizado con Soft Optimiza Digital Media Empresas","potentialAction":[{"@type":"SearchAction","target":{"@type":"EntryPoint","urlTemplate":"https:\/\/www.moblesgallent.com\/?s={search_term_string}"},"query-input":{"@type":"PropertyValueSpecification","valueRequired":true,"valueName":"search_term_string"}}],"inLanguage":"ca"}]}},"_links":{"self":[{"href":"https:\/\/www.moblesgallent.com\/ca\/wp-json\/wp\/v2\/pages\/681","targetHints":{"allow":["GET"]}}],"collection":[{"href":"https:\/\/www.moblesgallent.com\/ca\/wp-json\/wp\/v2\/pages"}],"about":[{"href":"https:\/\/www.moblesgallent.com\/ca\/wp-json\/wp\/v2\/types\/page"}],"author":[{"embeddable":true,"href":"https:\/\/www.moblesgallent.com\/ca\/wp-json\/wp\/v2\/users\/1"}],"replies":[{"embeddable":true,"href":"https:\/\/www.moblesgallent.com\/ca\/wp-json\/wp\/v2\/comments?post=681"}],"version-history":[{"count":19,"href":"https:\/\/www.moblesgallent.com\/ca\/wp-json\/wp\/v2\/pages\/681\/revisions"}],"predecessor-version":[{"id":1956,"href":"https:\/\/www.moblesgallent.com\/ca\/wp-json\/wp\/v2\/pages\/681\/revisions\/1956"}],"wp:attachment":[{"href":"https:\/\/www.moblesgallent.com\/ca\/wp-json\/wp\/v2\/media?parent=681"}],"curies":[{"name":"wp","href":"https:\/\/api.w.org\/{rel}","templated":true}]}}