{"id":216,"date":"2016-02-18T09:06:33","date_gmt":"2016-02-18T09:06:33","guid":{"rendered":"http:\/\/www.moblesgallent.com\/?page_id=216"},"modified":"2025-08-14T17:18:29","modified_gmt":"2025-08-14T17:18:29","slug":"contacto-con-mobles-gallent","status":"publish","type":"page","link":"https:\/\/www.moblesgallent.com\/ca\/contacto-con-mobles-gallent\/","title":{"rendered":"Contacte"},"content":{"rendered":"<p>[et_pb_section fb_built=\u00bb1&#8243; custom_padding_last_edited=\u00bbon|desktop\u00bb _builder_version=\u00bb4.16&#8243; background_color=\u00bb#dddddd\u00bb custom_padding=\u00bb0|0px|1px|0px|false|false\u00bb custom_padding_tablet=\u00bb50px|0|50px|0&#8243; custom_padding_phone=\u00bb\u00bb transparent_background=\u00bboff\u00bb global_colors_info=\u00bb{}\u00bb][et_pb_row _builder_version=\u00bb4.16&#8243; background_size=\u00bbinitial\u00bb background_position=\u00bbtop_left\u00bb background_repeat=\u00bbrepeat\u00bb global_colors_info=\u00bb{}\u00bb][et_pb_column type=\u00bb4_4&#8243; _builder_version=\u00bb4.16&#8243; custom_padding=\u00bb|||\u00bb global_colors_info=\u00bb{}\u00bb custom_padding__hover=\u00bb|||\u00bb][et_pb_text _builder_version=\u00bb4.16&#8243; background_size=\u00bbinitial\u00bb background_position=\u00bbtop_left\u00bb background_repeat=\u00bbrepeat\u00bb module_alignment=\u00bbleft\u00bb use_border_color=\u00bboff\u00bb border_color=\u00bb#ffffff\u00bb border_style=\u00bbsolid\u00bb global_colors_info=\u00bb{}\u00bb]<\/p>\n<h1 style=\"text-align: center;\"><img decoding=\"async\" class=\"wp-image-591 alignleft lazyload\" data-src=\"https:\/\/www.moblesgallent.com\/wp-content\/uploads\/2016\/02\/contacto.png\" alt=\"contacto\" width=\"208\" height=\"199\" src=\"data:image\/svg+xml;base64,PHN2ZyB3aWR0aD0iMSIgaGVpZ2h0PSIxIiB4bWxucz0iaHR0cDovL3d3dy53My5vcmcvMjAwMC9zdmciPjwvc3ZnPg==\" style=\"--smush-placeholder-width: 208px; --smush-placeholder-aspect-ratio: 208\/199;\" \/><\/h1>\n<h1 style=\"text-align: center;\"><\/h1>\n<h1 style=\"text-align: center;\">Contacto con Mobles Gallent en Tarragona<\/h1>\n<p>&nbsp;<\/p>\n<h3 style=\"text-align: center;\">Rellene el formulario y les contestaremos en la mayor brevedad posible<\/h3>\n<p>[\/et_pb_text][\/et_pb_column][\/et_pb_row][\/et_pb_section][et_pb_section fb_built=\u00bb1&#8243; _builder_version=\u00bb4.16&#8243; global_colors_info=\u00bb{}\u00bb][et_pb_row column_structure=\u00bb1_5,3_5,1_5&#8243; _builder_version=\u00bb4.16&#8243; background_size=\u00bbinitial\u00bb background_position=\u00bbtop_left\u00bb background_repeat=\u00bbrepeat\u00bb global_colors_info=\u00bb{}\u00bb][et_pb_column type=\u00bb1_5&#8243; _builder_version=\u00bb4.16&#8243; custom_padding=\u00bb|||\u00bb global_colors_info=\u00bb{}\u00bb custom_padding__hover=\u00bb|||\u00bb][et_pb_image src=\u00bbhttps:\/\/www.moblesgallent.com\/wp-content\/uploads\/2019\/02\/muebles-de-bany.jpg\u00bb show_in_lightbox=\u00bbon\u00bb align_tablet=\u00bbcenter\u00bb align_phone=\u00bb\u00bb align_last_edited=\u00bbon|desktop\u00bb _builder_version=\u00bb4.16&#8243; global_colors_info=\u00bb{}\u00bb][\/et_pb_image][\/et_pb_column][et_pb_column type=\u00bb3_5&#8243; _builder_version=\u00bb4.16&#8243; custom_padding=\u00bb|||\u00bb global_colors_info=\u00bb{}\u00bb custom_padding__hover=\u00bb|||\u00bb][et_pb_contact_form captcha=\u00bboff\u00bb email=\u00bbfgallent@gmail.com, info@moblesgallent.com\u00bb success_message=\u00bbGracias por escribirnos. En breve les contactamos.\u00bb module_id=\u00bbet_pb_contact_form_0&#8243; _builder_version=\u00bb4.16&#8243; _unique_id=\u00bb7081963c-61dc-4f20-a20d-007156340b38&#8243; title_font_size=\u00bb22&#8243; custom_button=\u00bbon\u00bb button_text_size=\u00bb18&#8243; button_border_width=\u00bb1&#8243; button_icon=\u00bb&#x6b;||divi||400&#8243; border_width_all=\u00bb1px\u00bb border_color_all=\u00bb#000000&#8243; border_style_all=\u00bbinset\u00bb use_border_color=\u00bbon\u00bb border_color=\u00bb#000000&#8243; border_style=\u00bbinset\u00bb global_colors_info=\u00bb{}\u00bb][et_pb_contact_field field_id=\u00bbNombre\u00bb field_title=\u00bbNombre\u00bb _builder_version=\u00bb4.16&#8243; form_field_font=\u00bb||||\u00bb use_border_color=\u00bboff\u00bb border_style=\u00bbsolid\u00bb global_colors_info=\u00bb{}\u00bb button_text_size__hover_enabled=\u00bboff\u00bb button_one_text_size__hover_enabled=\u00bboff\u00bb button_two_text_size__hover_enabled=\u00bboff\u00bb button_text_color__hover_enabled=\u00bboff\u00bb button_one_text_color__hover_enabled=\u00bboff\u00bb button_two_text_color__hover_enabled=\u00bboff\u00bb button_border_width__hover_enabled=\u00bboff\u00bb button_one_border_width__hover_enabled=\u00bboff\u00bb button_two_border_width__hover_enabled=\u00bboff\u00bb button_border_color__hover_enabled=\u00bboff\u00bb button_one_border_color__hover_enabled=\u00bboff\u00bb button_two_border_color__hover_enabled=\u00bboff\u00bb button_border_radius__hover_enabled=\u00bboff\u00bb button_one_border_radius__hover_enabled=\u00bboff\u00bb button_two_border_radius__hover_enabled=\u00bboff\u00bb button_letter_spacing__hover_enabled=\u00bboff\u00bb button_one_letter_spacing__hover_enabled=\u00bboff\u00bb button_two_letter_spacing__hover_enabled=\u00bboff\u00bb button_bg_color__hover_enabled=\u00bboff\u00bb button_one_bg_color__hover_enabled=\u00bboff\u00bb button_two_bg_color__hover_enabled=\u00bboff\u00bb] [\/et_pb_contact_field][et_pb_contact_field field_id=\u00bbcorreo_elect\u00f3nico\u00bb field_title=\u00bbDirecci\u00f3n de correo electr\u00f3nico\u00bb field_type=\u00bbemail\u00bb _builder_version=\u00bb4.16&#8243; form_field_font=\u00bb||||\u00bb use_border_color=\u00bboff\u00bb border_style=\u00bbsolid\u00bb global_colors_info=\u00bb{}\u00bb button_text_size__hover_enabled=\u00bboff\u00bb button_one_text_size__hover_enabled=\u00bboff\u00bb button_two_text_size__hover_enabled=\u00bboff\u00bb button_text_color__hover_enabled=\u00bboff\u00bb button_one_text_color__hover_enabled=\u00bboff\u00bb button_two_text_color__hover_enabled=\u00bboff\u00bb button_border_width__hover_enabled=\u00bboff\u00bb button_one_border_width__hover_enabled=\u00bboff\u00bb button_two_border_width__hover_enabled=\u00bboff\u00bb button_border_color__hover_enabled=\u00bboff\u00bb button_one_border_color__hover_enabled=\u00bboff\u00bb button_two_border_color__hover_enabled=\u00bboff\u00bb button_border_radius__hover_enabled=\u00bboff\u00bb button_one_border_radius__hover_enabled=\u00bboff\u00bb button_two_border_radius__hover_enabled=\u00bboff\u00bb button_letter_spacing__hover_enabled=\u00bboff\u00bb button_one_letter_spacing__hover_enabled=\u00bboff\u00bb button_two_letter_spacing__hover_enabled=\u00bboff\u00bb button_bg_color__hover_enabled=\u00bboff\u00bb button_one_bg_color__hover_enabled=\u00bboff\u00bb button_two_bg_color__hover_enabled=\u00bboff\u00bb] [\/et_pb_contact_field][et_pb_contact_field field_id=\u00bbMensaje\u00bb field_title=\u00bbMensaje\u00bb field_type=\u00bbtext\u00bb fullwidth_field=\u00bbon\u00bb _builder_version=\u00bb4.16&#8243; form_field_font=\u00bb||||\u00bb use_border_color=\u00bboff\u00bb border_style=\u00bbsolid\u00bb global_colors_info=\u00bb{}\u00bb button_text_size__hover_enabled=\u00bboff\u00bb button_one_text_size__hover_enabled=\u00bboff\u00bb button_two_text_size__hover_enabled=\u00bboff\u00bb button_text_color__hover_enabled=\u00bboff\u00bb button_one_text_color__hover_enabled=\u00bboff\u00bb button_two_text_color__hover_enabled=\u00bboff\u00bb button_border_width__hover_enabled=\u00bboff\u00bb button_one_border_width__hover_enabled=\u00bboff\u00bb button_two_border_width__hover_enabled=\u00bboff\u00bb button_border_color__hover_enabled=\u00bboff\u00bb button_one_border_color__hover_enabled=\u00bboff\u00bb button_two_border_color__hover_enabled=\u00bboff\u00bb button_border_radius__hover_enabled=\u00bboff\u00bb button_one_border_radius__hover_enabled=\u00bboff\u00bb button_two_border_radius__hover_enabled=\u00bboff\u00bb button_letter_spacing__hover_enabled=\u00bboff\u00bb button_one_letter_spacing__hover_enabled=\u00bboff\u00bb button_two_letter_spacing__hover_enabled=\u00bboff\u00bb button_bg_color__hover_enabled=\u00bboff\u00bb button_one_bg_color__hover_enabled=\u00bboff\u00bb button_two_bg_color__hover_enabled=\u00bboff\u00bb] [\/et_pb_contact_field][\/et_pb_contact_form][\/et_pb_column][et_pb_column type=\u00bb1_5&#8243; _builder_version=\u00bb4.16&#8243; custom_padding=\u00bb|||\u00bb global_colors_info=\u00bb{}\u00bb custom_padding__hover=\u00bb|||\u00bb][et_pb_map address=\u00bbCarrer de Santes Creus, 1, 43764 El Catllar, Tarragona, Espa\u00f1a\u00bb zoom_level=\u00bb15&#8243; address_lat=\u00bb41.167907231344266&#8243; address_lng=\u00bb1.2754418341505858&#8243; mouse_wheel=\u00bboff\u00bb _builder_version=\u00bb4.16&#8243; global_colors_info=\u00bb{}\u00bb][et_pb_map_pin title=\u00bbMobles Gallent en Tarragona\u00bb pin_address=\u00bbCarrer de Santes Creus, 1, 43764 El Catllar, Tarragona, Espa\u00f1a\u00bb pin_address_lat=\u00bb41.17054&#8243; pin_address_lng=\u00bb1.2783699999999953&#8243; _builder_version=\u00bb3.0.47&#8243; global_colors_info=\u00bb{}\u00bb]Mobles Gallent<br \/>\n[\/et_pb_map_pin][\/et_pb_map][\/et_pb_column][\/et_pb_row][\/et_pb_section][et_pb_section fb_built=\u00bb1&#8243; _builder_version=\u00bb4.25.0&#8243; _module_preset=\u00bbdefault\u00bb background_color=\u00bb#dddddd\u00bb custom_padding=\u00bb||0px||false|false\u00bb global_colors_info=\u00bb{}\u00bb global_module=\u00bb1992&#8243; theme_builder_area=\u00bbpost_content\u00bb][et_pb_row column_structure=\u00bb1_4,1_4,1_4,1_4&#8243; _builder_version=\u00bb4.16&#8243; _module_preset=\u00bbdefault\u00bb global_colors_info=\u00bb{}\u00bb theme_builder_area=\u00bbpost_content\u00bb][et_pb_column type=\u00bb1_4&#8243; _builder_version=\u00bb4.16&#8243; _module_preset=\u00bbdefault\u00bb global_colors_info=\u00bb{}\u00bb theme_builder_area=\u00bbpost_content\u00bb][et_pb_text _builder_version=\u00bb4.25.0&#8243; _module_preset=\u00bbdefault\u00bb global_colors_info=\u00bb{}\u00bb theme_builder_area=\u00bbpost_content\u00bb]<\/p>\n<h4><strong>Mobles Gallent Tarragona<\/strong><\/h4>\n<p><strong><\/strong><\/p>\n<p>Carrer de Jaume I, 12,<br \/>\n43005 Tarragona[\/et_pb_text][\/et_pb_column][et_pb_column type=\u00bb1_4&#8243; _builder_version=\u00bb4.16&#8243; _module_preset=\u00bbdefault\u00bb global_colors_info=\u00bb{}\u00bb theme_builder_area=\u00bbpost_content\u00bb][et_pb_text _builder_version=\u00bb4.16&#8243; _module_preset=\u00bbdefault\u00bb global_colors_info=\u00bb{}\u00bb theme_builder_area=\u00bbpost_content\u00bb]<\/p>\n<h4><strong>Horario<\/strong><\/h4>\n<p><strong><\/strong><\/p>\n<p><strong>Lunes a Viernes:\u00a0<\/strong> de 9 a 13 h &#8211; 16 a 19 h<br \/> <strong>S\u00e1bado:<\/strong> s\u00f3lo con cita previa<\/p>\n<p>[\/et_pb_text][\/et_pb_column][et_pb_column type=\u00bb1_4&#8243; _builder_version=\u00bb4.16&#8243; _module_preset=\u00bbdefault\u00bb global_colors_info=\u00bb{}\u00bb theme_builder_area=\u00bbpost_content\u00bb][et_pb_text _builder_version=\u00bb4.16&#8243; _module_preset=\u00bbdefault\u00bb locked=\u00bboff\u00bb global_colors_info=\u00bb{}\u00bb theme_builder_area=\u00bbpost_content\u00bb]<\/p>\n<h4><strong>Datos de contacto<\/strong><\/h4>\n<p><strong><\/strong><\/p>\n<p>Tel. <strong><a href=\"tel:\/\/645914130\">645914130<\/a><\/strong> &#8211;\u00a0<strong><a href=\"https:\/\/www.moblesgallent.com\/977%20524%20343\"><span id=\"et-info-phone\">653 476 038<\/span><\/a><\/strong><strong><span><br \/> <\/span><\/strong>Correo: info@moblesgallent.com<\/p>\n<p>[\/et_pb_text][\/et_pb_column][et_pb_column type=\u00bb1_4&#8243; _builder_version=\u00bb4.16&#8243; _module_preset=\u00bbdefault\u00bb global_colors_info=\u00bb{}\u00bb theme_builder_area=\u00bbpost_content\u00bb][et_pb_text _builder_version=\u00bb4.16&#8243; _module_preset=\u00bbdefault\u00bb global_colors_info=\u00bb{}\u00bb theme_builder_area=\u00bbpost_content\u00bb]<\/p>\n<h3><strong>S\u00edguenos en<\/strong><\/h3>\n<p>[\/et_pb_text][et_pb_social_media_follow _builder_version=\u00bb4.16&#8243; _module_preset=\u00bbdefault\u00bb global_colors_info=\u00bb{}\u00bb theme_builder_area=\u00bbpost_content\u00bb][et_pb_social_media_follow_network social_network=\u00bbfacebook\u00bb url=\u00bbhttps:\/\/www.facebook.com\/Mobles-Gallent-316146838468985&#8243; _builder_version=\u00bb4.16&#8243; _module_preset=\u00bbdefault\u00bb background_color=\u00bb#3b5998&#8243; global_colors_info=\u00bb{}\u00bb theme_builder_area=\u00bbpost_content\u00bb follow_button=\u00bboff\u00bb url_new_window=\u00bbon\u00bb]facebook[\/et_pb_social_media_follow_network][et_pb_social_media_follow_network social_network=\u00bbinstagram\u00bb url=\u00bbhttps:\/\/www.instagram.com\/moblesgallent\/\u00bb _builder_version=\u00bb4.16&#8243; _module_preset=\u00bbdefault\u00bb background_color=\u00bb#ea2c59&#8243; global_colors_info=\u00bb{}\u00bb theme_builder_area=\u00bbpost_content\u00bb follow_button=\u00bboff\u00bb url_new_window=\u00bbon\u00bb]instagram[\/et_pb_social_media_follow_network][et_pb_social_media_follow_network social_network=\u00bbgoogle-plus\u00bb url=\u00bbhttps:\/\/goo.gl\/maps\/poV2WxdUh8o\u00bb _builder_version=\u00bb4.16&#8243; _module_preset=\u00bbdefault\u00bb background_color=\u00bb#dd4b39&#8243; global_colors_info=\u00bb{}\u00bb theme_builder_area=\u00bbpost_content\u00bb follow_button=\u00bboff\u00bb url_new_window=\u00bbon\u00bb]google-plus[\/et_pb_social_media_follow_network][\/et_pb_social_media_follow][\/et_pb_column][\/et_pb_row][et_pb_row padding_mobile=\u00bboff\u00bb column_padding_mobile=\u00bbon\u00bb admin_label=\u00bbFila\u00bb _builder_version=\u00bb4.25.0&#8243; background_color=\u00bb#FFFFFF\u00bb background_size=\u00bbinitial\u00bb background_position=\u00bbtop_left\u00bb background_repeat=\u00bbrepeat\u00bb width=\u00bb100%\u00bb max_width=\u00bb100%\u00bb module_alignment=\u00bbcenter\u00bb custom_margin=\u00bb||||false|false\u00bb global_colors_info=\u00bb{}\u00bb theme_builder_area=\u00bbpost_content\u00bb][et_pb_column type=\u00bb4_4&#8243; _builder_version=\u00bb4.16&#8243; custom_padding=\u00bb|||\u00bb global_colors_info=\u00bb{}\u00bb custom_padding__hover=\u00bb|||\u00bb theme_builder_area=\u00bbpost_content\u00bb][et_pb_text admin_label=\u00bbTexto\u00bb _builder_version=\u00bb4.16&#8243; text_font=\u00bb|600|||||||\u00bb text_text_color=\u00bb#000000&#8243; link_font=\u00bb|600|||||||\u00bb link_text_color=\u00bb#000000&#8243; background_size=\u00bbinitial\u00bb background_position=\u00bbtop_left\u00bb background_repeat=\u00bbrepeat\u00bb text_orientation=\u00bbcenter\u00bb custom_css_main_element=\u00bbopacity:.6;\u00bb use_border_color=\u00bboff\u00bb border_color=\u00bb#ffffff\u00bb border_style=\u00bbsolid\u00bb global_colors_info=\u00bb{}\u00bb theme_builder_area=\u00bbpost_content\u00bb]<\/p>\n<p><a class=\"footer3\" href=\"http:\/\/www.deltacocinas.com\" rel=\"nofollow\">Deltacocinas\u00a0\u00a0 &#8211; \u00a0<\/a> <a class=\"footer3\" href=\"http:\/\/www.neff.es\/\" rel=\"nofollow\">Siemens<\/a><a class=\"footer3\" href=\"http:\/\/www.neff.es\/\" rel=\"nofollow\">Neff\u00a0 &#8211;<\/a>\u00a0 <a class=\"footer3\" href=\"http:\/\/www.bosch-home.es\/\" rel=\"nofollow\">Bosch<\/a>\u00a0 &#8211;\u00a0 <a class=\"footer3\" href=\"http:\/\/www.balay.es\/\" rel=\"nofollow\">Balay\u00a0<\/a> &#8211; <a class=\"footer3\" href=\"http:\/\/www.smeg.es\/\" rel=\"nofollow\">Smeg\u00a0<\/a> &#8211; <a class=\"footer3\" href=\"http:\/\/www.franke.com\/kitchensystems\/es\/es\/home.html\" rel=\"nofollow\">Franke\u00a0<\/a> &#8211;\u00a0 <a class=\"footer3\" href=\"http:\/\/www.blanco-germany.com\/es\/es\/home.html\" rel=\"nofollow\">Blanco<\/a> &#8211; <a class=\"footer3\" href=\"https:\/\/www.gutmann-exklusiv.de\/es\/\" rel=\"nofollow\">Gutmann<\/a> &#8211; <a class=\"footer3\" href=\"http:\/\/elica.com\/ES-es\" rel=\"nofollow\">Elica <\/a>&#8211; <a class=\"footer3\" href=\"http:\/\/www.ondarreta.com\/\" rel=\"nofollow\">Ondarreta<\/a> &#8211; <a class=\"footer3\" href=\"http:\/\/www.silestone.es\" rel=\"nofollow\">Silestone<\/a> &#8211; <a class=\"footer3\" href=\"http:\/\/www.thesize.es\/\" rel=\"nofollow\">Neolith<\/a>\u00a0&#8211; Peque\u00f1os electrodom\u00e9sticos de dise\u00f1o Bugatti<\/p>\n<p>[\/et_pb_text][\/et_pb_column][\/et_pb_row][\/et_pb_section]<\/p>","protected":false},"excerpt":{"rendered":"<p>Contacto con Mobles Gallent en Tarragona &nbsp; Rellene el formulario y les contestaremos en la mayor brevedad posible Mobles Gallent Mobles Gallent Tarragona Carrer de Jaume I, 12, 43005 TarragonaHorario Lunes a Viernes:\u00a0 de 9 a 13 h &#8211; 16 a 19 h S\u00e1bado: s\u00f3lo con cita previaDatos de contacto Tel. 645914130 &#8211;\u00a0653 476 038 [&hellip;]<\/p>","protected":false},"author":1,"featured_media":0,"parent":0,"menu_order":0,"comment_status":"closed","ping_status":"closed","template":"","meta":{"_et_pb_use_builder":"on","_et_pb_old_content":"","_et_gb_content_width":"","footnotes":""},"class_list":["post-216","page","type-page","status-publish","hentry"],"yoast_head":"<!-- This site is optimized with the Yoast SEO plugin v27.1.1 - https:\/\/yoast.com\/product\/yoast-seo-wordpress\/ -->\n<title>Contacto con Mobles Gallent - Muebles para el sal\u00f3n y cocina<\/title>\n<meta name=\"description\" content=\"Contacto con Mobles Gallent - Muebles para el sal\u00f3n y cocina. Contacta ya con nosotros para cualquier duda o para pedir presupuesto. Tel: 653 476 038\" \/>\n<meta name=\"robots\" content=\"index, follow, max-snippet:-1, max-image-preview:large, max-video-preview:-1\" \/>\n<link rel=\"canonical\" href=\"https:\/\/www.moblesgallent.com\/ca\/contacto-con-mobles-gallent\/\" \/>\n<meta property=\"og:locale\" content=\"ca_ES\" \/>\n<meta property=\"og:type\" content=\"article\" \/>\n<meta property=\"og:title\" content=\"Contacto con Mobles Gallent - Muebles para el sal\u00f3n y cocina\" \/>\n<meta property=\"og:description\" content=\"Contacto con Mobles Gallent - Muebles para el sal\u00f3n y cocina. Contacta ya con nosotros para cualquier duda o para pedir presupuesto. Tel: 653 476 038\" \/>\n<meta property=\"og:url\" content=\"https:\/\/www.moblesgallent.com\/ca\/contacto-con-mobles-gallent\/\" \/>\n<meta property=\"og:site_name\" content=\"Mobles Gallent | mobiliario de cocina | mobiliario de ba\u00f1o | mobiliario de sal\u00f3n | armarios | Reformas y dise\u00f1os de interiores en Tarragona\" \/>\n<meta property=\"article:modified_time\" content=\"2025-08-14T17:18:29+00:00\" \/>\n<meta property=\"og:image\" content=\"https:\/\/www.moblesgallent.com\/wp-content\/uploads\/2016\/02\/contacto.png\" \/>\n\t<meta property=\"og:image:width\" content=\"300\" \/>\n\t<meta property=\"og:image:height\" content=\"308\" \/>\n\t<meta property=\"og:image:type\" content=\"image\/png\" \/>\n<meta name=\"twitter:card\" content=\"summary_large_image\" \/>\n<meta name=\"twitter:label1\" content=\"Temps estimat de lectura\" \/>\n\t<meta name=\"twitter:data1\" content=\"7 minuts\" \/>\n<script type=\"application\/ld+json\" class=\"yoast-schema-graph\">{\"@context\":\"https:\/\/schema.org\",\"@graph\":[{\"@type\":\"WebPage\",\"@id\":\"https:\/\/www.moblesgallent.com\/contacto-con-mobles-gallent\/\",\"url\":\"https:\/\/www.moblesgallent.com\/contacto-con-mobles-gallent\/\",\"name\":\"Contacto con Mobles Gallent - Muebles para el sal\u00f3n y cocina\",\"isPartOf\":{\"@id\":\"https:\/\/www.moblesgallent.com\/#website\"},\"primaryImageOfPage\":{\"@id\":\"https:\/\/www.moblesgallent.com\/contacto-con-mobles-gallent\/#primaryimage\"},\"image\":{\"@id\":\"https:\/\/www.moblesgallent.com\/contacto-con-mobles-gallent\/#primaryimage\"},\"thumbnailUrl\":\"https:\/\/www.moblesgallent.com\/wp-content\/uploads\/2016\/02\/contacto.png\",\"datePublished\":\"2016-02-18T09:06:33+00:00\",\"dateModified\":\"2025-08-14T17:18:29+00:00\",\"description\":\"Contacto con Mobles Gallent - Muebles para el sal\u00f3n y cocina. Contacta ya con nosotros para cualquier duda o para pedir presupuesto. Tel: 653 476 038\",\"breadcrumb\":{\"@id\":\"https:\/\/www.moblesgallent.com\/contacto-con-mobles-gallent\/#breadcrumb\"},\"inLanguage\":\"ca\",\"potentialAction\":[{\"@type\":\"ReadAction\",\"target\":[\"https:\/\/www.moblesgallent.com\/contacto-con-mobles-gallent\/\"]}]},{\"@type\":\"ImageObject\",\"inLanguage\":\"ca\",\"@id\":\"https:\/\/www.moblesgallent.com\/contacto-con-mobles-gallent\/#primaryimage\",\"url\":\"https:\/\/www.moblesgallent.com\/wp-content\/uploads\/2016\/02\/contacto.png\",\"contentUrl\":\"https:\/\/www.moblesgallent.com\/wp-content\/uploads\/2016\/02\/contacto.png\"},{\"@type\":\"BreadcrumbList\",\"@id\":\"https:\/\/www.moblesgallent.com\/contacto-con-mobles-gallent\/#breadcrumb\",\"itemListElement\":[{\"@type\":\"ListItem\",\"position\":1,\"name\":\"Portada\",\"item\":\"https:\/\/www.moblesgallent.com\/\"},{\"@type\":\"ListItem\",\"position\":2,\"name\":\"Contacto\"}]},{\"@type\":\"WebSite\",\"@id\":\"https:\/\/www.moblesgallent.com\/#website\",\"url\":\"https:\/\/www.moblesgallent.com\/\",\"name\":\"Mobles Gallent | mobiliario de cocina | mobiliario de ba\u00f1o | mobiliario de sal\u00f3n | armarios | Reformas y dise\u00f1os de interiores en Tarragona\",\"description\":\"Otro sitio realizado con Soft Optimiza Digital Media Empresas\",\"potentialAction\":[{\"@type\":\"SearchAction\",\"target\":{\"@type\":\"EntryPoint\",\"urlTemplate\":\"https:\/\/www.moblesgallent.com\/?s={search_term_string}\"},\"query-input\":{\"@type\":\"PropertyValueSpecification\",\"valueRequired\":true,\"valueName\":\"search_term_string\"}}],\"inLanguage\":\"ca\"}]}<\/script>\n<!-- \/ Yoast SEO plugin. -->","yoast_head_json":{"title":"Contacto con Mobles Gallent - Muebles para el sal\u00f3n y cocina","description":"Contacto con Mobles Gallent - Muebles para el sal\u00f3n y cocina. Contacta ya con nosotros para cualquier duda o para pedir presupuesto. Tel: 653 476 038","robots":{"index":"index","follow":"follow","max-snippet":"max-snippet:-1","max-image-preview":"max-image-preview:large","max-video-preview":"max-video-preview:-1"},"canonical":"https:\/\/www.moblesgallent.com\/ca\/contacto-con-mobles-gallent\/","og_locale":"ca_ES","og_type":"article","og_title":"Contacto con Mobles Gallent - Muebles para el sal\u00f3n y cocina","og_description":"Contacto con Mobles Gallent - Muebles para el sal\u00f3n y cocina. Contacta ya con nosotros para cualquier duda o para pedir presupuesto. Tel: 653 476 038","og_url":"https:\/\/www.moblesgallent.com\/ca\/contacto-con-mobles-gallent\/","og_site_name":"Mobles Gallent | mobiliario de cocina | mobiliario de ba\u00f1o | mobiliario de sal\u00f3n | armarios | Reformas y dise\u00f1os de interiores en Tarragona","article_modified_time":"2025-08-14T17:18:29+00:00","og_image":[{"width":300,"height":308,"url":"https:\/\/www.moblesgallent.com\/wp-content\/uploads\/2016\/02\/contacto.png","type":"image\/png"}],"twitter_card":"summary_large_image","twitter_misc":{"Temps estimat de lectura":"7 minuts"},"schema":{"@context":"https:\/\/schema.org","@graph":[{"@type":"WebPage","@id":"https:\/\/www.moblesgallent.com\/contacto-con-mobles-gallent\/","url":"https:\/\/www.moblesgallent.com\/contacto-con-mobles-gallent\/","name":"Contacto con Mobles Gallent - Muebles para el sal\u00f3n y cocina","isPartOf":{"@id":"https:\/\/www.moblesgallent.com\/#website"},"primaryImageOfPage":{"@id":"https:\/\/www.moblesgallent.com\/contacto-con-mobles-gallent\/#primaryimage"},"image":{"@id":"https:\/\/www.moblesgallent.com\/contacto-con-mobles-gallent\/#primaryimage"},"thumbnailUrl":"https:\/\/www.moblesgallent.com\/wp-content\/uploads\/2016\/02\/contacto.png","datePublished":"2016-02-18T09:06:33+00:00","dateModified":"2025-08-14T17:18:29+00:00","description":"Contacto con Mobles Gallent - Muebles para el sal\u00f3n y cocina. Contacta ya con nosotros para cualquier duda o para pedir presupuesto. Tel: 653 476 038","breadcrumb":{"@id":"https:\/\/www.moblesgallent.com\/contacto-con-mobles-gallent\/#breadcrumb"},"inLanguage":"ca","potentialAction":[{"@type":"ReadAction","target":["https:\/\/www.moblesgallent.com\/contacto-con-mobles-gallent\/"]}]},{"@type":"ImageObject","inLanguage":"ca","@id":"https:\/\/www.moblesgallent.com\/contacto-con-mobles-gallent\/#primaryimage","url":"https:\/\/www.moblesgallent.com\/wp-content\/uploads\/2016\/02\/contacto.png","contentUrl":"https:\/\/www.moblesgallent.com\/wp-content\/uploads\/2016\/02\/contacto.png"},{"@type":"BreadcrumbList","@id":"https:\/\/www.moblesgallent.com\/contacto-con-mobles-gallent\/#breadcrumb","itemListElement":[{"@type":"ListItem","position":1,"name":"Portada","item":"https:\/\/www.moblesgallent.com\/"},{"@type":"ListItem","position":2,"name":"Contacto"}]},{"@type":"WebSite","@id":"https:\/\/www.moblesgallent.com\/#website","url":"https:\/\/www.moblesgallent.com\/","name":"Mobles Gallent | mobiliario de cocina | mobiliario de ba\u00f1o | mobiliario de sal\u00f3n | armarios | Reformas y dise\u00f1os de interiores en Tarragona","description":"Otro sitio realizado con Soft Optimiza Digital Media Empresas","potentialAction":[{"@type":"SearchAction","target":{"@type":"EntryPoint","urlTemplate":"https:\/\/www.moblesgallent.com\/?s={search_term_string}"},"query-input":{"@type":"PropertyValueSpecification","valueRequired":true,"valueName":"search_term_string"}}],"inLanguage":"ca"}]}},"_links":{"self":[{"href":"https:\/\/www.moblesgallent.com\/ca\/wp-json\/wp\/v2\/pages\/216","targetHints":{"allow":["GET"]}}],"collection":[{"href":"https:\/\/www.moblesgallent.com\/ca\/wp-json\/wp\/v2\/pages"}],"about":[{"href":"https:\/\/www.moblesgallent.com\/ca\/wp-json\/wp\/v2\/types\/page"}],"author":[{"embeddable":true,"href":"https:\/\/www.moblesgallent.com\/ca\/wp-json\/wp\/v2\/users\/1"}],"replies":[{"embeddable":true,"href":"https:\/\/www.moblesgallent.com\/ca\/wp-json\/wp\/v2\/comments?post=216"}],"version-history":[{"count":33,"href":"https:\/\/www.moblesgallent.com\/ca\/wp-json\/wp\/v2\/pages\/216\/revisions"}],"predecessor-version":[{"id":2007,"href":"https:\/\/www.moblesgallent.com\/ca\/wp-json\/wp\/v2\/pages\/216\/revisions\/2007"}],"wp:attachment":[{"href":"https:\/\/www.moblesgallent.com\/ca\/wp-json\/wp\/v2\/media?parent=216"}],"curies":[{"name":"wp","href":"https:\/\/api.w.org\/{rel}","templated":true}]}}