{"id":987,"date":"2022-02-16T15:56:16","date_gmt":"2022-02-16T15:56:16","guid":{"rendered":"https:\/\/www.moblesgallent.com\/wp-content\/uploads\/2022\/02\/diseno-reformas-tarragona.jpg"},"modified":"2022-02-16T15:56:47","modified_gmt":"2022-02-16T15:56:47","slug":"diseno-reformas-tarragona","status":"inherit","type":"attachment","link":"https:\/\/www.moblesgallent.com\/ca\/necesita-mi-casa-una-reforma-o-un-nuevo-diseno\/diseno-reformas-tarragona\/","title":{"rendered":"dise\u00f1o-reformas-tarragona"},"author":1,"featured_media":0,"comment_status":"open","ping_status":"closed","template":"","meta":{"_et_pb_use_builder":"","_et_pb_old_content":"","_et_gb_content_width":""},"class_list":["post-987","attachment","type-attachment","status-inherit","hentry"],"yoast_head":"<!-- This site is optimized with the Yoast SEO plugin v27.1.1 - https:\/\/yoast.com\/product\/yoast-seo-wordpress\/ -->\n<title>dise\u00f1o-reformas-tarragona - Mobles Gallent | mobiliario de cocina | mobiliario de ba\u00f1o | mobiliario de sal\u00f3n | armarios | Reformas y dise\u00f1os de interiores en Tarragona<\/title>\n<meta name=\"robots\" content=\"index, follow, max-snippet:-1, max-image-preview:large, max-video-preview:-1\" \/>\n<link rel=\"canonical\" href=\"https:\/\/www.moblesgallent.com\/wp-content\/uploads\/2022\/02\/diseno-reformas-tarragona.jpg\" \/>\n<meta property=\"og:locale\" content=\"ca_ES\" \/>\n<meta property=\"og:type\" content=\"article\" \/>\n<meta property=\"og:title\" content=\"dise\u00f1o-reformas-tarragona - Mobles Gallent | mobiliario de cocina | mobiliario de ba\u00f1o | mobiliario de sal\u00f3n | armarios | Reformas y dise\u00f1os de interiores en Tarragona\" \/>\n<meta property=\"og:url\" content=\"https:\/\/www.moblesgallent.com\/wp-content\/uploads\/2022\/02\/diseno-reformas-tarragona.jpg\" \/>\n<meta property=\"og:site_name\" content=\"Mobles Gallent | mobiliario de cocina | mobiliario de ba\u00f1o | mobiliario de sal\u00f3n | armarios | Reformas y dise\u00f1os de interiores en Tarragona\" \/>\n<meta property=\"article:modified_time\" content=\"2022-02-16T15:56:47+00:00\" \/>\n<meta property=\"og:image\" content=\"https:\/\/www.moblesgallent.com\/wp-content\/uploads\/2022\/02\/diseno-reformas-tarragona.jpg\" \/>\n\t<meta property=\"og:image:width\" content=\"1639\" \/>\n\t<meta property=\"og:image:height\" content=\"1091\" \/>\n\t<meta property=\"og:image:type\" content=\"image\/jpeg\" \/>\n<meta name=\"twitter:card\" content=\"summary_large_image\" \/>\n<script type=\"application\/ld+json\" class=\"yoast-schema-graph\">{\"@context\":\"https:\/\/schema.org\",\"@graph\":[{\"@type\":\"WebPage\",\"@id\":\"https:\/\/www.moblesgallent.com\/wp-content\/uploads\/2022\/02\/diseno-reformas-tarragona.jpg\",\"url\":\"https:\/\/www.moblesgallent.com\/wp-content\/uploads\/2022\/02\/diseno-reformas-tarragona.jpg\",\"name\":\"dise\u00f1o-reformas-tarragona - Mobles Gallent | mobiliario de cocina | mobiliario de ba\u00f1o | mobiliario de sal\u00f3n | armarios | Reformas y dise\u00f1os de interiores en Tarragona\",\"isPartOf\":{\"@id\":\"https:\/\/www.moblesgallent.com\/#website\"},\"datePublished\":\"2022-02-16T15:56:16+00:00\",\"dateModified\":\"2022-02-16T15:56:47+00:00\",\"breadcrumb\":{\"@id\":\"https:\/\/www.moblesgallent.com\/wp-content\/uploads\/2022\/02\/diseno-reformas-tarragona.jpg#breadcrumb\"},\"inLanguage\":\"ca\",\"potentialAction\":[{\"@type\":\"ReadAction\",\"target\":[\"https:\/\/www.moblesgallent.com\/wp-content\/uploads\/2022\/02\/diseno-reformas-tarragona.jpg\"]}]},{\"@type\":\"BreadcrumbList\",\"@id\":\"https:\/\/www.moblesgallent.com\/wp-content\/uploads\/2022\/02\/diseno-reformas-tarragona.jpg#breadcrumb\",\"itemListElement\":[{\"@type\":\"ListItem\",\"position\":1,\"name\":\"Portada\",\"item\":\"https:\/\/www.moblesgallent.com\/\"},{\"@type\":\"ListItem\",\"position\":2,\"name\":\"\u00bfNecesita mi casa una reforma o un nuevo dise\u00f1o?\",\"item\":\"https:\/\/www.moblesgallent.com\/necesita-mi-casa-una-reforma-o-un-nuevo-diseno\/\"},{\"@type\":\"ListItem\",\"position\":3,\"name\":\"dise\u00f1o-reformas-tarragona\"}]},{\"@type\":\"WebSite\",\"@id\":\"https:\/\/www.moblesgallent.com\/#website\",\"url\":\"https:\/\/www.moblesgallent.com\/\",\"name\":\"Mobles Gallent | mobiliario de cocina | mobiliario de ba\u00f1o | mobiliario de sal\u00f3n | armarios | Reformas y dise\u00f1os de interiores en Tarragona\",\"description\":\"Otro sitio realizado con Soft Optimiza Digital Media Empresas\",\"potentialAction\":[{\"@type\":\"SearchAction\",\"target\":{\"@type\":\"EntryPoint\",\"urlTemplate\":\"https:\/\/www.moblesgallent.com\/?s={search_term_string}\"},\"query-input\":{\"@type\":\"PropertyValueSpecification\",\"valueRequired\":true,\"valueName\":\"search_term_string\"}}],\"inLanguage\":\"ca\"}]}<\/script>\n<!-- \/ Yoast SEO plugin. -->","yoast_head_json":{"title":"dise\u00f1o-reformas-tarragona - Mobles Gallent | mobiliario de cocina | mobiliario de ba\u00f1o | mobiliario de sal\u00f3n | armarios | Reformas y dise\u00f1os de interiores en Tarragona","robots":{"index":"index","follow":"follow","max-snippet":"max-snippet:-1","max-image-preview":"max-image-preview:large","max-video-preview":"max-video-preview:-1"},"canonical":"https:\/\/www.moblesgallent.com\/wp-content\/uploads\/2022\/02\/diseno-reformas-tarragona.jpg","og_locale":"ca_ES","og_type":"article","og_title":"dise\u00f1o-reformas-tarragona - Mobles Gallent | mobiliario de cocina | mobiliario de ba\u00f1o | mobiliario de sal\u00f3n | armarios | Reformas y dise\u00f1os de interiores en Tarragona","og_url":"https:\/\/www.moblesgallent.com\/wp-content\/uploads\/2022\/02\/diseno-reformas-tarragona.jpg","og_site_name":"Mobles Gallent | mobiliario de cocina | mobiliario de ba\u00f1o | mobiliario de sal\u00f3n | armarios | Reformas y dise\u00f1os de interiores en Tarragona","article_modified_time":"2022-02-16T15:56:47+00:00","og_image":[{"width":1639,"height":1091,"url":"https:\/\/www.moblesgallent.com\/wp-content\/uploads\/2022\/02\/diseno-reformas-tarragona.jpg","type":"image\/jpeg"}],"twitter_card":"summary_large_image","schema":{"@context":"https:\/\/schema.org","@graph":[{"@type":"WebPage","@id":"https:\/\/www.moblesgallent.com\/wp-content\/uploads\/2022\/02\/diseno-reformas-tarragona.jpg","url":"https:\/\/www.moblesgallent.com\/wp-content\/uploads\/2022\/02\/diseno-reformas-tarragona.jpg","name":"dise\u00f1o-reformas-tarragona - Mobles Gallent | mobiliario de cocina | mobiliario de ba\u00f1o | mobiliario de sal\u00f3n | armarios | Reformas y dise\u00f1os de interiores en Tarragona","isPartOf":{"@id":"https:\/\/www.moblesgallent.com\/#website"},"datePublished":"2022-02-16T15:56:16+00:00","dateModified":"2022-02-16T15:56:47+00:00","breadcrumb":{"@id":"https:\/\/www.moblesgallent.com\/wp-content\/uploads\/2022\/02\/diseno-reformas-tarragona.jpg#breadcrumb"},"inLanguage":"ca","potentialAction":[{"@type":"ReadAction","target":["https:\/\/www.moblesgallent.com\/wp-content\/uploads\/2022\/02\/diseno-reformas-tarragona.jpg"]}]},{"@type":"BreadcrumbList","@id":"https:\/\/www.moblesgallent.com\/wp-content\/uploads\/2022\/02\/diseno-reformas-tarragona.jpg#breadcrumb","itemListElement":[{"@type":"ListItem","position":1,"name":"Portada","item":"https:\/\/www.moblesgallent.com\/"},{"@type":"ListItem","position":2,"name":"\u00bfNecesita mi casa una reforma o un nuevo dise\u00f1o?","item":"https:\/\/www.moblesgallent.com\/necesita-mi-casa-una-reforma-o-un-nuevo-diseno\/"},{"@type":"ListItem","position":3,"name":"dise\u00f1o-reformas-tarragona"}]},{"@type":"WebSite","@id":"https:\/\/www.moblesgallent.com\/#website","url":"https:\/\/www.moblesgallent.com\/","name":"Mobles Gallent | mobiliario de cocina | mobiliario de ba\u00f1o | mobiliario de sal\u00f3n | armarios | Reformas y dise\u00f1os de interiores en Tarragona","description":"Otro sitio realizado con Soft Optimiza Digital Media Empresas","potentialAction":[{"@type":"SearchAction","target":{"@type":"EntryPoint","urlTemplate":"https:\/\/www.moblesgallent.com\/?s={search_term_string}"},"query-input":{"@type":"PropertyValueSpecification","valueRequired":true,"valueName":"search_term_string"}}],"inLanguage":"ca"}]}},"smush":{"stats":{"percent":13.8543388314719,"bytes":174187,"size_before":1257274,"size_after":1083087,"time":1.1000000000000003,"api_version":"1.0","lossy":false,"keep_exif":0},"sizes":{"medium":{"percent":52.54,"bytes":11674,"size_before":22220,"size_after":10546,"time":0.02},"large":{"percent":9,"bytes":11471,"size_before":127397,"size_after":115926,"time":0.03},"thumbnail":{"percent":73.05,"bytes":11552,"size_before":15814,"size_after":4262,"time":0.01},"medium_large":{"percent":15.18,"bytes":11881,"size_before":78262,"size_after":66381,"time":0.04},"1536x1536":{"percent":4.81,"bytes":11729,"size_before":243675,"size_after":231946,"time":0.35},"trp-custom-language-flag":{"percent":94.72,"bytes":11554,"size_before":12198,"size_after":644,"time":0.03},"et-pb-post-main-image":{"percent":40.34,"bytes":11660,"size_before":28902,"size_after":17242,"time":0.04},"et-pb-post-main-image-fullwidth":{"percent":8.6,"bytes":11452,"size_before":133194,"size_after":121742,"time":0.25},"et-pb-portfolio-image":{"percent":37.94,"bytes":11669,"size_before":30757,"size_after":19088,"time":0.01},"et-pb-portfolio-module-image":{"percent":26.61,"bytes":11750,"size_before":44157,"size_after":32407,"time":0.06},"et-pb-portfolio-image-single":{"percent":8.23,"bytes":11393,"size_before":138374,"size_after":126981,"time":0.04},"et-pb-gallery-module-image-portrait":{"percent":26.58,"bytes":11715,"size_before":44075,"size_after":32360,"time":0.05},"et-pb-image--responsive--desktop":{"percent":6.28,"bytes":11457,"size_before":182419,"size_after":170962,"time":0.07},"et-pb-image--responsive--tablet":{"percent":9.73,"bytes":11529,"size_before":118525,"size_after":106996,"time":0.09},"et-pb-image--responsive--phone":{"percent":31.37,"bytes":11701,"size_before":37305,"size_after":25604,"time":0.01}}},"description":{"rendered":"<p class=\"attachment\"><a href='https:\/\/www.moblesgallent.com\/wp-content\/uploads\/2022\/02\/diseno-reformas-tarragona.jpg'><img decoding=\"async\" width=\"300\" height=\"200\" data-src=\"https:\/\/www.moblesgallent.com\/wp-content\/uploads\/2022\/02\/diseno-reformas-tarragona-300x200.jpg\" class=\"attachment-medium size-medium lazyload\" alt=\"dise\u00f1o y reformas tarragona\" src=\"data:image\/svg+xml;base64,PHN2ZyB3aWR0aD0iMSIgaGVpZ2h0PSIxIiB4bWxucz0iaHR0cDovL3d3dy53My5vcmcvMjAwMC9zdmciPjwvc3ZnPg==\" style=\"--smush-placeholder-width: 300px; --smush-placeholder-aspect-ratio: 300\/200;\" \/><\/a><\/p>"},"caption":{"rendered":""},"alt_text":"dise\u00f1o y reformas tarragona","media_type":"image","mime_type":"image\/jpeg","media_details":{"width":1639,"height":1091,"file":"2022\/02\/diseno-reformas-tarragona.jpg","sizes":{"medium":{"file":"diseno-reformas-tarragona-300x200.jpg","width":300,"height":200,"mime_type":"image\/jpeg","source_url":"https:\/\/www.moblesgallent.com\/wp-content\/uploads\/2022\/02\/diseno-reformas-tarragona-300x200.jpg"},"large":{"file":"diseno-reformas-tarragona-1024x682.jpg","width":1024,"height":682,"mime_type":"image\/jpeg","source_url":"https:\/\/www.moblesgallent.com\/wp-content\/uploads\/2022\/02\/diseno-reformas-tarragona-1024x682.jpg"},"thumbnail":{"file":"diseno-reformas-tarragona-150x150.jpg","width":150,"height":150,"mime_type":"image\/jpeg","source_url":"https:\/\/www.moblesgallent.com\/wp-content\/uploads\/2022\/02\/diseno-reformas-tarragona-150x150.jpg"},"medium_large":{"file":"diseno-reformas-tarragona-768x511.jpg","width":768,"height":511,"mime_type":"image\/jpeg","source_url":"https:\/\/www.moblesgallent.com\/wp-content\/uploads\/2022\/02\/diseno-reformas-tarragona-768x511.jpg"},"1536x1536":{"file":"diseno-reformas-tarragona-1536x1022.jpg","width":1536,"height":1022,"mime_type":"image\/jpeg","source_url":"https:\/\/www.moblesgallent.com\/wp-content\/uploads\/2022\/02\/diseno-reformas-tarragona-1536x1022.jpg"},"trp-custom-language-flag":{"file":"diseno-reformas-tarragona-18x12.jpg","width":18,"height":12,"mime_type":"image\/jpeg","source_url":"https:\/\/www.moblesgallent.com\/wp-content\/uploads\/2022\/02\/diseno-reformas-tarragona-18x12.jpg"},"et-pb-post-main-image":{"file":"diseno-reformas-tarragona-400x250.jpg","width":400,"height":250,"mime_type":"image\/jpeg","source_url":"https:\/\/www.moblesgallent.com\/wp-content\/uploads\/2022\/02\/diseno-reformas-tarragona-400x250.jpg"},"et-pb-post-main-image-fullwidth":{"file":"diseno-reformas-tarragona-1080x675.jpg","width":1080,"height":675,"mime_type":"image\/jpeg","source_url":"https:\/\/www.moblesgallent.com\/wp-content\/uploads\/2022\/02\/diseno-reformas-tarragona-1080x675.jpg"},"et-pb-portfolio-image":{"file":"diseno-reformas-tarragona-400x284.jpg","width":400,"height":284,"mime_type":"image\/jpeg","source_url":"https:\/\/www.moblesgallent.com\/wp-content\/uploads\/2022\/02\/diseno-reformas-tarragona-400x284.jpg"},"et-pb-portfolio-module-image":{"file":"diseno-reformas-tarragona-510x382.jpg","width":510,"height":382,"mime_type":"image\/jpeg","source_url":"https:\/\/www.moblesgallent.com\/wp-content\/uploads\/2022\/02\/diseno-reformas-tarragona-510x382.jpg"},"et-pb-portfolio-image-single":{"file":"diseno-reformas-tarragona-1080x719.jpg","width":1080,"height":719,"mime_type":"image\/jpeg","source_url":"https:\/\/www.moblesgallent.com\/wp-content\/uploads\/2022\/02\/diseno-reformas-tarragona-1080x719.jpg"},"et-pb-gallery-module-image-portrait":{"file":"diseno-reformas-tarragona-400x516.jpg","width":400,"height":516,"mime_type":"image\/jpeg","source_url":"https:\/\/www.moblesgallent.com\/wp-content\/uploads\/2022\/02\/diseno-reformas-tarragona-400x516.jpg"},"et-pb-image--responsive--desktop":{"file":"diseno-reformas-tarragona-1280x852.jpg","width":1280,"height":852,"mime_type":"image\/jpeg","source_url":"https:\/\/www.moblesgallent.com\/wp-content\/uploads\/2022\/02\/diseno-reformas-tarragona-1280x852.jpg"},"et-pb-image--responsive--tablet":{"file":"diseno-reformas-tarragona-980x652.jpg","width":980,"height":652,"mime_type":"image\/jpeg","source_url":"https:\/\/www.moblesgallent.com\/wp-content\/uploads\/2022\/02\/diseno-reformas-tarragona-980x652.jpg"},"et-pb-image--responsive--phone":{"file":"diseno-reformas-tarragona-480x320.jpg","width":480,"height":320,"mime_type":"image\/jpeg","source_url":"https:\/\/www.moblesgallent.com\/wp-content\/uploads\/2022\/02\/diseno-reformas-tarragona-480x320.jpg"},"full":{"file":"diseno-reformas-tarragona.jpg","width":1639,"height":1091,"mime_type":"image\/jpeg","source_url":"https:\/\/www.moblesgallent.com\/wp-content\/uploads\/2022\/02\/diseno-reformas-tarragona.jpg"}},"image_meta":{"aperture":"0","credit":"","camera":"","caption":"","created_timestamp":"0","copyright":"","focal_length":"0","iso":"0","shutter_speed":"0","title":"","orientation":"1","keywords":[]}},"post":976,"source_url":"https:\/\/www.moblesgallent.com\/wp-content\/uploads\/2022\/02\/diseno-reformas-tarragona.jpg","_links":{"self":[{"href":"https:\/\/www.moblesgallent.com\/ca\/wp-json\/wp\/v2\/media\/987","targetHints":{"allow":["GET"]}}],"collection":[{"href":"https:\/\/www.moblesgallent.com\/ca\/wp-json\/wp\/v2\/media"}],"about":[{"href":"https:\/\/www.moblesgallent.com\/ca\/wp-json\/wp\/v2\/types\/attachment"}],"author":[{"embeddable":true,"href":"https:\/\/www.moblesgallent.com\/ca\/wp-json\/wp\/v2\/users\/1"}],"replies":[{"embeddable":true,"href":"https:\/\/www.moblesgallent.com\/ca\/wp-json\/wp\/v2\/comments?post=987"}],"wp:attached-to":[{"embeddable":true,"post_type":"post","id":976,"href":"https:\/\/www.moblesgallent.com\/ca\/wp-json\/wp\/v2\/posts\/976"}],"curies":[{"name":"wp","href":"https:\/\/api.w.org\/{rel}","templated":true}]}}