{"id":919,"date":"2021-06-28T09:17:26","date_gmt":"2021-06-28T09:17:26","guid":{"rendered":"https:\/\/www.moblesgallent.com\/wp-content\/uploads\/2021\/06\/mueble-de-bano-argos-Tarragona.jpg"},"modified":"2021-06-28T09:17:50","modified_gmt":"2021-06-28T09:17:50","slug":"mueble-de-bano-argos-tarragona","status":"inherit","type":"attachment","link":"https:\/\/www.moblesgallent.com\/ca\/muebles-bano-tarragona\/mueble-de-bano-argos-tarragona\/","title":{"rendered":"mueble de ba\u00f1o argos Tarragona"},"author":1,"featured_media":0,"comment_status":"open","ping_status":"closed","template":"","meta":{"_et_pb_use_builder":"","_et_pb_old_content":"","_et_gb_content_width":""},"class_list":["post-919","attachment","type-attachment","status-inherit","hentry"],"yoast_head":"<!-- This site is optimized with the Yoast SEO plugin v27.1.1 - https:\/\/yoast.com\/product\/yoast-seo-wordpress\/ -->\n<title>mueble de ba\u00f1o argos Tarragona - Mobles Gallent | mobiliario de cocina | mobiliario de ba\u00f1o | mobiliario de sal\u00f3n | armarios | Reformas y dise\u00f1os de interiores en Tarragona<\/title>\n<meta name=\"robots\" content=\"index, follow, max-snippet:-1, max-image-preview:large, max-video-preview:-1\" \/>\n<link rel=\"canonical\" href=\"https:\/\/www.moblesgallent.com\/wp-content\/uploads\/2021\/06\/mueble-de-bano-argos-Tarragona.jpg\" \/>\n<meta property=\"og:locale\" content=\"ca_ES\" \/>\n<meta property=\"og:type\" content=\"article\" \/>\n<meta property=\"og:title\" content=\"mueble de ba\u00f1o argos Tarragona - Mobles Gallent | mobiliario de cocina | mobiliario de ba\u00f1o | mobiliario de sal\u00f3n | armarios | Reformas y dise\u00f1os de interiores en Tarragona\" \/>\n<meta property=\"og:url\" content=\"https:\/\/www.moblesgallent.com\/wp-content\/uploads\/2021\/06\/mueble-de-bano-argos-Tarragona.jpg\" \/>\n<meta property=\"og:site_name\" content=\"Mobles Gallent | mobiliario de cocina | mobiliario de ba\u00f1o | mobiliario de sal\u00f3n | armarios | Reformas y dise\u00f1os de interiores en Tarragona\" \/>\n<meta property=\"article:modified_time\" content=\"2021-06-28T09:17:50+00:00\" \/>\n<meta property=\"og:image\" content=\"https:\/\/www.moblesgallent.com\/wp-content\/uploads\/2021\/06\/mueble-de-bano-argos-Tarragona.jpg\" \/>\n\t<meta property=\"og:image:width\" content=\"1140\" \/>\n\t<meta property=\"og:image:height\" content=\"761\" \/>\n\t<meta property=\"og:image:type\" content=\"image\/jpeg\" \/>\n<meta name=\"twitter:card\" content=\"summary_large_image\" \/>\n<script type=\"application\/ld+json\" class=\"yoast-schema-graph\">{\"@context\":\"https:\/\/schema.org\",\"@graph\":[{\"@type\":\"WebPage\",\"@id\":\"https:\/\/www.moblesgallent.com\/wp-content\/uploads\/2021\/06\/mueble-de-bano-argos-Tarragona.jpg\",\"url\":\"https:\/\/www.moblesgallent.com\/wp-content\/uploads\/2021\/06\/mueble-de-bano-argos-Tarragona.jpg\",\"name\":\"mueble de ba\u00f1o argos Tarragona - Mobles Gallent | mobiliario de cocina | mobiliario de ba\u00f1o | mobiliario de sal\u00f3n | armarios | Reformas y dise\u00f1os de interiores en Tarragona\",\"isPartOf\":{\"@id\":\"https:\/\/www.moblesgallent.com\/#website\"},\"datePublished\":\"2021-06-28T09:17:26+00:00\",\"dateModified\":\"2021-06-28T09:17:50+00:00\",\"breadcrumb\":{\"@id\":\"https:\/\/www.moblesgallent.com\/wp-content\/uploads\/2021\/06\/mueble-de-bano-argos-Tarragona.jpg#breadcrumb\"},\"inLanguage\":\"ca\",\"potentialAction\":[{\"@type\":\"ReadAction\",\"target\":[\"https:\/\/www.moblesgallent.com\/wp-content\/uploads\/2021\/06\/mueble-de-bano-argos-Tarragona.jpg\"]}]},{\"@type\":\"BreadcrumbList\",\"@id\":\"https:\/\/www.moblesgallent.com\/wp-content\/uploads\/2021\/06\/mueble-de-bano-argos-Tarragona.jpg#breadcrumb\",\"itemListElement\":[{\"@type\":\"ListItem\",\"position\":1,\"name\":\"Portada\",\"item\":\"https:\/\/www.moblesgallent.com\/\"},{\"@type\":\"ListItem\",\"position\":2,\"name\":\"Muebles de ba\u00f1o en Tarragona\",\"item\":\"https:\/\/www.moblesgallent.com\/muebles-bano-tarragona\/\"},{\"@type\":\"ListItem\",\"position\":3,\"name\":\"mueble de ba\u00f1o argos Tarragona\"}]},{\"@type\":\"WebSite\",\"@id\":\"https:\/\/www.moblesgallent.com\/#website\",\"url\":\"https:\/\/www.moblesgallent.com\/\",\"name\":\"Mobles Gallent | mobiliario de cocina | mobiliario de ba\u00f1o | mobiliario de sal\u00f3n | armarios | Reformas y dise\u00f1os de interiores en Tarragona\",\"description\":\"Otro sitio realizado con Soft Optimiza Digital Media Empresas\",\"potentialAction\":[{\"@type\":\"SearchAction\",\"target\":{\"@type\":\"EntryPoint\",\"urlTemplate\":\"https:\/\/www.moblesgallent.com\/?s={search_term_string}\"},\"query-input\":{\"@type\":\"PropertyValueSpecification\",\"valueRequired\":true,\"valueName\":\"search_term_string\"}}],\"inLanguage\":\"ca\"}]}<\/script>\n<!-- \/ Yoast SEO plugin. -->","yoast_head_json":{"title":"mueble de ba\u00f1o argos Tarragona - Mobles Gallent | mobiliario de cocina | mobiliario de ba\u00f1o | mobiliario de sal\u00f3n | armarios | Reformas y dise\u00f1os de interiores en Tarragona","robots":{"index":"index","follow":"follow","max-snippet":"max-snippet:-1","max-image-preview":"max-image-preview:large","max-video-preview":"max-video-preview:-1"},"canonical":"https:\/\/www.moblesgallent.com\/wp-content\/uploads\/2021\/06\/mueble-de-bano-argos-Tarragona.jpg","og_locale":"ca_ES","og_type":"article","og_title":"mueble de ba\u00f1o argos Tarragona - Mobles Gallent | mobiliario de cocina | mobiliario de ba\u00f1o | mobiliario de sal\u00f3n | armarios | Reformas y dise\u00f1os de interiores en Tarragona","og_url":"https:\/\/www.moblesgallent.com\/wp-content\/uploads\/2021\/06\/mueble-de-bano-argos-Tarragona.jpg","og_site_name":"Mobles Gallent | mobiliario de cocina | mobiliario de ba\u00f1o | mobiliario de sal\u00f3n | armarios | Reformas y dise\u00f1os de interiores en Tarragona","article_modified_time":"2021-06-28T09:17:50+00:00","og_image":[{"width":1140,"height":761,"url":"https:\/\/www.moblesgallent.com\/wp-content\/uploads\/2021\/06\/mueble-de-bano-argos-Tarragona.jpg","type":"image\/jpeg"}],"twitter_card":"summary_large_image","schema":{"@context":"https:\/\/schema.org","@graph":[{"@type":"WebPage","@id":"https:\/\/www.moblesgallent.com\/wp-content\/uploads\/2021\/06\/mueble-de-bano-argos-Tarragona.jpg","url":"https:\/\/www.moblesgallent.com\/wp-content\/uploads\/2021\/06\/mueble-de-bano-argos-Tarragona.jpg","name":"mueble de ba\u00f1o argos Tarragona - Mobles Gallent | mobiliario de cocina | mobiliario de ba\u00f1o | mobiliario de sal\u00f3n | armarios | Reformas y dise\u00f1os de interiores en Tarragona","isPartOf":{"@id":"https:\/\/www.moblesgallent.com\/#website"},"datePublished":"2021-06-28T09:17:26+00:00","dateModified":"2021-06-28T09:17:50+00:00","breadcrumb":{"@id":"https:\/\/www.moblesgallent.com\/wp-content\/uploads\/2021\/06\/mueble-de-bano-argos-Tarragona.jpg#breadcrumb"},"inLanguage":"ca","potentialAction":[{"@type":"ReadAction","target":["https:\/\/www.moblesgallent.com\/wp-content\/uploads\/2021\/06\/mueble-de-bano-argos-Tarragona.jpg"]}]},{"@type":"BreadcrumbList","@id":"https:\/\/www.moblesgallent.com\/wp-content\/uploads\/2021\/06\/mueble-de-bano-argos-Tarragona.jpg#breadcrumb","itemListElement":[{"@type":"ListItem","position":1,"name":"Portada","item":"https:\/\/www.moblesgallent.com\/"},{"@type":"ListItem","position":2,"name":"Muebles de ba\u00f1o en Tarragona","item":"https:\/\/www.moblesgallent.com\/muebles-bano-tarragona\/"},{"@type":"ListItem","position":3,"name":"mueble de ba\u00f1o argos Tarragona"}]},{"@type":"WebSite","@id":"https:\/\/www.moblesgallent.com\/#website","url":"https:\/\/www.moblesgallent.com\/","name":"Mobles Gallent | mobiliario de cocina | mobiliario de ba\u00f1o | mobiliario de sal\u00f3n | armarios | Reformas y dise\u00f1os de interiores en Tarragona","description":"Otro sitio realizado con Soft Optimiza Digital Media Empresas","potentialAction":[{"@type":"SearchAction","target":{"@type":"EntryPoint","urlTemplate":"https:\/\/www.moblesgallent.com\/?s={search_term_string}"},"query-input":{"@type":"PropertyValueSpecification","valueRequired":true,"valueName":"search_term_string"}}],"inLanguage":"ca"}]}},"smush":{"stats":{"percent":1.416099769936638,"bytes":9713,"size_before":685898,"size_after":676185,"time":1.0700000000000003,"api_version":"1.0","lossy":false,"keep_exif":0},"sizes":{"medium":{"percent":6.23,"bytes":922,"size_before":14799,"size_after":13877,"time":0.02},"large":{"percent":0.46,"bytes":507,"size_before":109193,"size_after":108686,"time":0.35},"thumbnail":{"percent":11.27,"bytes":799,"size_before":7088,"size_after":6289,"time":0.02},"medium_large":{"percent":1.02,"bytes":695,"size_before":68067,"size_after":67372,"time":0.14},"trp-custom-language-flag":{"percent":52.39,"bytes":724,"size_before":1382,"size_after":658,"time":0.05},"et-pb-post-main-image":{"percent":4.07,"bytes":889,"size_before":21848,"size_after":20959,"time":0.03},"et-pb-post-main-image-fullwidth":{"percent":0.37,"bytes":414,"size_before":111047,"size_after":110633,"time":0.05},"et-pb-portfolio-image":{"percent":4.02,"bytes":983,"size_before":24479,"size_after":23496,"time":0.02},"et-pb-portfolio-module-image":{"percent":2.4,"bytes":900,"size_before":37515,"size_after":36615,"time":0.02},"et-pb-portfolio-image-single":{"percent":0.31,"bytes":371,"size_before":119308,"size_after":118937,"time":0.08},"et-pb-gallery-module-image-portrait":{"percent":2.3,"bytes":884,"size_before":38514,"size_after":37630,"time":0.04},"et-pb-image--responsive--tablet":{"percent":0.62,"bytes":635,"size_before":101697,"size_after":101062,"time":0.22},"et-pb-image--responsive--phone":{"percent":3.2,"bytes":990,"size_before":30961,"size_after":29971,"time":0.03}}},"description":{"rendered":"<p class=\"attachment\"><a href='https:\/\/www.moblesgallent.com\/wp-content\/uploads\/2021\/06\/mueble-de-bano-argos-Tarragona.jpg'><img decoding=\"async\" width=\"300\" height=\"200\" data-src=\"https:\/\/www.moblesgallent.com\/wp-content\/uploads\/2021\/06\/mueble-de-bano-argos-Tarragona-300x200.jpg\" class=\"attachment-medium size-medium lazyload\" alt=\"\" src=\"data:image\/svg+xml;base64,PHN2ZyB3aWR0aD0iMSIgaGVpZ2h0PSIxIiB4bWxucz0iaHR0cDovL3d3dy53My5vcmcvMjAwMC9zdmciPjwvc3ZnPg==\" style=\"--smush-placeholder-width: 300px; --smush-placeholder-aspect-ratio: 300\/200;\" \/><\/a><\/p>"},"caption":{"rendered":""},"alt_text":"","media_type":"image","mime_type":"image\/jpeg","media_details":{"width":1140,"height":761,"file":"2021\/06\/mueble-de-bano-argos-Tarragona.jpg","sizes":{"medium":{"file":"mueble-de-bano-argos-Tarragona-300x200.jpg","width":300,"height":200,"mime_type":"image\/jpeg","source_url":"https:\/\/www.moblesgallent.com\/wp-content\/uploads\/2021\/06\/mueble-de-bano-argos-Tarragona-300x200.jpg"},"large":{"file":"mueble-de-bano-argos-Tarragona-1024x684.jpg","width":1024,"height":684,"mime_type":"image\/jpeg","source_url":"https:\/\/www.moblesgallent.com\/wp-content\/uploads\/2021\/06\/mueble-de-bano-argos-Tarragona-1024x684.jpg"},"thumbnail":{"file":"mueble-de-bano-argos-Tarragona-150x150.jpg","width":150,"height":150,"mime_type":"image\/jpeg","source_url":"https:\/\/www.moblesgallent.com\/wp-content\/uploads\/2021\/06\/mueble-de-bano-argos-Tarragona-150x150.jpg"},"medium_large":{"file":"mueble-de-bano-argos-Tarragona-768x513.jpg","width":768,"height":513,"mime_type":"image\/jpeg","source_url":"https:\/\/www.moblesgallent.com\/wp-content\/uploads\/2021\/06\/mueble-de-bano-argos-Tarragona-768x513.jpg"},"trp-custom-language-flag":{"file":"mueble-de-bano-argos-Tarragona-16x12.jpg","width":16,"height":12,"mime_type":"image\/jpeg","source_url":"https:\/\/www.moblesgallent.com\/wp-content\/uploads\/2021\/06\/mueble-de-bano-argos-Tarragona-16x12.jpg"},"et-pb-post-main-image":{"file":"mueble-de-bano-argos-Tarragona-400x250.jpg","width":400,"height":250,"mime_type":"image\/jpeg","source_url":"https:\/\/www.moblesgallent.com\/wp-content\/uploads\/2021\/06\/mueble-de-bano-argos-Tarragona-400x250.jpg"},"et-pb-post-main-image-fullwidth":{"file":"mueble-de-bano-argos-Tarragona-1080x675.jpg","width":1080,"height":675,"mime_type":"image\/jpeg","source_url":"https:\/\/www.moblesgallent.com\/wp-content\/uploads\/2021\/06\/mueble-de-bano-argos-Tarragona-1080x675.jpg"},"et-pb-portfolio-image":{"file":"mueble-de-bano-argos-Tarragona-400x284.jpg","width":400,"height":284,"mime_type":"image\/jpeg","source_url":"https:\/\/www.moblesgallent.com\/wp-content\/uploads\/2021\/06\/mueble-de-bano-argos-Tarragona-400x284.jpg"},"et-pb-portfolio-module-image":{"file":"mueble-de-bano-argos-Tarragona-510x382.jpg","width":510,"height":382,"mime_type":"image\/jpeg","source_url":"https:\/\/www.moblesgallent.com\/wp-content\/uploads\/2021\/06\/mueble-de-bano-argos-Tarragona-510x382.jpg"},"et-pb-portfolio-image-single":{"file":"mueble-de-bano-argos-Tarragona-1080x721.jpg","width":1080,"height":721,"mime_type":"image\/jpeg","source_url":"https:\/\/www.moblesgallent.com\/wp-content\/uploads\/2021\/06\/mueble-de-bano-argos-Tarragona-1080x721.jpg"},"et-pb-gallery-module-image-portrait":{"file":"mueble-de-bano-argos-Tarragona-400x516.jpg","width":400,"height":516,"mime_type":"image\/jpeg","source_url":"https:\/\/www.moblesgallent.com\/wp-content\/uploads\/2021\/06\/mueble-de-bano-argos-Tarragona-400x516.jpg"},"et-pb-image--responsive--tablet":{"file":"mueble-de-bano-argos-Tarragona-980x654.jpg","width":980,"height":654,"mime_type":"image\/jpeg","source_url":"https:\/\/www.moblesgallent.com\/wp-content\/uploads\/2021\/06\/mueble-de-bano-argos-Tarragona-980x654.jpg"},"et-pb-image--responsive--phone":{"file":"mueble-de-bano-argos-Tarragona-480x320.jpg","width":480,"height":320,"mime_type":"image\/jpeg","source_url":"https:\/\/www.moblesgallent.com\/wp-content\/uploads\/2021\/06\/mueble-de-bano-argos-Tarragona-480x320.jpg"},"full":{"file":"mueble-de-bano-argos-Tarragona.jpg","width":1140,"height":761,"mime_type":"image\/jpeg","source_url":"https:\/\/www.moblesgallent.com\/wp-content\/uploads\/2021\/06\/mueble-de-bano-argos-Tarragona.jpg"}},"image_meta":{"aperture":"0","credit":"","camera":"","caption":"","created_timestamp":"0","copyright":"","focal_length":"0","iso":"0","shutter_speed":"0","title":"","orientation":"0","keywords":[]}},"post":840,"source_url":"https:\/\/www.moblesgallent.com\/wp-content\/uploads\/2021\/06\/mueble-de-bano-argos-Tarragona.jpg","_links":{"self":[{"href":"https:\/\/www.moblesgallent.com\/ca\/wp-json\/wp\/v2\/media\/919","targetHints":{"allow":["GET"]}}],"collection":[{"href":"https:\/\/www.moblesgallent.com\/ca\/wp-json\/wp\/v2\/media"}],"about":[{"href":"https:\/\/www.moblesgallent.com\/ca\/wp-json\/wp\/v2\/types\/attachment"}],"author":[{"embeddable":true,"href":"https:\/\/www.moblesgallent.com\/ca\/wp-json\/wp\/v2\/users\/1"}],"replies":[{"embeddable":true,"href":"https:\/\/www.moblesgallent.com\/ca\/wp-json\/wp\/v2\/comments?post=919"}],"wp:attached-to":[{"embeddable":true,"post_type":"page","id":840,"href":"https:\/\/www.moblesgallent.com\/ca\/wp-json\/wp\/v2\/pages\/840"}],"curies":[{"name":"wp","href":"https:\/\/api.w.org\/{rel}","templated":true}]}}