{"id":890,"date":"2021-04-19T10:52:53","date_gmt":"2021-04-19T10:52:53","guid":{"rendered":"https:\/\/www.moblesgallent.com\/wp-content\/uploads\/2021\/04\/armario-a-medida-puertas-deslizantes.jpg"},"modified":"2022-09-27T14:42:53","modified_gmt":"2022-09-27T14:42:53","slug":"armario-a-medida-puertas-deslizantes","status":"inherit","type":"attachment","link":"https:\/\/www.moblesgallent.com\/ca\/armarios-y-muebles-a-medida-en-tarragona\/armario-a-medida-puertas-deslizantes\/","title":{"rendered":"armarios medida tarragona"},"author":1,"featured_media":0,"comment_status":"open","ping_status":"closed","template":"","meta":{"_et_pb_use_builder":"","_et_pb_old_content":"","_et_gb_content_width":""},"class_list":["post-890","attachment","type-attachment","status-inherit","hentry"],"yoast_head":"<!-- This site is optimized with the Yoast SEO plugin v27.1.1 - https:\/\/yoast.com\/product\/yoast-seo-wordpress\/ -->\n<title>armarios medida tarragona - Mobles Gallent | mobiliario de cocina | mobiliario de ba\u00f1o | mobiliario de sal\u00f3n | armarios | Reformas y dise\u00f1os de interiores en Tarragona<\/title>\n<meta name=\"robots\" content=\"index, follow, max-snippet:-1, max-image-preview:large, max-video-preview:-1\" \/>\n<link rel=\"canonical\" href=\"https:\/\/www.moblesgallent.com\/wp-content\/uploads\/2021\/04\/armario-a-medida-puertas-deslizantes.jpg\" \/>\n<meta property=\"og:locale\" content=\"ca_ES\" \/>\n<meta property=\"og:type\" content=\"article\" \/>\n<meta property=\"og:title\" content=\"armarios medida tarragona - Mobles Gallent | mobiliario de cocina | mobiliario de ba\u00f1o | mobiliario de sal\u00f3n | armarios | Reformas y dise\u00f1os de interiores en Tarragona\" \/>\n<meta property=\"og:url\" content=\"https:\/\/www.moblesgallent.com\/wp-content\/uploads\/2021\/04\/armario-a-medida-puertas-deslizantes.jpg\" \/>\n<meta property=\"og:site_name\" content=\"Mobles Gallent | mobiliario de cocina | mobiliario de ba\u00f1o | mobiliario de sal\u00f3n | armarios | Reformas y dise\u00f1os de interiores en Tarragona\" \/>\n<meta property=\"article:modified_time\" content=\"2022-09-27T14:42:53+00:00\" \/>\n<meta property=\"og:image\" content=\"https:\/\/www.moblesgallent.com\/wp-content\/uploads\/2021\/04\/armario-a-medida-puertas-deslizantes.jpg\" \/>\n\t<meta property=\"og:image:width\" content=\"1152\" \/>\n\t<meta property=\"og:image:height\" content=\"768\" \/>\n\t<meta property=\"og:image:type\" content=\"image\/jpeg\" \/>\n<meta name=\"twitter:card\" content=\"summary_large_image\" \/>\n<script type=\"application\/ld+json\" class=\"yoast-schema-graph\">{\"@context\":\"https:\/\/schema.org\",\"@graph\":[{\"@type\":\"WebPage\",\"@id\":\"https:\/\/www.moblesgallent.com\/wp-content\/uploads\/2021\/04\/armario-a-medida-puertas-deslizantes.jpg\",\"url\":\"https:\/\/www.moblesgallent.com\/wp-content\/uploads\/2021\/04\/armario-a-medida-puertas-deslizantes.jpg\",\"name\":\"armarios medida tarragona - Mobles Gallent | mobiliario de cocina | mobiliario de ba\u00f1o | mobiliario de sal\u00f3n | armarios | Reformas y dise\u00f1os de interiores en Tarragona\",\"isPartOf\":{\"@id\":\"https:\/\/www.moblesgallent.com\/#website\"},\"datePublished\":\"2021-04-19T10:52:53+00:00\",\"dateModified\":\"2022-09-27T14:42:53+00:00\",\"breadcrumb\":{\"@id\":\"https:\/\/www.moblesgallent.com\/wp-content\/uploads\/2021\/04\/armario-a-medida-puertas-deslizantes.jpg#breadcrumb\"},\"inLanguage\":\"ca\",\"potentialAction\":[{\"@type\":\"ReadAction\",\"target\":[\"https:\/\/www.moblesgallent.com\/wp-content\/uploads\/2021\/04\/armario-a-medida-puertas-deslizantes.jpg\"]}]},{\"@type\":\"BreadcrumbList\",\"@id\":\"https:\/\/www.moblesgallent.com\/wp-content\/uploads\/2021\/04\/armario-a-medida-puertas-deslizantes.jpg#breadcrumb\",\"itemListElement\":[{\"@type\":\"ListItem\",\"position\":1,\"name\":\"Portada\",\"item\":\"https:\/\/www.moblesgallent.com\/\"},{\"@type\":\"ListItem\",\"position\":2,\"name\":\"Armarios y muebles a medida en Tarragona\",\"item\":\"https:\/\/www.moblesgallent.com\/armarios-y-muebles-a-medida-en-tarragona\/\"},{\"@type\":\"ListItem\",\"position\":3,\"name\":\"armarios medida tarragona\"}]},{\"@type\":\"WebSite\",\"@id\":\"https:\/\/www.moblesgallent.com\/#website\",\"url\":\"https:\/\/www.moblesgallent.com\/\",\"name\":\"Mobles Gallent | mobiliario de cocina | mobiliario de ba\u00f1o | mobiliario de sal\u00f3n | armarios | Reformas y dise\u00f1os de interiores en Tarragona\",\"description\":\"Otro sitio realizado con Soft Optimiza Digital Media Empresas\",\"potentialAction\":[{\"@type\":\"SearchAction\",\"target\":{\"@type\":\"EntryPoint\",\"urlTemplate\":\"https:\/\/www.moblesgallent.com\/?s={search_term_string}\"},\"query-input\":{\"@type\":\"PropertyValueSpecification\",\"valueRequired\":true,\"valueName\":\"search_term_string\"}}],\"inLanguage\":\"ca\"}]}<\/script>\n<!-- \/ Yoast SEO plugin. -->","yoast_head_json":{"title":"armarios medida tarragona - Mobles Gallent | mobiliario de cocina | mobiliario de ba\u00f1o | mobiliario de sal\u00f3n | armarios | Reformas y dise\u00f1os de interiores en Tarragona","robots":{"index":"index","follow":"follow","max-snippet":"max-snippet:-1","max-image-preview":"max-image-preview:large","max-video-preview":"max-video-preview:-1"},"canonical":"https:\/\/www.moblesgallent.com\/wp-content\/uploads\/2021\/04\/armario-a-medida-puertas-deslizantes.jpg","og_locale":"ca_ES","og_type":"article","og_title":"armarios medida tarragona - Mobles Gallent | mobiliario de cocina | mobiliario de ba\u00f1o | mobiliario de sal\u00f3n | armarios | Reformas y dise\u00f1os de interiores en Tarragona","og_url":"https:\/\/www.moblesgallent.com\/wp-content\/uploads\/2021\/04\/armario-a-medida-puertas-deslizantes.jpg","og_site_name":"Mobles Gallent | mobiliario de cocina | mobiliario de ba\u00f1o | mobiliario de sal\u00f3n | armarios | Reformas y dise\u00f1os de interiores en Tarragona","article_modified_time":"2022-09-27T14:42:53+00:00","og_image":[{"width":1152,"height":768,"url":"https:\/\/www.moblesgallent.com\/wp-content\/uploads\/2021\/04\/armario-a-medida-puertas-deslizantes.jpg","type":"image\/jpeg"}],"twitter_card":"summary_large_image","schema":{"@context":"https:\/\/schema.org","@graph":[{"@type":"WebPage","@id":"https:\/\/www.moblesgallent.com\/wp-content\/uploads\/2021\/04\/armario-a-medida-puertas-deslizantes.jpg","url":"https:\/\/www.moblesgallent.com\/wp-content\/uploads\/2021\/04\/armario-a-medida-puertas-deslizantes.jpg","name":"armarios medida tarragona - Mobles Gallent | mobiliario de cocina | mobiliario de ba\u00f1o | mobiliario de sal\u00f3n | armarios | Reformas y dise\u00f1os de interiores en Tarragona","isPartOf":{"@id":"https:\/\/www.moblesgallent.com\/#website"},"datePublished":"2021-04-19T10:52:53+00:00","dateModified":"2022-09-27T14:42:53+00:00","breadcrumb":{"@id":"https:\/\/www.moblesgallent.com\/wp-content\/uploads\/2021\/04\/armario-a-medida-puertas-deslizantes.jpg#breadcrumb"},"inLanguage":"ca","potentialAction":[{"@type":"ReadAction","target":["https:\/\/www.moblesgallent.com\/wp-content\/uploads\/2021\/04\/armario-a-medida-puertas-deslizantes.jpg"]}]},{"@type":"BreadcrumbList","@id":"https:\/\/www.moblesgallent.com\/wp-content\/uploads\/2021\/04\/armario-a-medida-puertas-deslizantes.jpg#breadcrumb","itemListElement":[{"@type":"ListItem","position":1,"name":"Portada","item":"https:\/\/www.moblesgallent.com\/"},{"@type":"ListItem","position":2,"name":"Armarios y muebles a medida en Tarragona","item":"https:\/\/www.moblesgallent.com\/armarios-y-muebles-a-medida-en-tarragona\/"},{"@type":"ListItem","position":3,"name":"armarios medida tarragona"}]},{"@type":"WebSite","@id":"https:\/\/www.moblesgallent.com\/#website","url":"https:\/\/www.moblesgallent.com\/","name":"Mobles Gallent | mobiliario de cocina | mobiliario de ba\u00f1o | mobiliario de sal\u00f3n | armarios | Reformas y dise\u00f1os de interiores en Tarragona","description":"Otro sitio realizado con Soft Optimiza Digital Media Empresas","potentialAction":[{"@type":"SearchAction","target":{"@type":"EntryPoint","urlTemplate":"https:\/\/www.moblesgallent.com\/?s={search_term_string}"},"query-input":{"@type":"PropertyValueSpecification","valueRequired":true,"valueName":"search_term_string"}}],"inLanguage":"ca"}]}},"smush":{"stats":{"percent":44.956852991162904,"bytes":354991,"size_before":789626,"size_after":434635,"time":0.9700000000000001,"api_version":"1.0","lossy":false,"keep_exif":0},"sizes":{"medium":{"percent":74.63,"bytes":27039,"size_before":36229,"size_after":9190,"time":0.02},"large":{"percent":28.29,"bytes":27689,"size_before":97860,"size_after":70171,"time":0.03},"thumbnail":{"percent":85.29,"bytes":26983,"size_before":31636,"size_after":4653,"time":0.06},"medium_large":{"percent":39.9,"bytes":27351,"size_before":68555,"size_after":41204,"time":0.03},"trp-custom-language-flag":{"percent":97.73,"bytes":26928,"size_before":27553,"size_after":625,"time":0.03},"et-pb-post-main-image":{"percent":66.39,"bytes":27008,"size_before":40682,"size_after":13674,"time":0.03},"et-pb-post-main-image-fullwidth":{"percent":27.67,"bytes":27872,"size_before":100745,"size_after":72873,"time":0.09},"et-pb-portfolio-image":{"percent":64.04,"bytes":27068,"size_before":42265,"size_after":15197,"time":0.11},"et-pb-portfolio-module-image":{"percent":52.95,"bytes":27106,"size_before":51195,"size_after":24089,"time":0.02},"et-pb-portfolio-image-single":{"percent":26.81,"bytes":27971,"size_before":104323,"size_after":76352,"time":0.33},"et-pb-gallery-module-image-portrait":{"percent":53.61,"bytes":27202,"size_before":50736,"size_after":23534,"time":0.05},"et-pb-image--responsive--tablet":{"percent":30.16,"bytes":27711,"size_before":91892,"size_after":64181,"time":0.06},"et-pb-image--responsive--phone":{"percent":58.89,"bytes":27063,"size_before":45955,"size_after":18892,"time":0.11}}},"description":{"rendered":"<p class=\"attachment\"><a href='https:\/\/www.moblesgallent.com\/wp-content\/uploads\/2021\/04\/armario-a-medida-puertas-deslizantes.jpg'><img decoding=\"async\" width=\"300\" height=\"200\" data-src=\"https:\/\/www.moblesgallent.com\/wp-content\/uploads\/2021\/04\/armario-a-medida-puertas-deslizantes-300x200.jpg\" class=\"attachment-medium size-medium lazyload\" alt=\"armarios medida tarragona\" src=\"data:image\/svg+xml;base64,PHN2ZyB3aWR0aD0iMSIgaGVpZ2h0PSIxIiB4bWxucz0iaHR0cDovL3d3dy53My5vcmcvMjAwMC9zdmciPjwvc3ZnPg==\" style=\"--smush-placeholder-width: 300px; --smush-placeholder-aspect-ratio: 300\/200;\" \/><\/a><\/p>"},"caption":{"rendered":""},"alt_text":"armarios medida tarragona","media_type":"image","mime_type":"image\/jpeg","media_details":{"width":1152,"height":768,"file":"2021\/04\/armario-a-medida-puertas-deslizantes.jpg","sizes":{"medium":{"file":"armario-a-medida-puertas-deslizantes-300x200.jpg","width":300,"height":200,"mime_type":"image\/jpeg","source_url":"https:\/\/www.moblesgallent.com\/wp-content\/uploads\/2021\/04\/armario-a-medida-puertas-deslizantes-300x200.jpg"},"large":{"file":"armario-a-medida-puertas-deslizantes-1024x683.jpg","width":1024,"height":683,"mime_type":"image\/jpeg","source_url":"https:\/\/www.moblesgallent.com\/wp-content\/uploads\/2021\/04\/armario-a-medida-puertas-deslizantes-1024x683.jpg"},"thumbnail":{"file":"armario-a-medida-puertas-deslizantes-150x150.jpg","width":150,"height":150,"mime_type":"image\/jpeg","source_url":"https:\/\/www.moblesgallent.com\/wp-content\/uploads\/2021\/04\/armario-a-medida-puertas-deslizantes-150x150.jpg"},"medium_large":{"file":"armario-a-medida-puertas-deslizantes-768x512.jpg","width":768,"height":512,"mime_type":"image\/jpeg","source_url":"https:\/\/www.moblesgallent.com\/wp-content\/uploads\/2021\/04\/armario-a-medida-puertas-deslizantes-768x512.jpg"},"trp-custom-language-flag":{"file":"armario-a-medida-puertas-deslizantes-16x12.jpg","width":16,"height":12,"mime_type":"image\/jpeg","source_url":"https:\/\/www.moblesgallent.com\/wp-content\/uploads\/2021\/04\/armario-a-medida-puertas-deslizantes-16x12.jpg"},"et-pb-post-main-image":{"file":"armario-a-medida-puertas-deslizantes-400x250.jpg","width":400,"height":250,"mime_type":"image\/jpeg","source_url":"https:\/\/www.moblesgallent.com\/wp-content\/uploads\/2021\/04\/armario-a-medida-puertas-deslizantes-400x250.jpg"},"et-pb-post-main-image-fullwidth":{"file":"armario-a-medida-puertas-deslizantes-1080x675.jpg","width":1080,"height":675,"mime_type":"image\/jpeg","source_url":"https:\/\/www.moblesgallent.com\/wp-content\/uploads\/2021\/04\/armario-a-medida-puertas-deslizantes-1080x675.jpg"},"et-pb-portfolio-image":{"file":"armario-a-medida-puertas-deslizantes-400x284.jpg","width":400,"height":284,"mime_type":"image\/jpeg","source_url":"https:\/\/www.moblesgallent.com\/wp-content\/uploads\/2021\/04\/armario-a-medida-puertas-deslizantes-400x284.jpg"},"et-pb-portfolio-module-image":{"file":"armario-a-medida-puertas-deslizantes-510x382.jpg","width":510,"height":382,"mime_type":"image\/jpeg","source_url":"https:\/\/www.moblesgallent.com\/wp-content\/uploads\/2021\/04\/armario-a-medida-puertas-deslizantes-510x382.jpg"},"et-pb-portfolio-image-single":{"file":"armario-a-medida-puertas-deslizantes-1080x720.jpg","width":1080,"height":720,"mime_type":"image\/jpeg","source_url":"https:\/\/www.moblesgallent.com\/wp-content\/uploads\/2021\/04\/armario-a-medida-puertas-deslizantes-1080x720.jpg"},"et-pb-gallery-module-image-portrait":{"file":"armario-a-medida-puertas-deslizantes-400x516.jpg","width":400,"height":516,"mime_type":"image\/jpeg","source_url":"https:\/\/www.moblesgallent.com\/wp-content\/uploads\/2021\/04\/armario-a-medida-puertas-deslizantes-400x516.jpg"},"et-pb-image--responsive--tablet":{"file":"armario-a-medida-puertas-deslizantes-980x653.jpg","width":980,"height":653,"mime_type":"image\/jpeg","source_url":"https:\/\/www.moblesgallent.com\/wp-content\/uploads\/2021\/04\/armario-a-medida-puertas-deslizantes-980x653.jpg"},"et-pb-image--responsive--phone":{"file":"armario-a-medida-puertas-deslizantes-480x320.jpg","width":480,"height":320,"mime_type":"image\/jpeg","source_url":"https:\/\/www.moblesgallent.com\/wp-content\/uploads\/2021\/04\/armario-a-medida-puertas-deslizantes-480x320.jpg"},"full":{"file":"armario-a-medida-puertas-deslizantes.jpg","width":1152,"height":768,"mime_type":"image\/jpeg","source_url":"https:\/\/www.moblesgallent.com\/wp-content\/uploads\/2021\/04\/armario-a-medida-puertas-deslizantes.jpg"}},"image_meta":{"aperture":"13","credit":"GERARD VIV NEZAR","camera":"NIKON D5500","caption":"","created_timestamp":"1480597302","copyright":"REAL PROP PHOTOGRAPHY","focal_length":"12","iso":"100","shutter_speed":"0.8","title":"","orientation":"1","keywords":[]}},"post":681,"source_url":"https:\/\/www.moblesgallent.com\/wp-content\/uploads\/2021\/04\/armario-a-medida-puertas-deslizantes.jpg","_links":{"self":[{"href":"https:\/\/www.moblesgallent.com\/ca\/wp-json\/wp\/v2\/media\/890","targetHints":{"allow":["GET"]}}],"collection":[{"href":"https:\/\/www.moblesgallent.com\/ca\/wp-json\/wp\/v2\/media"}],"about":[{"href":"https:\/\/www.moblesgallent.com\/ca\/wp-json\/wp\/v2\/types\/attachment"}],"author":[{"embeddable":true,"href":"https:\/\/www.moblesgallent.com\/ca\/wp-json\/wp\/v2\/users\/1"}],"replies":[{"embeddable":true,"href":"https:\/\/www.moblesgallent.com\/ca\/wp-json\/wp\/v2\/comments?post=890"}],"wp:attached-to":[{"embeddable":true,"post_type":"page","id":681,"href":"https:\/\/www.moblesgallent.com\/ca\/wp-json\/wp\/v2\/pages\/681"}],"curies":[{"name":"wp","href":"https:\/\/api.w.org\/{rel}","templated":true}]}}