{"id":888,"date":"2021-04-19T10:35:03","date_gmt":"2021-04-19T10:35:03","guid":{"rendered":"https:\/\/www.moblesgallent.com\/wp-content\/uploads\/2021\/04\/armarios-a-medida.jpg"},"modified":"2022-09-27T15:00:28","modified_gmt":"2022-09-27T15:00:28","slug":"armarios-a-medida","status":"inherit","type":"attachment","link":"https:\/\/www.moblesgallent.com\/ca\/armarios-y-muebles-a-medida-en-tarragona\/armarios-a-medida\/","title":{"rendered":"armarios decoraci\u00f3n medida tarragona"},"author":1,"featured_media":0,"comment_status":"open","ping_status":"closed","template":"","meta":{"_et_pb_use_builder":"","_et_pb_old_content":"","_et_gb_content_width":""},"class_list":["post-888","attachment","type-attachment","status-inherit","hentry"],"yoast_head":"<!-- This site is optimized with the Yoast SEO plugin v27.1.1 - https:\/\/yoast.com\/product\/yoast-seo-wordpress\/ -->\n<title>armarios decoraci\u00f3n medida tarragona - Mobles Gallent | mobiliario de cocina | mobiliario de ba\u00f1o | mobiliario de sal\u00f3n | armarios | Reformas y dise\u00f1os de interiores en Tarragona<\/title>\n<meta name=\"robots\" content=\"index, follow, max-snippet:-1, max-image-preview:large, max-video-preview:-1\" \/>\n<link rel=\"canonical\" href=\"https:\/\/www.moblesgallent.com\/wp-content\/uploads\/2021\/04\/armarios-a-medida.jpg\" \/>\n<meta property=\"og:locale\" content=\"ca_ES\" \/>\n<meta property=\"og:type\" content=\"article\" \/>\n<meta property=\"og:title\" content=\"armarios decoraci\u00f3n medida tarragona - Mobles Gallent | mobiliario de cocina | mobiliario de ba\u00f1o | mobiliario de sal\u00f3n | armarios | Reformas y dise\u00f1os de interiores en Tarragona\" \/>\n<meta property=\"og:url\" content=\"https:\/\/www.moblesgallent.com\/wp-content\/uploads\/2021\/04\/armarios-a-medida.jpg\" \/>\n<meta property=\"og:site_name\" content=\"Mobles Gallent | mobiliario de cocina | mobiliario de ba\u00f1o | mobiliario de sal\u00f3n | armarios | Reformas y dise\u00f1os de interiores en Tarragona\" \/>\n<meta property=\"article:modified_time\" content=\"2022-09-27T15:00:28+00:00\" \/>\n<meta property=\"og:image\" content=\"https:\/\/www.moblesgallent.com\/wp-content\/uploads\/2021\/04\/armarios-a-medida.jpg\" \/>\n\t<meta property=\"og:image:width\" content=\"1920\" \/>\n\t<meta property=\"og:image:height\" content=\"1481\" \/>\n\t<meta property=\"og:image:type\" content=\"image\/jpeg\" \/>\n<meta name=\"twitter:card\" content=\"summary_large_image\" \/>\n<script type=\"application\/ld+json\" class=\"yoast-schema-graph\">{\"@context\":\"https:\/\/schema.org\",\"@graph\":[{\"@type\":\"WebPage\",\"@id\":\"https:\/\/www.moblesgallent.com\/wp-content\/uploads\/2021\/04\/armarios-a-medida.jpg\",\"url\":\"https:\/\/www.moblesgallent.com\/wp-content\/uploads\/2021\/04\/armarios-a-medida.jpg\",\"name\":\"armarios decoraci\u00f3n medida tarragona - Mobles Gallent | mobiliario de cocina | mobiliario de ba\u00f1o | mobiliario de sal\u00f3n | armarios | Reformas y dise\u00f1os de interiores en Tarragona\",\"isPartOf\":{\"@id\":\"https:\/\/www.moblesgallent.com\/#website\"},\"datePublished\":\"2021-04-19T10:35:03+00:00\",\"dateModified\":\"2022-09-27T15:00:28+00:00\",\"breadcrumb\":{\"@id\":\"https:\/\/www.moblesgallent.com\/wp-content\/uploads\/2021\/04\/armarios-a-medida.jpg#breadcrumb\"},\"inLanguage\":\"ca\",\"potentialAction\":[{\"@type\":\"ReadAction\",\"target\":[\"https:\/\/www.moblesgallent.com\/wp-content\/uploads\/2021\/04\/armarios-a-medida.jpg\"]}]},{\"@type\":\"BreadcrumbList\",\"@id\":\"https:\/\/www.moblesgallent.com\/wp-content\/uploads\/2021\/04\/armarios-a-medida.jpg#breadcrumb\",\"itemListElement\":[{\"@type\":\"ListItem\",\"position\":1,\"name\":\"Portada\",\"item\":\"https:\/\/www.moblesgallent.com\/\"},{\"@type\":\"ListItem\",\"position\":2,\"name\":\"Armarios y muebles a medida en Tarragona\",\"item\":\"https:\/\/www.moblesgallent.com\/armarios-y-muebles-a-medida-en-tarragona\/\"},{\"@type\":\"ListItem\",\"position\":3,\"name\":\"armarios decoraci\u00f3n medida tarragona\"}]},{\"@type\":\"WebSite\",\"@id\":\"https:\/\/www.moblesgallent.com\/#website\",\"url\":\"https:\/\/www.moblesgallent.com\/\",\"name\":\"Mobles Gallent | mobiliario de cocina | mobiliario de ba\u00f1o | mobiliario de sal\u00f3n | armarios | Reformas y dise\u00f1os de interiores en Tarragona\",\"description\":\"Otro sitio realizado con Soft Optimiza Digital Media Empresas\",\"potentialAction\":[{\"@type\":\"SearchAction\",\"target\":{\"@type\":\"EntryPoint\",\"urlTemplate\":\"https:\/\/www.moblesgallent.com\/?s={search_term_string}\"},\"query-input\":{\"@type\":\"PropertyValueSpecification\",\"valueRequired\":true,\"valueName\":\"search_term_string\"}}],\"inLanguage\":\"ca\"}]}<\/script>\n<!-- \/ Yoast SEO plugin. -->","yoast_head_json":{"title":"armarios decoraci\u00f3n medida tarragona - Mobles Gallent | mobiliario de cocina | mobiliario de ba\u00f1o | mobiliario de sal\u00f3n | armarios | Reformas y dise\u00f1os de interiores en Tarragona","robots":{"index":"index","follow":"follow","max-snippet":"max-snippet:-1","max-image-preview":"max-image-preview:large","max-video-preview":"max-video-preview:-1"},"canonical":"https:\/\/www.moblesgallent.com\/wp-content\/uploads\/2021\/04\/armarios-a-medida.jpg","og_locale":"ca_ES","og_type":"article","og_title":"armarios decoraci\u00f3n medida tarragona - Mobles Gallent | mobiliario de cocina | mobiliario de ba\u00f1o | mobiliario de sal\u00f3n | armarios | Reformas y dise\u00f1os de interiores en Tarragona","og_url":"https:\/\/www.moblesgallent.com\/wp-content\/uploads\/2021\/04\/armarios-a-medida.jpg","og_site_name":"Mobles Gallent | mobiliario de cocina | mobiliario de ba\u00f1o | mobiliario de sal\u00f3n | armarios | Reformas y dise\u00f1os de interiores en Tarragona","article_modified_time":"2022-09-27T15:00:28+00:00","og_image":[{"width":1920,"height":1481,"url":"https:\/\/www.moblesgallent.com\/wp-content\/uploads\/2021\/04\/armarios-a-medida.jpg","type":"image\/jpeg"}],"twitter_card":"summary_large_image","schema":{"@context":"https:\/\/schema.org","@graph":[{"@type":"WebPage","@id":"https:\/\/www.moblesgallent.com\/wp-content\/uploads\/2021\/04\/armarios-a-medida.jpg","url":"https:\/\/www.moblesgallent.com\/wp-content\/uploads\/2021\/04\/armarios-a-medida.jpg","name":"armarios decoraci\u00f3n medida tarragona - Mobles Gallent | mobiliario de cocina | mobiliario de ba\u00f1o | mobiliario de sal\u00f3n | armarios | Reformas y dise\u00f1os de interiores en Tarragona","isPartOf":{"@id":"https:\/\/www.moblesgallent.com\/#website"},"datePublished":"2021-04-19T10:35:03+00:00","dateModified":"2022-09-27T15:00:28+00:00","breadcrumb":{"@id":"https:\/\/www.moblesgallent.com\/wp-content\/uploads\/2021\/04\/armarios-a-medida.jpg#breadcrumb"},"inLanguage":"ca","potentialAction":[{"@type":"ReadAction","target":["https:\/\/www.moblesgallent.com\/wp-content\/uploads\/2021\/04\/armarios-a-medida.jpg"]}]},{"@type":"BreadcrumbList","@id":"https:\/\/www.moblesgallent.com\/wp-content\/uploads\/2021\/04\/armarios-a-medida.jpg#breadcrumb","itemListElement":[{"@type":"ListItem","position":1,"name":"Portada","item":"https:\/\/www.moblesgallent.com\/"},{"@type":"ListItem","position":2,"name":"Armarios y muebles a medida en Tarragona","item":"https:\/\/www.moblesgallent.com\/armarios-y-muebles-a-medida-en-tarragona\/"},{"@type":"ListItem","position":3,"name":"armarios decoraci\u00f3n medida tarragona"}]},{"@type":"WebSite","@id":"https:\/\/www.moblesgallent.com\/#website","url":"https:\/\/www.moblesgallent.com\/","name":"Mobles Gallent | mobiliario de cocina | mobiliario de ba\u00f1o | mobiliario de sal\u00f3n | armarios | Reformas y dise\u00f1os de interiores en Tarragona","description":"Otro sitio realizado con Soft Optimiza Digital Media Empresas","potentialAction":[{"@type":"SearchAction","target":{"@type":"EntryPoint","urlTemplate":"https:\/\/www.moblesgallent.com\/?s={search_term_string}"},"query-input":{"@type":"PropertyValueSpecification","valueRequired":true,"valueName":"search_term_string"}}],"inLanguage":"ca"}]}},"smush":{"stats":{"percent":0.9011899423486187,"bytes":7275,"size_before":807266,"size_after":799991,"time":1.8600000000000003,"api_version":"1.0","lossy":false,"keep_exif":0},"sizes":{"medium":{"percent":7.16,"bytes":809,"size_before":11295,"size_after":10486,"time":0.05},"large":{"percent":0.39,"bytes":329,"size_before":84203,"size_after":83874,"time":0.07},"thumbnail":{"percent":15.83,"bytes":803,"size_before":5073,"size_after":4270,"time":0.01},"medium_large":{"percent":0.58,"bytes":289,"size_before":50184,"size_after":49895,"time":0.06},"1536x1536":{"percent":0.21,"bytes":358,"size_before":174455,"size_after":174097,"time":0.21},"trp-custom-language-flag":{"percent":57.2,"bytes":818,"size_before":1430,"size_after":612,"time":0.02},"et-pb-post-main-image":{"percent":4.75,"bytes":726,"size_before":15292,"size_after":14566,"time":0.02},"et-pb-post-main-image-fullwidth":{"percent":0.02,"bytes":17,"size_before":77793,"size_after":77776,"time":0.38},"et-pb-portfolio-image":{"percent":4.26,"bytes":707,"size_before":16598,"size_after":15891,"time":0.05},"et-pb-portfolio-module-image":{"percent":2.31,"bytes":575,"size_before":24935,"size_after":24360,"time":0.07},"et-pb-portfolio-image-single":{"percent":0.11,"bytes":105,"size_before":93095,"size_after":92990,"time":0.29},"et-pb-gallery-module-image-portrait":{"percent":2.24,"bytes":563,"size_before":25097,"size_after":24534,"time":0.07},"et-pb-image--responsive--desktop":{"percent":0.26,"bytes":332,"size_before":125899,"size_after":125567,"time":0.47},"et-pb-image--responsive--tablet":{"percent":0.26,"bytes":201,"size_before":78384,"size_after":78183,"time":0.07},"et-pb-image--responsive--phone":{"percent":2.73,"bytes":643,"size_before":23533,"size_after":22890,"time":0.02}}},"description":{"rendered":"<p class=\"attachment\"><a href='https:\/\/www.moblesgallent.com\/wp-content\/uploads\/2021\/04\/armarios-a-medida.jpg'><img decoding=\"async\" width=\"300\" height=\"231\" data-src=\"https:\/\/www.moblesgallent.com\/wp-content\/uploads\/2021\/04\/armarios-a-medida-300x231.jpg\" class=\"attachment-medium size-medium lazyload\" alt=\"armarios decoraci\u00f3n medida tarragona\" src=\"data:image\/svg+xml;base64,PHN2ZyB3aWR0aD0iMSIgaGVpZ2h0PSIxIiB4bWxucz0iaHR0cDovL3d3dy53My5vcmcvMjAwMC9zdmciPjwvc3ZnPg==\" style=\"--smush-placeholder-width: 300px; --smush-placeholder-aspect-ratio: 300\/231;\" \/><\/a><\/p>"},"caption":{"rendered":""},"alt_text":"armarios decoraci\u00f3n medida tarragona","media_type":"image","mime_type":"image\/jpeg","media_details":{"width":1920,"height":1481,"file":"2021\/04\/armarios-a-medida.jpg","sizes":{"medium":{"file":"armarios-a-medida-300x231.jpg","width":300,"height":231,"mime_type":"image\/jpeg","source_url":"https:\/\/www.moblesgallent.com\/wp-content\/uploads\/2021\/04\/armarios-a-medida-300x231.jpg"},"large":{"file":"armarios-a-medida-1024x790.jpg","width":1024,"height":790,"mime_type":"image\/jpeg","source_url":"https:\/\/www.moblesgallent.com\/wp-content\/uploads\/2021\/04\/armarios-a-medida-1024x790.jpg"},"thumbnail":{"file":"armarios-a-medida-150x150.jpg","width":150,"height":150,"mime_type":"image\/jpeg","source_url":"https:\/\/www.moblesgallent.com\/wp-content\/uploads\/2021\/04\/armarios-a-medida-150x150.jpg"},"medium_large":{"file":"armarios-a-medida-768x592.jpg","width":768,"height":592,"mime_type":"image\/jpeg","source_url":"https:\/\/www.moblesgallent.com\/wp-content\/uploads\/2021\/04\/armarios-a-medida-768x592.jpg"},"1536x1536":{"file":"armarios-a-medida-1536x1185.jpg","width":1536,"height":1185,"mime_type":"image\/jpeg","source_url":"https:\/\/www.moblesgallent.com\/wp-content\/uploads\/2021\/04\/armarios-a-medida-1536x1185.jpg"},"trp-custom-language-flag":{"file":"armarios-a-medida-16x12.jpg","width":16,"height":12,"mime_type":"image\/jpeg","source_url":"https:\/\/www.moblesgallent.com\/wp-content\/uploads\/2021\/04\/armarios-a-medida-16x12.jpg"},"et-pb-post-main-image":{"file":"armarios-a-medida-400x250.jpg","width":400,"height":250,"mime_type":"image\/jpeg","source_url":"https:\/\/www.moblesgallent.com\/wp-content\/uploads\/2021\/04\/armarios-a-medida-400x250.jpg"},"et-pb-post-main-image-fullwidth":{"file":"armarios-a-medida-1080x675.jpg","width":1080,"height":675,"mime_type":"image\/jpeg","source_url":"https:\/\/www.moblesgallent.com\/wp-content\/uploads\/2021\/04\/armarios-a-medida-1080x675.jpg"},"et-pb-portfolio-image":{"file":"armarios-a-medida-400x284.jpg","width":400,"height":284,"mime_type":"image\/jpeg","source_url":"https:\/\/www.moblesgallent.com\/wp-content\/uploads\/2021\/04\/armarios-a-medida-400x284.jpg"},"et-pb-portfolio-module-image":{"file":"armarios-a-medida-510x382.jpg","width":510,"height":382,"mime_type":"image\/jpeg","source_url":"https:\/\/www.moblesgallent.com\/wp-content\/uploads\/2021\/04\/armarios-a-medida-510x382.jpg"},"et-pb-portfolio-image-single":{"file":"armarios-a-medida-1080x833.jpg","width":1080,"height":833,"mime_type":"image\/jpeg","source_url":"https:\/\/www.moblesgallent.com\/wp-content\/uploads\/2021\/04\/armarios-a-medida-1080x833.jpg"},"et-pb-gallery-module-image-portrait":{"file":"armarios-a-medida-400x516.jpg","width":400,"height":516,"mime_type":"image\/jpeg","source_url":"https:\/\/www.moblesgallent.com\/wp-content\/uploads\/2021\/04\/armarios-a-medida-400x516.jpg"},"et-pb-image--responsive--desktop":{"file":"armarios-a-medida-1280x987.jpg","width":1280,"height":987,"mime_type":"image\/jpeg","source_url":"https:\/\/www.moblesgallent.com\/wp-content\/uploads\/2021\/04\/armarios-a-medida-1280x987.jpg"},"et-pb-image--responsive--tablet":{"file":"armarios-a-medida-980x756.jpg","width":980,"height":756,"mime_type":"image\/jpeg","source_url":"https:\/\/www.moblesgallent.com\/wp-content\/uploads\/2021\/04\/armarios-a-medida-980x756.jpg"},"et-pb-image--responsive--phone":{"file":"armarios-a-medida-480x370.jpg","width":480,"height":370,"mime_type":"image\/jpeg","source_url":"https:\/\/www.moblesgallent.com\/wp-content\/uploads\/2021\/04\/armarios-a-medida-480x370.jpg"},"full":{"file":"armarios-a-medida.jpg","width":1920,"height":1481,"mime_type":"image\/jpeg","source_url":"https:\/\/www.moblesgallent.com\/wp-content\/uploads\/2021\/04\/armarios-a-medida.jpg"}},"image_meta":{"aperture":"0","credit":"","camera":"","caption":"","created_timestamp":"0","copyright":"","focal_length":"0","iso":"0","shutter_speed":"0","title":"","orientation":"0","keywords":[]}},"post":681,"source_url":"https:\/\/www.moblesgallent.com\/wp-content\/uploads\/2021\/04\/armarios-a-medida.jpg","_links":{"self":[{"href":"https:\/\/www.moblesgallent.com\/ca\/wp-json\/wp\/v2\/media\/888","targetHints":{"allow":["GET"]}}],"collection":[{"href":"https:\/\/www.moblesgallent.com\/ca\/wp-json\/wp\/v2\/media"}],"about":[{"href":"https:\/\/www.moblesgallent.com\/ca\/wp-json\/wp\/v2\/types\/attachment"}],"author":[{"embeddable":true,"href":"https:\/\/www.moblesgallent.com\/ca\/wp-json\/wp\/v2\/users\/1"}],"replies":[{"embeddable":true,"href":"https:\/\/www.moblesgallent.com\/ca\/wp-json\/wp\/v2\/comments?post=888"}],"wp:attached-to":[{"embeddable":true,"post_type":"page","id":681,"href":"https:\/\/www.moblesgallent.com\/ca\/wp-json\/wp\/v2\/pages\/681"}],"curies":[{"name":"wp","href":"https:\/\/api.w.org\/{rel}","templated":true}]}}